{"id":11213,"date":"2018-11-28T08:40:03","date_gmt":"2018-11-28T07:40:03","guid":{"rendered":"http:\/\/www.komedija.hr\/www\/?page_id=11213"},"modified":"2025-01-21T12:41:48","modified_gmt":"2025-01-21T11:41:48","slug":"fabijan-pavao-medvesek","status":"publish","type":"page","link":"https:\/\/www.komedija.hr\/www\/ansambl-2\/glumci\/fabijan-pavao-medvesek\/","title":{"rendered":"Fabijan Pavao Medve\u0161ek"},"content":{"rendered":"<p>&nbsp;<\/p>\n<table border=\"0\" width=\"100%\">\n<tbody>\n<tr>\n<td><a href=\"http:\/\/www.komedija.hr\/www\/wp-content\/uploads\/2018\/11\/Fabijan-Pavao-Medvesek1.jpg\"><img decoding=\"async\" class=\"alignnone size-medium wp-image-11227\" src=\"http:\/\/www.komedija.hr\/www\/wp-content\/uploads\/2018\/11\/Fabijan-Pavao-Medvesek1-200x300.jpg\" alt=\"\" width=\"200\" height=\"300\" srcset=\"https:\/\/www.komedija.hr\/www\/wp-content\/uploads\/2018\/11\/Fabijan-Pavao-Medvesek1-200x300.jpg 200w, https:\/\/www.komedija.hr\/www\/wp-content\/uploads\/2018\/11\/Fabijan-Pavao-Medvesek1.jpg 533w\" sizes=\"(max-width: 200px) 100vw, 200px\" \/><\/a><\/td>\n<td>\n<p lang=\"hr-HR\">glumac\/pjeva\u010d<\/p>\n<\/td>\n<\/tr>\n<tr>\n<td valign=\"top\" width=\"18%\" height=\"25\"><strong>DATUM I MJESTO RO\u0110ENJA <\/strong><\/td>\n<td valign=\"top\" width=\"82%\" height=\"25\">\n<div align=\"left\">\n<p lang=\"hr-HR\">30.12.1992. Zagreb<\/p>\n<\/div>\n<\/td>\n<\/tr>\n<tr>\n<td valign=\"top\" width=\"18%\" height=\"55\"><strong>ANSAMBL<\/strong><\/td>\n<td valign=\"top\" width=\"82%\" height=\"55\">Kazali\u0161te &#8220;Komedija&#8221;, p.p. 428, Zagreb<br \/>\ntel.: +385 (0)1 48 13 200; fax: +385 (0)1 48 12 179<br \/>\ne-mail: <a href=\"mailto:propaganda@komedija.hr\">propaganda@komedija.hr<\/a><br \/>\ne-mail: <a href=\"mailto:pavao.medvesek@gmail.com\">pavao.medvesek@gmail.com<\/a><\/td>\n<\/tr>\n<tr>\n<td valign=\"top\" width=\"18%\" height=\"25\"><strong>OBRAZOVANJE<\/strong><\/td>\n<td valign=\"top\" width=\"82%\" height=\"25\">Akademija dramske umjetnosti Sveu\u010dili\u0161ta u Zagrebu<\/td>\n<\/tr>\n<tr>\n<td valign=\"top\" width=\"18%\" height=\"25\">\n<p lang=\"hr-HR\"><strong>GLAS, KLASA<\/strong><\/p>\n<\/td>\n<td valign=\"top\" width=\"82%\" height=\"25\">Tenor<\/td>\n<\/tr>\n<tr>\n<td valign=\"top\" width=\"18%\" height=\"18\"><strong>KAZALI\u0160TE<\/strong><\/td>\n<td valign=\"top\" width=\"82%\" height=\"18\">Kazali\u0161te &#8220;Komedija&#8221;:<br \/>\n<strong style=\"font-family: inherit; font-size: inherit;\">Simon Zealotes<\/strong><span style=\"font-family: inherit; font-size: inherit;\">, &#8221;<\/span><a style=\"font-family: inherit; font-size: inherit;\" href=\"http:\/\/www.komedija.hr\/www\/repertoar\/jesus-christ-superstar\/\">Jesus Christ Superstar<\/a><span style=\"font-family: inherit; font-size: inherit;\">&#8221;, 2018., ZGK Komedija \/ Zagreba\u010dka filharmonija \/ KD Vatroslav Lisinski (dirigent: Dinko Appelt, redatelj: Damir Lon\u010dar)<br \/>\n<\/span><strong>Frank Sawatzki<\/strong>, , &#8221;<a href=\"http:\/\/www.komedija.hr\/www\/repertoar\/opet-on\/\">Opet on<\/a>&#8221; (redatelj: Marko Juraga)<br \/>\n<strong>Mereb<\/strong>,&nbsp; &#8221;<a href=\"http:\/\/www.komedija.hr\/www\/repertoar\/aida\/\">Aida<\/a>&#8221; (dirigent: Dinko Appelt, redateljica: Dora Ru\u017edjak Podolski)<br \/>\n<strong>Alfred Makajec<\/strong>, &#8221;<a href=\"http:\/\/www.komedija.hr\/www\/repertoar\/faraon-iz-ilice-je-mrtav\/\">Faraon iz Ilice je mrtav<\/a>&#8221; (redatelj: Kre\u0161imir Dolen\u010di\u0107, dirigent Kre\u0161imir Batini\u0107)<br \/>\n<strong>Judas<\/strong>, <strong>King Herod<\/strong> &#8221;<a href=\"http:\/\/www.komedija.hr\/www\/repertoar\/jesus-christ-superstar\/\">Jesus Christ Superstar<\/a>&#8221; (dirigent: Dinko Appelt, redatelj: Damir Lon\u010dar)<br \/>\n<strong>Robin<\/strong>,&nbsp; Zaljubljeni Shakespeare (redatelj: Stanislav Slovak)<br \/>\n<strong>Sky,<\/strong> Mamma Mia! (dirigent: Dinko Appelt, redatelj: Igor Barberi\u0107)<br \/>\n<strong>Callimaco<\/strong>, Mandragola (redatelj: Zoran Mu\u017ei\u0107)<br \/>\n<span lang=\"hr-HR\"><strong>Zdenko Jakovina<\/strong>, Cabaret <\/span>Zagrep\u010danke i stati\u010dar (autor i redatelj: Ivan Leo Lemo)<br \/>\n<strong>Gaston<\/strong>, Ljepotica i Zvijer (dirigenti: Kre\u0161imir Batini\u0107 \/ Davor Keli\u0107, redatelj: Leo Muji\u0107)<br \/>\n<strong>Benedetto<\/strong>, Mnogo vike niza\u0161to (redatelj: Kre\u0161imir Dolen\u010di\u0107)<br \/>\n<strong>Gri\u0161a<\/strong>, Jalta, Jalta (2024.) (redatelj: Vlado \u0160tefan\u010di\u0107, dirigent: Davor Keli\u0107)<br \/>\n<strong>Kapetan<\/strong>, Zapetljani interesi (redatelj: Aleksandar \u0160vabi\u0107)<br \/>\n<strong>Enjolras<\/strong>, Jadnici (redatelj Stanislav Mo\u0161a, dirigent: Dinko Appelt)&nbsp;<\/p>\n<p>Izvan Komedije:<br \/>\n<strong>Magarac<\/strong>, Damir Ma\u0111ari\u0107, &#8221;Vol i magarac&#8221;, Kazali\u0161te Oberon, Adam Scena<br \/>\n<strong>Igor,<\/strong> Igor Barberi\u0107, mjuzikl &#8221;Pacijenti&#8221;, Koncertna dvorana Vatroslava Lisinskog<br \/>\n<strong>Dubrov\u010dan<\/strong>; C. Goldoni &#8221;Kafetarija&#8221;, redatelj Vinko Bre\u0161an, Dubrova\u010dke ljetne igre<br \/>\n<strong>Feste<\/strong>; William Shakespeare &#8221;Na tri kralja&#8221;, redateljica Sanja Hrnjak, GK Zorin Dom<br \/>\n<strong>Glazbenik<\/strong>; David Mamet &#8221;Kreket\u201d, redatelj Rene Medve\u0161ek, Teatar Exit<br \/>\n<strong>Dominik<\/strong>; Kristina Gavran &#8221;Dje\u010dak koji je tra\u017eio zmaja&#8221;, redatelj Damir Ma\u0111ari\u0107, Scena Gorica<br \/>\n<strong>Benedikt<\/strong>; William Shakespeare &#8221;Puno larme a za ni\u0161&#8221;, redateljica Franka Perkovic, Me\u0111unarodni festival akademija dramske umjetnosti, Scena AMADEO<br \/>\n<strong>Podravec<\/strong>; Miroslav Krle\u017ea &#8221;U logoru&#8221;, redatelj Georgij Paro, Festival Miroslava Krle\u017ee na Gvozdu<\/td>\n<\/tr>\n<tr>\n<td valign=\"top\" width=\"18%\" height=\"14\"><strong>FILM<\/strong><\/td>\n<td valign=\"top\" width=\"82%\" height=\"14\"><strong>Policajac<\/strong>; Eduard Gali\u0107, igrani film &#8221;Za ona dobra stara vremena&#8221;, Missart produkcija<br \/>\n<strong>Mario<\/strong>, kratki film &#8221;Kroz Prozor&#8221;, redatelj Goran Ribari\u0107, Zagreb Film Festival<\/td>\n<\/tr>\n<tr>\n<td valign=\"top\" width=\"18%\" height=\"14\"><strong>TELEVIZIJA<\/strong><\/td>\n<td valign=\"top\" width=\"82%\" height=\"14\"><strong>Don Bo\u017eo Dobroslavi\u0107<\/strong>; Daniel Ku\u0161an, Ivan Miladinov, Stanislav Tomi\u0107, Josip \u017duvan, tv serija &#8221;Na granici&#8221;, Nova TV<br \/>\n<strong>Narednik<\/strong>; Lukas Nola, tv serija &#8221;\u010cuvar dvorca&#8221;, Hrvatska Radio Televizija<br \/>\n<strong>De\u017eurni<\/strong>; Goran Kulenovi\u0107, tv serija \u201dCrno Bijeli Svijet\u201d, Hrvatska Radio Televizija<br \/>\n<strong>Petar<\/strong>; tv serija &#8221;Nemoj nikome re\u0107i&#8221;, redatelj Ivan Livakovi\u0107, Hrvatska Radio Televizija<strong><br \/>\n<\/strong><\/td>\n<\/tr>\n<tr>\n<td valign=\"top\" width=\"18%\" height=\"14\"><strong>NAGRADE<\/strong><\/td>\n<td valign=\"top\" width=\"82%\" height=\"14\">Nagrada hrvatskoga glumi\u0161ta 2020. za izuzetno ostvarenje mladih umjetnika do 30 godina u kategoriji Opereta \/ Mjuzikl za ulogu&nbsp;Chea&nbsp;u mjuziklu &#8220;Evita&#8221; Andrewa Lloyda Webbera i Tima Ricea u re\u017eiji Renate Carole Gatice i produkciji Hrvatskog narodnog kazali\u0161ta Ivana pl. Zajca Rijeka.<strong><br \/>\n<\/strong><\/td>\n<\/tr>\n<\/tbody>\n<\/table>\n","protected":false},"excerpt":{"rendered":"<p>&nbsp; glumac\/pjeva\u010d DATUM I MJESTO RO\u0110ENJA 30.12.1992. Zagreb ANSAMBL Kazali\u0161te &#8220;Komedija&#8221;, p.p. 428, Zagreb tel.: +385 (0)1 48 13 200; fax: +385 (0)1 48 12 179 e-mail: propaganda@komedija.hr e-mail: pavao.medvesek@gmail.com OBRAZOVANJE Akademija dramske umjetnosti Sveu\u010dili\u0161ta u Zagrebu GLAS, KLASA Tenor KAZALI\u0160TE Kazali\u0161te &#8220;Komedija&#8221;: Simon Zealotes, &#8221;Jesus Christ Superstar&#8221;, 2018., ZGK Komedija \/ Zagreba\u010dka filharmonija \/ [&hellip;]<\/p>\n","protected":false},"author":4,"featured_media":0,"parent":6992,"menu_order":0,"comment_status":"closed","ping_status":"closed","template":"","meta":{"ngg_post_thumbnail":0,"footnotes":""},"class_list":["post-11213","page","type-page","status-publish","hentry"],"yoast_head":"<!-- This site is optimized with the Yoast SEO plugin v27.5 - https:\/\/yoast.com\/product\/yoast-seo-wordpress\/ -->\n<title>Fabijan Pavao Medve\u0161ek - Kazali\u0161te Komedija<\/title>\n<meta name=\"robots\" content=\"index, follow, max-snippet:-1, max-image-preview:large, max-video-preview:-1\" \/>\n<link rel=\"canonical\" href=\"https:\/\/www.komedija.hr\/www\/ansambl-2\/glumci\/fabijan-pavao-medvesek\/\" \/>\n<meta property=\"og:locale\" content=\"hr_HR\" \/>\n<meta property=\"og:type\" content=\"article\" \/>\n<meta property=\"og:title\" content=\"Fabijan Pavao Medve\u0161ek - Kazali\u0161te Komedija\" \/>\n<meta property=\"og:description\" content=\"&nbsp; glumac\/pjeva\u010d DATUM I MJESTO RO\u0110ENJA 30.12.1992. Zagreb ANSAMBL Kazali\u0161te &#8220;Komedija&#8221;, p.p. 428, Zagreb tel.: +385 (0)1 48 13 200; fax: +385 (0)1 48 12 179 e-mail: propaganda@komedija.hr e-mail: pavao.medvesek@gmail.com OBRAZOVANJE Akademija dramske umjetnosti Sveu\u010dili\u0161ta u Zagrebu GLAS, KLASA Tenor KAZALI\u0160TE Kazali\u0161te &#8220;Komedija&#8221;: Simon Zealotes, &#8221;Jesus Christ Superstar&#8221;, 2018., ZGK Komedija \/ Zagreba\u010dka filharmonija \/ [&hellip;]\" \/>\n<meta property=\"og:url\" content=\"https:\/\/www.komedija.hr\/www\/ansambl-2\/glumci\/fabijan-pavao-medvesek\/\" \/>\n<meta property=\"og:site_name\" content=\"Kazali\u0161te Komedija\" \/>\n<meta property=\"article:publisher\" content=\"https:\/\/www.facebook.com\/kazaliste.komedija\/\" \/>\n<meta property=\"article:modified_time\" content=\"2025-01-21T11:41:48+00:00\" \/>\n<meta property=\"og:image\" content=\"https:\/\/www.komedija.hr\/www\/wp-content\/uploads\/2018\/11\/Fabijan-Pavao-Medvesek1.jpg\" \/>\n\t<meta property=\"og:image:width\" content=\"533\" \/>\n\t<meta property=\"og:image:height\" content=\"800\" \/>\n\t<meta property=\"og:image:type\" content=\"image\/jpeg\" \/>\n<meta name=\"twitter:card\" content=\"summary_large_image\" \/>\n<meta name=\"twitter:site\" content=\"@KKomedija\" \/>\n<meta name=\"twitter:label1\" content=\"Procijenjeno vrijeme \u010ditanja\" \/>\n\t<meta name=\"twitter:data1\" content=\"3 minute\" \/>\n<script type=\"application\/ld+json\" class=\"yoast-schema-graph\">{\"@context\":\"https:\\\/\\\/schema.org\",\"@graph\":[{\"@type\":\"WebPage\",\"@id\":\"https:\\\/\\\/www.komedija.hr\\\/www\\\/ansambl-2\\\/glumci\\\/fabijan-pavao-medvesek\\\/\",\"url\":\"https:\\\/\\\/www.komedija.hr\\\/www\\\/ansambl-2\\\/glumci\\\/fabijan-pavao-medvesek\\\/\",\"name\":\"Fabijan Pavao Medve\u0161ek - Kazali\u0161te Komedija\",\"isPartOf\":{\"@id\":\"http:\\\/\\\/www.komedija.hr\\\/www\\\/#website\"},\"primaryImageOfPage\":{\"@id\":\"https:\\\/\\\/www.komedija.hr\\\/www\\\/ansambl-2\\\/glumci\\\/fabijan-pavao-medvesek\\\/#primaryimage\"},\"image\":{\"@id\":\"https:\\\/\\\/www.komedija.hr\\\/www\\\/ansambl-2\\\/glumci\\\/fabijan-pavao-medvesek\\\/#primaryimage\"},\"thumbnailUrl\":\"http:\\\/\\\/www.komedija.hr\\\/www\\\/wp-content\\\/uploads\\\/2018\\\/11\\\/Fabijan-Pavao-Medvesek1-200x300.jpg\",\"datePublished\":\"2018-11-28T07:40:03+00:00\",\"dateModified\":\"2025-01-21T11:41:48+00:00\",\"breadcrumb\":{\"@id\":\"https:\\\/\\\/www.komedija.hr\\\/www\\\/ansambl-2\\\/glumci\\\/fabijan-pavao-medvesek\\\/#breadcrumb\"},\"inLanguage\":\"hr\",\"potentialAction\":[{\"@type\":\"ReadAction\",\"target\":[\"https:\\\/\\\/www.komedija.hr\\\/www\\\/ansambl-2\\\/glumci\\\/fabijan-pavao-medvesek\\\/\"]}]},{\"@type\":\"ImageObject\",\"inLanguage\":\"hr\",\"@id\":\"https:\\\/\\\/www.komedija.hr\\\/www\\\/ansambl-2\\\/glumci\\\/fabijan-pavao-medvesek\\\/#primaryimage\",\"url\":\"https:\\\/\\\/www.komedija.hr\\\/www\\\/wp-content\\\/uploads\\\/2018\\\/11\\\/Fabijan-Pavao-Medvesek1.jpg\",\"contentUrl\":\"https:\\\/\\\/www.komedija.hr\\\/www\\\/wp-content\\\/uploads\\\/2018\\\/11\\\/Fabijan-Pavao-Medvesek1.jpg\",\"width\":533,\"height\":800},{\"@type\":\"BreadcrumbList\",\"@id\":\"https:\\\/\\\/www.komedija.hr\\\/www\\\/ansambl-2\\\/glumci\\\/fabijan-pavao-medvesek\\\/#breadcrumb\",\"itemListElement\":[{\"@type\":\"ListItem\",\"position\":1,\"name\":\"Po\u010detna stranica\",\"item\":\"http:\\\/\\\/www.komedija.hr\\\/www\\\/\"},{\"@type\":\"ListItem\",\"position\":2,\"name\":\"Ansambl\",\"item\":\"https:\\\/\\\/www.komedija.hr\\\/www\\\/ansambl-2\\\/\"},{\"@type\":\"ListItem\",\"position\":3,\"name\":\"Glumci\",\"item\":\"https:\\\/\\\/www.komedija.hr\\\/www\\\/ansambl-2\\\/glumci\\\/\"},{\"@type\":\"ListItem\",\"position\":4,\"name\":\"Fabijan Pavao Medve\u0161ek\"}]},{\"@type\":\"WebSite\",\"@id\":\"http:\\\/\\\/www.komedija.hr\\\/www\\\/#website\",\"url\":\"http:\\\/\\\/www.komedija.hr\\\/www\\\/\",\"name\":\"Kazali\u0161te Komedija\",\"description\":\"\",\"publisher\":{\"@id\":\"http:\\\/\\\/www.komedija.hr\\\/www\\\/#organization\"},\"potentialAction\":[{\"@type\":\"SearchAction\",\"target\":{\"@type\":\"EntryPoint\",\"urlTemplate\":\"http:\\\/\\\/www.komedija.hr\\\/www\\\/?s={search_term_string}\"},\"query-input\":{\"@type\":\"PropertyValueSpecification\",\"valueRequired\":true,\"valueName\":\"search_term_string\"}}],\"inLanguage\":\"hr\"},{\"@type\":\"Organization\",\"@id\":\"http:\\\/\\\/www.komedija.hr\\\/www\\\/#organization\",\"name\":\"Zagreba\u010dko gradsko Kazali\u0161ta Komedija\",\"url\":\"http:\\\/\\\/www.komedija.hr\\\/www\\\/\",\"logo\":{\"@type\":\"ImageObject\",\"inLanguage\":\"hr\",\"@id\":\"http:\\\/\\\/www.komedija.hr\\\/www\\\/#\\\/schema\\\/logo\\\/image\\\/\",\"url\":\"https:\\\/\\\/www.komedija.hr\\\/www\\\/wp-content\\\/uploads\\\/2020\\\/02\\\/cropped-Kazaliste_Komedija_logo_2.png\",\"contentUrl\":\"https:\\\/\\\/www.komedija.hr\\\/www\\\/wp-content\\\/uploads\\\/2020\\\/02\\\/cropped-Kazaliste_Komedija_logo_2.png\",\"width\":512,\"height\":512,\"caption\":\"Zagreba\u010dko gradsko Kazali\u0161ta Komedija\"},\"image\":{\"@id\":\"http:\\\/\\\/www.komedija.hr\\\/www\\\/#\\\/schema\\\/logo\\\/image\\\/\"},\"sameAs\":[\"https:\\\/\\\/www.facebook.com\\\/kazaliste.komedija\\\/\",\"https:\\\/\\\/x.com\\\/KKomedija\",\"https:\\\/\\\/www.instagram.com\\\/kazaliste_komedija\\\/\",\"https:\\\/\\\/www.youtube.com\\\/channel\\\/UC1NcapMYUXJW3miW_oPxT5w\\\/videos\"]}]}<\/script>\n<!-- \/ Yoast SEO plugin. -->","yoast_head_json":{"title":"Fabijan Pavao Medve\u0161ek - Kazali\u0161te Komedija","robots":{"index":"index","follow":"follow","max-snippet":"max-snippet:-1","max-image-preview":"max-image-preview:large","max-video-preview":"max-video-preview:-1"},"canonical":"https:\/\/www.komedija.hr\/www\/ansambl-2\/glumci\/fabijan-pavao-medvesek\/","og_locale":"hr_HR","og_type":"article","og_title":"Fabijan Pavao Medve\u0161ek - Kazali\u0161te Komedija","og_description":"&nbsp; glumac\/pjeva\u010d DATUM I MJESTO RO\u0110ENJA 30.12.1992. Zagreb ANSAMBL Kazali\u0161te &#8220;Komedija&#8221;, p.p. 428, Zagreb tel.: +385 (0)1 48 13 200; fax: +385 (0)1 48 12 179 e-mail: propaganda@komedija.hr e-mail: pavao.medvesek@gmail.com OBRAZOVANJE Akademija dramske umjetnosti Sveu\u010dili\u0161ta u Zagrebu GLAS, KLASA Tenor KAZALI\u0160TE Kazali\u0161te &#8220;Komedija&#8221;: Simon Zealotes, &#8221;Jesus Christ Superstar&#8221;, 2018., ZGK Komedija \/ Zagreba\u010dka filharmonija \/ [&hellip;]","og_url":"https:\/\/www.komedija.hr\/www\/ansambl-2\/glumci\/fabijan-pavao-medvesek\/","og_site_name":"Kazali\u0161te Komedija","article_publisher":"https:\/\/www.facebook.com\/kazaliste.komedija\/","article_modified_time":"2025-01-21T11:41:48+00:00","og_image":[{"width":533,"height":800,"url":"https:\/\/www.komedija.hr\/www\/wp-content\/uploads\/2018\/11\/Fabijan-Pavao-Medvesek1.jpg","type":"image\/jpeg"}],"twitter_card":"summary_large_image","twitter_site":"@KKomedija","twitter_misc":{"Procijenjeno vrijeme \u010ditanja":"3 minute"},"schema":{"@context":"https:\/\/schema.org","@graph":[{"@type":"WebPage","@id":"https:\/\/www.komedija.hr\/www\/ansambl-2\/glumci\/fabijan-pavao-medvesek\/","url":"https:\/\/www.komedija.hr\/www\/ansambl-2\/glumci\/fabijan-pavao-medvesek\/","name":"Fabijan Pavao Medve\u0161ek - Kazali\u0161te Komedija","isPartOf":{"@id":"http:\/\/www.komedija.hr\/www\/#website"},"primaryImageOfPage":{"@id":"https:\/\/www.komedija.hr\/www\/ansambl-2\/glumci\/fabijan-pavao-medvesek\/#primaryimage"},"image":{"@id":"https:\/\/www.komedija.hr\/www\/ansambl-2\/glumci\/fabijan-pavao-medvesek\/#primaryimage"},"thumbnailUrl":"http:\/\/www.komedija.hr\/www\/wp-content\/uploads\/2018\/11\/Fabijan-Pavao-Medvesek1-200x300.jpg","datePublished":"2018-11-28T07:40:03+00:00","dateModified":"2025-01-21T11:41:48+00:00","breadcrumb":{"@id":"https:\/\/www.komedija.hr\/www\/ansambl-2\/glumci\/fabijan-pavao-medvesek\/#breadcrumb"},"inLanguage":"hr","potentialAction":[{"@type":"ReadAction","target":["https:\/\/www.komedija.hr\/www\/ansambl-2\/glumci\/fabijan-pavao-medvesek\/"]}]},{"@type":"ImageObject","inLanguage":"hr","@id":"https:\/\/www.komedija.hr\/www\/ansambl-2\/glumci\/fabijan-pavao-medvesek\/#primaryimage","url":"https:\/\/www.komedija.hr\/www\/wp-content\/uploads\/2018\/11\/Fabijan-Pavao-Medvesek1.jpg","contentUrl":"https:\/\/www.komedija.hr\/www\/wp-content\/uploads\/2018\/11\/Fabijan-Pavao-Medvesek1.jpg","width":533,"height":800},{"@type":"BreadcrumbList","@id":"https:\/\/www.komedija.hr\/www\/ansambl-2\/glumci\/fabijan-pavao-medvesek\/#breadcrumb","itemListElement":[{"@type":"ListItem","position":1,"name":"Po\u010detna stranica","item":"http:\/\/www.komedija.hr\/www\/"},{"@type":"ListItem","position":2,"name":"Ansambl","item":"https:\/\/www.komedija.hr\/www\/ansambl-2\/"},{"@type":"ListItem","position":3,"name":"Glumci","item":"https:\/\/www.komedija.hr\/www\/ansambl-2\/glumci\/"},{"@type":"ListItem","position":4,"name":"Fabijan Pavao Medve\u0161ek"}]},{"@type":"WebSite","@id":"http:\/\/www.komedija.hr\/www\/#website","url":"http:\/\/www.komedija.hr\/www\/","name":"Kazali\u0161te Komedija","description":"","publisher":{"@id":"http:\/\/www.komedija.hr\/www\/#organization"},"potentialAction":[{"@type":"SearchAction","target":{"@type":"EntryPoint","urlTemplate":"http:\/\/www.komedija.hr\/www\/?s={search_term_string}"},"query-input":{"@type":"PropertyValueSpecification","valueRequired":true,"valueName":"search_term_string"}}],"inLanguage":"hr"},{"@type":"Organization","@id":"http:\/\/www.komedija.hr\/www\/#organization","name":"Zagreba\u010dko gradsko Kazali\u0161ta Komedija","url":"http:\/\/www.komedija.hr\/www\/","logo":{"@type":"ImageObject","inLanguage":"hr","@id":"http:\/\/www.komedija.hr\/www\/#\/schema\/logo\/image\/","url":"https:\/\/www.komedija.hr\/www\/wp-content\/uploads\/2020\/02\/cropped-Kazaliste_Komedija_logo_2.png","contentUrl":"https:\/\/www.komedija.hr\/www\/wp-content\/uploads\/2020\/02\/cropped-Kazaliste_Komedija_logo_2.png","width":512,"height":512,"caption":"Zagreba\u010dko gradsko Kazali\u0161ta Komedija"},"image":{"@id":"http:\/\/www.komedija.hr\/www\/#\/schema\/logo\/image\/"},"sameAs":["https:\/\/www.facebook.com\/kazaliste.komedija\/","https:\/\/x.com\/KKomedija","https:\/\/www.instagram.com\/kazaliste_komedija\/","https:\/\/www.youtube.com\/channel\/UC1NcapMYUXJW3miW_oPxT5w\/videos"]}]}},"_links":{"self":[{"href":"https:\/\/www.komedija.hr\/www\/wp-json\/wp\/v2\/pages\/11213","targetHints":{"allow":["GET"]}}],"collection":[{"href":"https:\/\/www.komedija.hr\/www\/wp-json\/wp\/v2\/pages"}],"about":[{"href":"https:\/\/www.komedija.hr\/www\/wp-json\/wp\/v2\/types\/page"}],"author":[{"embeddable":true,"href":"https:\/\/www.komedija.hr\/www\/wp-json\/wp\/v2\/users\/4"}],"replies":[{"embeddable":true,"href":"https:\/\/www.komedija.hr\/www\/wp-json\/wp\/v2\/comments?post=11213"}],"version-history":[{"count":2,"href":"https:\/\/www.komedija.hr\/www\/wp-json\/wp\/v2\/pages\/11213\/revisions"}],"predecessor-version":[{"id":20089,"href":"https:\/\/www.komedija.hr\/www\/wp-json\/wp\/v2\/pages\/11213\/revisions\/20089"}],"up":[{"embeddable":true,"href":"https:\/\/www.komedija.hr\/www\/wp-json\/wp\/v2\/pages\/6992"}],"wp:attachment":[{"href":"https:\/\/www.komedija.hr\/www\/wp-json\/wp\/v2\/media?parent=11213"}],"curies":[{"name":"wp","href":"https:\/\/api.w.org\/{rel}","templated":true}]}}