{"id":12035,"date":"2019-06-17T11:22:16","date_gmt":"2019-06-17T09:22:16","guid":{"rendered":"http:\/\/www.komedija.hr\/www\/?page_id=12035"},"modified":"2024-06-07T14:36:23","modified_gmt":"2024-06-07T12:36:23","slug":"grofica-marica-2","status":"publish","type":"page","link":"https:\/\/www.komedija.hr\/www\/arhiva-predstava\/grofica-marica-2\/","title":{"rendered":"GROFICA MARICA"},"content":{"rendered":"<h3>Emmerich K\u00e1lm\u00e1n: <strong>GROFICA MARICA<\/strong><\/h3>\n<p><em><strong>Opereta u tri \u010dina<br \/>\n<\/strong><\/em><\/p>\n<p><strong>Glazba: Emmerich K\u00e1lm\u00e1n<\/strong><br \/>\n<strong><br \/>\n<\/strong><strong>Libreto<\/strong>:&nbsp; Julius Brammer i Alfred Gr\u00fcnwald<br \/>\n<strong>Adaptacija libreta<\/strong>: Lada Ka\u0161telan<\/p>\n<p><strong>Dirigenti:<\/strong>&nbsp;<a href=\"http:\/\/www.komedija.hr\/www\/ansambl-2\/dirigenti\/kresimir-batinic\/\">Kre\u0161imir Batini\u0107<\/a>&nbsp;\/ <a href=\"#cmp-12404\">Davor Keli\u0107<\/a><br \/>\n<strong>Redatelj:<\/strong>&nbsp;Ozren Prohi\u0107<br \/>\n<strong>Dramaturginja: <\/strong>Lada Ka\u0161telan<br \/>\n<strong>Koreografkinja scenskog pokreta za zbor i soliste: <\/strong>Bla\u017eenka Kova\u010d Cari\u0107<br \/>\n<strong>Koreograf za balet:<\/strong>&nbsp;<a href=\"#cmp-8124\">Leo Muji\u0107<\/a><br \/>\n<strong>Kostimografkinja:<\/strong>&nbsp;<a href=\"#cmp-12410\">Mirjana Zagorec<\/a><br \/>\n<strong>Scenografkinja:<\/strong>&nbsp;Irena Kralji\u0107<br \/>\n<strong>Suradnik redatelja<\/strong>: Tomislav Pavkovi\u0107<br \/>\n<strong>Oblikovatelji svjetla<\/strong>: Ivan \u0160trok i Martin \u0160atovi\u0107<br \/>\n<strong>Zborovo\u0111a:<\/strong>&nbsp;Davor Keli\u0107<br \/>\n<strong>Koncert majstorica:<\/strong>&nbsp;Melita \u0160afran<br \/>\n<strong>Korepetitor:<\/strong> Tomislav Parma\u0107<br \/>\n<strong>Prijevod pjesama<\/strong>: Lada Ka\u0161telan \/ Tomislav Uhlik<\/p>\n<p><strong>ULOGE:<br \/>\nGROFICA MARICA:&nbsp;<a href=\"http:\/\/www.komedija.hr\/www\/ansambl-2\/pjevaci\/bagaric-sandra\/\">Sandra Bagari\u0107<\/a>&nbsp;\/&nbsp;<\/strong><strong><a href=\"#cmp-12401\">Darija Augu\u0161tan<\/a> \/ <a href=\"#cmp-16360\">Josipa Bili\u0107<\/a> (od 9.12.2022.)<br \/>\nKNEZ MORITZ DRAGOMIR POPULESCU:&nbsp; <a href=\"http:\/\/www.komedija.hr\/www\/ansambl-2\/pjevaci\/ervin-baucic\/\">Ervin Bau\u010di\u0107<\/a><br \/>\nBARUN KOLOMAN \u017dUPAN:&nbsp;<a href=\"http:\/\/www.komedija.hr\/www\/ansambl-2\/glumci\/drazen-bratulic\/\">Dra\u017een Bratuli\u0107<\/a> \/&nbsp;<a href=\"http:\/\/www.komedija.hr\/www\/ansambl-2\/glumci\/goran-malus\/\">Goran Malus<\/a><br \/>\nGROF TASSILO ENDR\u00d6DY-WITTENBURG : <a href=\"#cmp-11761\">Filip Hozjak<\/a> \/ <a href=\"#cmp-12441\">\u017diga Kasagi\u0107<\/a><br \/>\nLIZA, njegova sestra:&nbsp;<a href=\"http:\/\/www.komedija.hr\/www\/ansambl-2\/pjevaci\/pintaric-danijela\/\">Danijela Pintari\u0107<\/a>&nbsp;\/&nbsp;<a href=\"#cmp-12447\">Lucija Jelu\u0161i\u0107<\/a><br \/>\nKARL STEPHAN LIEBENBERG:&nbsp;<a href=\"http:\/\/www.komedija.hr\/www\/ansambl-2\/glumci\/ozbolt-zlatko\/\">Zlatko O\u017ebolt<\/a><br \/>\nKNEGINJA BO\u017dENA CUDDENSTEIN ZU CHLUMETZ:&nbsp;<a href=\"http:\/\/www.komedija.hr\/www\/ansambl-2\/glumci\/ostojic-dubravka\/\">Dubravka Ostoji\u0107<\/a><br \/>\nVELIKI KNEZ, u njezinoj pratnji:&nbsp;<a href=\"http:\/\/www.komedija.hr\/www\/ansambl-2\/glumci\/loncar-damir\/\">Damir Lon\u010dar<\/a> \/&nbsp;<a href=\"http:\/\/www.komedija.hr\/www\/ansambl-2\/glumci\/balog-vid\/\">Vid Balog<\/a><\/strong><br \/>\n<strong>MANJA: <a href=\"http:\/\/www.komedija.hr\/www\/ansambl-2\/pjevaci\/antonic-zorica\/\">Zorica Antoni\u0107<\/a>, <a href=\"#cmp-12453\">Kristina Habu\u0161<\/a><\/strong><br \/>\n<strong>\u010cEKO:&nbsp;<a href=\"http:\/\/www.komedija.hr\/www\/ansambl-2\/glumci\/duvnjak-zeljko\/\">\u017deljko Duvnjak<\/a><br \/>\nPI\u0160TA: Antun Sta\u0161i\u0107 \/ Leopold Sta\u0161i\u0107<\/strong><\/p>\n<p><strong>Orkestar, zbor i balet ZGK \u201eKomedija\u201c<\/strong><\/p>\n<p>Inspicijent:&nbsp;Zlatko Kelneri\u0107<br \/>\n\u0160apta\u010dica:&nbsp;Dorotea Krivec<\/p>\n<p><strong>Asistentica koreografa i balet majstor: Tina Vrtar Stipi\u0107<br \/>\nAsistentice kostimografkinje:<\/strong> Eva Karaka\u0161 i Maria Rebeka \u010cupi\u0107<br \/>\n<strong>Asistentica scenografkinje:<\/strong> Gordana Svilar<br \/>\n<strong>Izrada lustera<\/strong>: Zoran Brankovi\u0107<\/p>\n<p>ngg_shortcode_0_placeholder<strong>Sve\u010dana premijera:<\/strong> 23. studenoga 2019.<\/p>\n<p>Vi\u0161e od dvadeset godina nakon posljednje premijerne postave jedan od najomiljenijih operetnih naslova vra\u0107a se na Komedi<br \/>\njinu pozornicu, ovaj puta u re\u017eiji Ozrena Prohi\u0107a i adaptaciji Lade Ka\u0161telan te pod glazbenim ravnanjem maestra Kre\u0161imira Batini\u0107a i Davora Keli\u0107a. &nbsp;Sve\u010dana premijera zakazana je za subotu, 23. studenog 2019.<\/p>\n<p>Zaplet zapo\u010dinje kad se samostalna, bogata, podjednako lijepa i duhovita, grofica po\u017eeli rije\u0161iti udvara\u010da koji u poslijeratnoj krizi jure za njom zbog njezinog novca, i jednostavno izmisli nepostoje\u0107eg zaru\u010dnika zato da bi je pustili da na na miru u\u017eiva u \u017eivotu u o\u010dekivanju prave ljubavi. Stvari, me\u0111utim, ne idu uvijek kako se planira&#8230;<\/p>\n<p><em>Grofica<\/em> je prvi put na sceni na Kaptolu izvedena davne 1954., a ukupnim brojem izvedbi dijeli \u0161esto mjesto ljestvice najizvo\u0111enijih Komedijinih predstava (zajedno s jo\u0161 jednom antologijskom K\u00e1lm\u00e1novom operetom, <em>Kneginjom \u010darda\u0161a<\/em>) &#8211;&nbsp; gledalo ju je tada oko 150 tisu\u0107a gledatelja razli\u010ditih generacija. &nbsp;U iznimno zahtjevnoj naslovnoj ulozi izmjenjivale su se prvakinje doma\u0107eg glazbeno-scenskog teatra, od kojih su sve &nbsp;glasovitoj &nbsp;grofici dale autenti\u010dan pe\u010dat, ostaju\u0107i u trajnom sje\u0107anju zagreba\u010dke publike. U premijernoj postavi iz 1954., u re\u017eiji Borivoja \u0160embere, zaigrale su je proslavljene pjeva\u010dke dive Melita Kunc i Ru\u017ea Cvjeti\u010danin. &nbsp;Godine 1995. re\u017eije se prihva\u0107a Vlado \u0160tefan\u010di\u0107, a u naslovnoj je ulozi omiljena operetna primadona Nevenka Petkovi\u0107 Sobjeslavski, uz Ljiljanu \u010cokljat te budu\u0107u zvijezdu ku\u0107e na Kaptolu Sandru Bagari\u0107, &nbsp;koja je na daskama Komedije debitirala godinu ranije u Albinijevoj <em>Madame Troubadour <\/em>te tako aktualnom premijerom obilje\u017eava i 25 godina umjetni\u010dkog rada. Uz antologijske arije i strastvene protagonistice, u trajnom su sje\u0107anju zagreba\u010dkih <em>Grofica<\/em> i \u010duveni nastupi legendarnih \u010darda\u0161-kavalira \u0110anija \u0160egine, potom Miljenka \u0110urana, Vitomira Marofa te ostalih Komedijinih prvaka poput Vladimira Krstulovi\u0107a, Richarda Simonellija, Borisa Pavleni\u0107a&#8230;<\/p>\n<p><em>Grofica Marica<\/em>, nastala izme\u0111u dva rata (1924.), objedinjuje najbolje od be\u010dke operetne tradicije i ma\u0111arskih vatrenih ritmova, ali uklju\u010duje i ameri\u010dke utjecaje, pa tu uz valcere i \u010darda\u0161&nbsp; nalazimo&nbsp; i&nbsp; foxtrot i shimmy.&nbsp; Gotovo svi muzi\u010dki brojevi postali su&nbsp; hitovi, uz koje \u0107e, osim nostalgi\u010dnim poznavateljima i zaljubljenicima, bilo zasigurno zaigrati i publici najnovije generacije.&nbsp; Ova antologijska opereta naime, gotovo sto godina nakon praizvedbe, i dalje je, u novim i novim izvedbama redoviti gost europskih, mo\u017ee se re\u0107i i svjetskih scena.<\/p>\n<p>KRITIKE:<br \/>\nJagoda Martin\u010devi\u0107 (Jutarnji list): <a href=\"https:\/\/www.jutarnji.hr\/kultura\/kazaliste\/grofica-marica-aristokracija-je-ponovno-na-kaptolu\/9657166\/\"><strong>GROFICA MARICA Aristokracija je ponovno na Kaptolu<\/strong><\/a><\/p>\n<p>Gea Vlahovi\u0107 (HINA): <a href=\"http:\/\/www.novilist.hr\/Kultura\/Kazaliste\/Grofica-Marica-premijerno-u-Komediji-u-novom-atraktivnom-citanju\"><strong>&#8220;Grofica Marica&#8221; premijerno u Komediji u novom atraktivnom \u010ditanju<\/strong><br \/>\n<\/a><\/p>\n<p>NAGRADE:<\/p>\n<p>Nagrada hrvatskoga glumi\u0161ta 2020. <strong>OZRENU <\/strong><strong>PROHI\u0106U za re\u017eiju<\/strong> &#8211; kategorija Opereta \/ Mjuzikl<\/p>\n","protected":false},"excerpt":{"rendered":"<p>Emmerich K\u00e1lm\u00e1n: GROFICA MARICA Opereta u tri \u010dina Glazba: Emmerich K\u00e1lm\u00e1n Libreto:&nbsp; Julius Brammer i Alfred Gr\u00fcnwald Adaptacija libreta: Lada Ka\u0161telan Dirigenti:&nbsp;Kre\u0161imir Batini\u0107&nbsp;\/ Davor Keli\u0107 Redatelj:&nbsp;Ozren Prohi\u0107 Dramaturginja: Lada Ka\u0161telan Koreografkinja scenskog pokreta za zbor i soliste: Bla\u017eenka Kova\u010d Cari\u0107 Koreograf za balet:&nbsp;Leo Muji\u0107 Kostimografkinja:&nbsp;Mirjana Zagorec Scenografkinja:&nbsp;Irena Kralji\u0107 Suradnik redatelja: Tomislav Pavkovi\u0107 Oblikovatelji svjetla: Ivan [&hellip;]<\/p>\n","protected":false},"author":5,"featured_media":12389,"parent":1659,"menu_order":0,"comment_status":"closed","ping_status":"closed","template":"","meta":{"ngg_post_thumbnail":0,"footnotes":""},"class_list":["post-12035","page","type-page","status-publish","has-post-thumbnail","hentry"],"yoast_head":"<!-- This site is optimized with the Yoast SEO plugin v27.4 - https:\/\/yoast.com\/product\/yoast-seo-wordpress\/ -->\n<title>GROFICA MARICA - Kazali\u0161te Komedija<\/title>\n<meta name=\"robots\" content=\"index, follow, max-snippet:-1, max-image-preview:large, max-video-preview:-1\" \/>\n<link rel=\"canonical\" href=\"https:\/\/www.komedija.hr\/www\/arhiva-predstava\/grofica-marica-2\/\" \/>\n<meta property=\"og:locale\" content=\"hr_HR\" \/>\n<meta property=\"og:type\" content=\"article\" \/>\n<meta property=\"og:title\" content=\"GROFICA MARICA - Kazali\u0161te Komedija\" \/>\n<meta property=\"og:description\" content=\"Emmerich K\u00e1lm\u00e1n: GROFICA MARICA Opereta u tri \u010dina Glazba: Emmerich K\u00e1lm\u00e1n Libreto:&nbsp; Julius Brammer i Alfred Gr\u00fcnwald Adaptacija libreta: Lada Ka\u0161telan Dirigenti:&nbsp;Kre\u0161imir Batini\u0107&nbsp;\/ Davor Keli\u0107 Redatelj:&nbsp;Ozren Prohi\u0107 Dramaturginja: Lada Ka\u0161telan Koreografkinja scenskog pokreta za zbor i soliste: Bla\u017eenka Kova\u010d Cari\u0107 Koreograf za balet:&nbsp;Leo Muji\u0107 Kostimografkinja:&nbsp;Mirjana Zagorec Scenografkinja:&nbsp;Irena Kralji\u0107 Suradnik redatelja: Tomislav Pavkovi\u0107 Oblikovatelji svjetla: Ivan [&hellip;]\" \/>\n<meta property=\"og:url\" content=\"https:\/\/www.komedija.hr\/www\/arhiva-predstava\/grofica-marica-2\/\" \/>\n<meta property=\"og:site_name\" content=\"Kazali\u0161te Komedija\" \/>\n<meta property=\"article:publisher\" content=\"https:\/\/www.facebook.com\/kazaliste.komedija\/\" \/>\n<meta property=\"article:modified_time\" content=\"2024-06-07T12:36:23+00:00\" \/>\n<meta property=\"og:image\" content=\"https:\/\/www.komedija.hr\/www\/wp-content\/uploads\/2019\/11\/GROFICA-WEB-HEADER.jpg\" \/>\n\t<meta property=\"og:image:width\" content=\"1900\" \/>\n\t<meta property=\"og:image:height\" content=\"600\" \/>\n\t<meta property=\"og:image:type\" content=\"image\/jpeg\" \/>\n<meta name=\"twitter:card\" content=\"summary_large_image\" \/>\n<meta name=\"twitter:site\" content=\"@KKomedija\" \/>\n<meta name=\"twitter:label1\" content=\"Procijenjeno vrijeme \u010ditanja\" \/>\n\t<meta name=\"twitter:data1\" content=\"4 minute\" \/>\n<script type=\"application\/ld+json\" class=\"yoast-schema-graph\">{\"@context\":\"https:\\\/\\\/schema.org\",\"@graph\":[{\"@type\":\"WebPage\",\"@id\":\"https:\\\/\\\/www.komedija.hr\\\/www\\\/arhiva-predstava\\\/grofica-marica-2\\\/\",\"url\":\"https:\\\/\\\/www.komedija.hr\\\/www\\\/arhiva-predstava\\\/grofica-marica-2\\\/\",\"name\":\"GROFICA MARICA - Kazali\u0161te Komedija\",\"isPartOf\":{\"@id\":\"http:\\\/\\\/www.komedija.hr\\\/www\\\/#website\"},\"primaryImageOfPage\":{\"@id\":\"https:\\\/\\\/www.komedija.hr\\\/www\\\/arhiva-predstava\\\/grofica-marica-2\\\/#primaryimage\"},\"image\":{\"@id\":\"https:\\\/\\\/www.komedija.hr\\\/www\\\/arhiva-predstava\\\/grofica-marica-2\\\/#primaryimage\"},\"thumbnailUrl\":\"https:\\\/\\\/www.komedija.hr\\\/www\\\/wp-content\\\/uploads\\\/2019\\\/11\\\/GROFICA-WEB-HEADER.jpg\",\"datePublished\":\"2019-06-17T09:22:16+00:00\",\"dateModified\":\"2024-06-07T12:36:23+00:00\",\"breadcrumb\":{\"@id\":\"https:\\\/\\\/www.komedija.hr\\\/www\\\/arhiva-predstava\\\/grofica-marica-2\\\/#breadcrumb\"},\"inLanguage\":\"hr\",\"potentialAction\":[{\"@type\":\"ReadAction\",\"target\":[\"https:\\\/\\\/www.komedija.hr\\\/www\\\/arhiva-predstava\\\/grofica-marica-2\\\/\"]}]},{\"@type\":\"ImageObject\",\"inLanguage\":\"hr\",\"@id\":\"https:\\\/\\\/www.komedija.hr\\\/www\\\/arhiva-predstava\\\/grofica-marica-2\\\/#primaryimage\",\"url\":\"https:\\\/\\\/www.komedija.hr\\\/www\\\/wp-content\\\/uploads\\\/2019\\\/11\\\/GROFICA-WEB-HEADER.jpg\",\"contentUrl\":\"https:\\\/\\\/www.komedija.hr\\\/www\\\/wp-content\\\/uploads\\\/2019\\\/11\\\/GROFICA-WEB-HEADER.jpg\",\"width\":1900,\"height\":600},{\"@type\":\"BreadcrumbList\",\"@id\":\"https:\\\/\\\/www.komedija.hr\\\/www\\\/arhiva-predstava\\\/grofica-marica-2\\\/#breadcrumb\",\"itemListElement\":[{\"@type\":\"ListItem\",\"position\":1,\"name\":\"Po\u010detna stranica\",\"item\":\"http:\\\/\\\/www.komedija.hr\\\/www\\\/\"},{\"@type\":\"ListItem\",\"position\":2,\"name\":\"Arhiva predstava\",\"item\":\"https:\\\/\\\/www.komedija.hr\\\/www\\\/arhiva-predstava\\\/\"},{\"@type\":\"ListItem\",\"position\":3,\"name\":\"GROFICA MARICA\"}]},{\"@type\":\"WebSite\",\"@id\":\"http:\\\/\\\/www.komedija.hr\\\/www\\\/#website\",\"url\":\"http:\\\/\\\/www.komedija.hr\\\/www\\\/\",\"name\":\"Kazali\u0161te Komedija\",\"description\":\"\",\"publisher\":{\"@id\":\"http:\\\/\\\/www.komedija.hr\\\/www\\\/#organization\"},\"potentialAction\":[{\"@type\":\"SearchAction\",\"target\":{\"@type\":\"EntryPoint\",\"urlTemplate\":\"http:\\\/\\\/www.komedija.hr\\\/www\\\/?s={search_term_string}\"},\"query-input\":{\"@type\":\"PropertyValueSpecification\",\"valueRequired\":true,\"valueName\":\"search_term_string\"}}],\"inLanguage\":\"hr\"},{\"@type\":\"Organization\",\"@id\":\"http:\\\/\\\/www.komedija.hr\\\/www\\\/#organization\",\"name\":\"Zagreba\u010dko gradsko Kazali\u0161ta Komedija\",\"url\":\"http:\\\/\\\/www.komedija.hr\\\/www\\\/\",\"logo\":{\"@type\":\"ImageObject\",\"inLanguage\":\"hr\",\"@id\":\"http:\\\/\\\/www.komedija.hr\\\/www\\\/#\\\/schema\\\/logo\\\/image\\\/\",\"url\":\"https:\\\/\\\/www.komedija.hr\\\/www\\\/wp-content\\\/uploads\\\/2020\\\/02\\\/cropped-Kazaliste_Komedija_logo_2.png\",\"contentUrl\":\"https:\\\/\\\/www.komedija.hr\\\/www\\\/wp-content\\\/uploads\\\/2020\\\/02\\\/cropped-Kazaliste_Komedija_logo_2.png\",\"width\":512,\"height\":512,\"caption\":\"Zagreba\u010dko gradsko Kazali\u0161ta Komedija\"},\"image\":{\"@id\":\"http:\\\/\\\/www.komedija.hr\\\/www\\\/#\\\/schema\\\/logo\\\/image\\\/\"},\"sameAs\":[\"https:\\\/\\\/www.facebook.com\\\/kazaliste.komedija\\\/\",\"https:\\\/\\\/x.com\\\/KKomedija\",\"https:\\\/\\\/www.instagram.com\\\/kazaliste_komedija\\\/\",\"https:\\\/\\\/www.youtube.com\\\/channel\\\/UC1NcapMYUXJW3miW_oPxT5w\\\/videos\"]}]}<\/script>\n<!-- \/ Yoast SEO plugin. -->","yoast_head_json":{"title":"GROFICA MARICA - Kazali\u0161te Komedija","robots":{"index":"index","follow":"follow","max-snippet":"max-snippet:-1","max-image-preview":"max-image-preview:large","max-video-preview":"max-video-preview:-1"},"canonical":"https:\/\/www.komedija.hr\/www\/arhiva-predstava\/grofica-marica-2\/","og_locale":"hr_HR","og_type":"article","og_title":"GROFICA MARICA - Kazali\u0161te Komedija","og_description":"Emmerich K\u00e1lm\u00e1n: GROFICA MARICA Opereta u tri \u010dina Glazba: Emmerich K\u00e1lm\u00e1n Libreto:&nbsp; Julius Brammer i Alfred Gr\u00fcnwald Adaptacija libreta: Lada Ka\u0161telan Dirigenti:&nbsp;Kre\u0161imir Batini\u0107&nbsp;\/ Davor Keli\u0107 Redatelj:&nbsp;Ozren Prohi\u0107 Dramaturginja: Lada Ka\u0161telan Koreografkinja scenskog pokreta za zbor i soliste: Bla\u017eenka Kova\u010d Cari\u0107 Koreograf za balet:&nbsp;Leo Muji\u0107 Kostimografkinja:&nbsp;Mirjana Zagorec Scenografkinja:&nbsp;Irena Kralji\u0107 Suradnik redatelja: Tomislav Pavkovi\u0107 Oblikovatelji svjetla: Ivan [&hellip;]","og_url":"https:\/\/www.komedija.hr\/www\/arhiva-predstava\/grofica-marica-2\/","og_site_name":"Kazali\u0161te Komedija","article_publisher":"https:\/\/www.facebook.com\/kazaliste.komedija\/","article_modified_time":"2024-06-07T12:36:23+00:00","og_image":[{"width":1900,"height":600,"url":"https:\/\/www.komedija.hr\/www\/wp-content\/uploads\/2019\/11\/GROFICA-WEB-HEADER.jpg","type":"image\/jpeg"}],"twitter_card":"summary_large_image","twitter_site":"@KKomedija","twitter_misc":{"Procijenjeno vrijeme \u010ditanja":"4 minute"},"schema":{"@context":"https:\/\/schema.org","@graph":[{"@type":"WebPage","@id":"https:\/\/www.komedija.hr\/www\/arhiva-predstava\/grofica-marica-2\/","url":"https:\/\/www.komedija.hr\/www\/arhiva-predstava\/grofica-marica-2\/","name":"GROFICA MARICA - Kazali\u0161te Komedija","isPartOf":{"@id":"http:\/\/www.komedija.hr\/www\/#website"},"primaryImageOfPage":{"@id":"https:\/\/www.komedija.hr\/www\/arhiva-predstava\/grofica-marica-2\/#primaryimage"},"image":{"@id":"https:\/\/www.komedija.hr\/www\/arhiva-predstava\/grofica-marica-2\/#primaryimage"},"thumbnailUrl":"https:\/\/www.komedija.hr\/www\/wp-content\/uploads\/2019\/11\/GROFICA-WEB-HEADER.jpg","datePublished":"2019-06-17T09:22:16+00:00","dateModified":"2024-06-07T12:36:23+00:00","breadcrumb":{"@id":"https:\/\/www.komedija.hr\/www\/arhiva-predstava\/grofica-marica-2\/#breadcrumb"},"inLanguage":"hr","potentialAction":[{"@type":"ReadAction","target":["https:\/\/www.komedija.hr\/www\/arhiva-predstava\/grofica-marica-2\/"]}]},{"@type":"ImageObject","inLanguage":"hr","@id":"https:\/\/www.komedija.hr\/www\/arhiva-predstava\/grofica-marica-2\/#primaryimage","url":"https:\/\/www.komedija.hr\/www\/wp-content\/uploads\/2019\/11\/GROFICA-WEB-HEADER.jpg","contentUrl":"https:\/\/www.komedija.hr\/www\/wp-content\/uploads\/2019\/11\/GROFICA-WEB-HEADER.jpg","width":1900,"height":600},{"@type":"BreadcrumbList","@id":"https:\/\/www.komedija.hr\/www\/arhiva-predstava\/grofica-marica-2\/#breadcrumb","itemListElement":[{"@type":"ListItem","position":1,"name":"Po\u010detna stranica","item":"http:\/\/www.komedija.hr\/www\/"},{"@type":"ListItem","position":2,"name":"Arhiva predstava","item":"https:\/\/www.komedija.hr\/www\/arhiva-predstava\/"},{"@type":"ListItem","position":3,"name":"GROFICA MARICA"}]},{"@type":"WebSite","@id":"http:\/\/www.komedija.hr\/www\/#website","url":"http:\/\/www.komedija.hr\/www\/","name":"Kazali\u0161te Komedija","description":"","publisher":{"@id":"http:\/\/www.komedija.hr\/www\/#organization"},"potentialAction":[{"@type":"SearchAction","target":{"@type":"EntryPoint","urlTemplate":"http:\/\/www.komedija.hr\/www\/?s={search_term_string}"},"query-input":{"@type":"PropertyValueSpecification","valueRequired":true,"valueName":"search_term_string"}}],"inLanguage":"hr"},{"@type":"Organization","@id":"http:\/\/www.komedija.hr\/www\/#organization","name":"Zagreba\u010dko gradsko Kazali\u0161ta Komedija","url":"http:\/\/www.komedija.hr\/www\/","logo":{"@type":"ImageObject","inLanguage":"hr","@id":"http:\/\/www.komedija.hr\/www\/#\/schema\/logo\/image\/","url":"https:\/\/www.komedija.hr\/www\/wp-content\/uploads\/2020\/02\/cropped-Kazaliste_Komedija_logo_2.png","contentUrl":"https:\/\/www.komedija.hr\/www\/wp-content\/uploads\/2020\/02\/cropped-Kazaliste_Komedija_logo_2.png","width":512,"height":512,"caption":"Zagreba\u010dko gradsko Kazali\u0161ta Komedija"},"image":{"@id":"http:\/\/www.komedija.hr\/www\/#\/schema\/logo\/image\/"},"sameAs":["https:\/\/www.facebook.com\/kazaliste.komedija\/","https:\/\/x.com\/KKomedija","https:\/\/www.instagram.com\/kazaliste_komedija\/","https:\/\/www.youtube.com\/channel\/UC1NcapMYUXJW3miW_oPxT5w\/videos"]}]}},"_links":{"self":[{"href":"https:\/\/www.komedija.hr\/www\/wp-json\/wp\/v2\/pages\/12035","targetHints":{"allow":["GET"]}}],"collection":[{"href":"https:\/\/www.komedija.hr\/www\/wp-json\/wp\/v2\/pages"}],"about":[{"href":"https:\/\/www.komedija.hr\/www\/wp-json\/wp\/v2\/types\/page"}],"author":[{"embeddable":true,"href":"https:\/\/www.komedija.hr\/www\/wp-json\/wp\/v2\/users\/5"}],"replies":[{"embeddable":true,"href":"https:\/\/www.komedija.hr\/www\/wp-json\/wp\/v2\/comments?post=12035"}],"version-history":[{"count":1,"href":"https:\/\/www.komedija.hr\/www\/wp-json\/wp\/v2\/pages\/12035\/revisions"}],"predecessor-version":[{"id":19002,"href":"https:\/\/www.komedija.hr\/www\/wp-json\/wp\/v2\/pages\/12035\/revisions\/19002"}],"up":[{"embeddable":true,"href":"https:\/\/www.komedija.hr\/www\/wp-json\/wp\/v2\/pages\/1659"}],"wp:featuredmedia":[{"embeddable":true,"href":"https:\/\/www.komedija.hr\/www\/wp-json\/wp\/v2\/media\/12389"}],"wp:attachment":[{"href":"https:\/\/www.komedija.hr\/www\/wp-json\/wp\/v2\/media?parent=12035"}],"curies":[{"name":"wp","href":"https:\/\/api.w.org\/{rel}","templated":true}]}}