{"id":13827,"date":"2021-04-09T14:33:17","date_gmt":"2021-04-09T12:33:17","guid":{"rendered":"http:\/\/www.komedija.hr\/www\/?page_id=13827"},"modified":"2023-02-08T10:06:17","modified_gmt":"2023-02-08T09:06:17","slug":"kalendar-predstava","status":"publish","type":"page","link":"https:\/\/www.komedija.hr\/www\/kalendar-predstava\/","title":{"rendered":"Kalendar predstava"},"content":{"rendered":"\t\t<div class=\"em em-view-container\" id=\"em-view-1513276009\" data-view=\"calendar\">\r\n\t\t\t<div class=\"em pixelbones em-calendar preview-modal responsive-dateclick-modal size-small this-month\" data-scope=\"all\" data-preview-tooltips-trigger=\"\" id=\"em-calendar-1513276009\" data-view-id=\"1513276009\" data-view-type=\"calendar\" data-month=\"09\" data-year=\"2026\" data-timezone=\"\">\n\t<section class=\"em-cal-nav em-cal-nav-normal\">\n\t\t\t<div class=\"month input\">\n\t\t\t\t\t<form action=\"\" method=\"get\">\n\t\t\t\t<input type=\"month\" class=\"em-month-picker\" value=\"2026-09\" data-month-value=\"rujan 2026\">\n\t\t\t\t<span class=\"toggle\"><\/span>\n\t\t\t<\/form>\n\t\t\t<\/div>\n\t\t\t<div class=\"month-nav input\">\n\t\t<a class=\"em-calnav em-calnav-prev\" href=\"\/www\/wp-json\/wp\/v2\/pages\/13827?mo=8&#038;yr=2026\" data-disabled=\"0\" >\n\t\t\t<svg viewBox=\"0 0 15 15\" xmlns=\"http:\/\/www.w3.org\/2000\/svg\"><path d=\"M10 14L3 7.5L10 1\" stroke=\"#555\" stroke-linecap=\"square\"><\/path><\/svg>\n\t\t<\/a>\n\t\t\t\t\t<a href=\"\" class=\"em-calnav-today button button-secondary size-large size-medium is-today\" >\n\t\t\t\tToday\t\t\t<\/a>\n\t\t\t\t<a class=\"em-calnav em-calnav-next\" href=\"\/www\/wp-json\/wp\/v2\/pages\/13827?mo=10&#038;yr=2026\" data-disabled=\"0\" >\n\t\t\t<svg viewBox=\"0 0 15 15\" xmlns=\"http:\/\/www.w3.org\/2000\/svg\"><path d=\"M5 14L12 7.5L5 1\" stroke=\"#555\" stroke-linecap=\"square\"><\/path><\/svg>\n\t\t<\/a>\n\t<\/div>\n\t<\/section><section class=\"em-cal-head em-cal-week-days em-cal-days size-large\">\n\t\t\t<div class=\"em-cal-day em-cal-col-0\">Pon<\/div>\n\t\t\t\t<div class=\"em-cal-day em-cal-col-1\">Uto<\/div>\n\t\t\t\t<div class=\"em-cal-day em-cal-col-2\">Sri<\/div>\n\t\t\t\t<div class=\"em-cal-day em-cal-col-3\">\u010cet<\/div>\n\t\t\t\t<div class=\"em-cal-day em-cal-col-4\">Pet<\/div>\n\t\t\t\t<div class=\"em-cal-day em-cal-col-5\">Sub<\/div>\n\t\t\t\t<div class=\"em-cal-day em-cal-col-6\">Ned<\/div>\n\t\t<\/section>\n<section class=\"em-cal-head em-cal-week-days em-cal-days size-small size-medium\">\n\t\t\t<div class=\"em-cal-day em-cal-col-0\">P<\/div>\n\t\t\t\t<div class=\"em-cal-day em-cal-col-1\">U<\/div>\n\t\t\t\t<div class=\"em-cal-day em-cal-col-2\">S<\/div>\n\t\t\t\t<div class=\"em-cal-day em-cal-col-3\">\u010c<\/div>\n\t\t\t\t<div class=\"em-cal-day em-cal-col-4\">P<\/div>\n\t\t\t\t<div class=\"em-cal-day em-cal-col-5\">S<\/div>\n\t\t\t\t<div class=\"em-cal-day em-cal-col-6\">N<\/div>\n\t\t<\/section><section class=\"em-cal-body em-cal-days event-style-pill even-aspect\">\n\t\t\t<div class=\"eventful eventful-pre em-cal-day em-cal-col-1\">\n\t\t\t\t\t\t\t<div class=\"em-cal-day-date colored\" data-date=\"2026-08-31\" data-timestamp=\"1788134400\" >\n\t\t\t\t\t<a href=\"https:\/\/www.komedija.hr\/www\/events\/toby-marlow-i-lucy-moss-six\/\" title=\"Toby Marlow i Lucy Moss: SIX\">31<\/a>\n\t\t\t\t\t\t\t\t\t\t\t\t\t\t<\/div>\n\t\t\t\t\t\t\t\t\t\t\t\t\t\t<div class=\"em-cal-event\" style=\"--event-background-color:#4f4f4f;;--event-border-color:#4f4f4f;;--event-color:#fff;\" data-event-url=\"https:\/\/www.komedija.hr\/www\/events\/toby-marlow-i-lucy-moss-six\/\" data-event-id=\"2479\">\n\t\t\t\t\t\t\t<div>21:00 - <a href=\"https:\/\/www.komedija.hr\/www\/events\/toby-marlow-i-lucy-moss-six\/\">Toby Marlow i Lucy Moss: SIX<\/a> - Gostovanje na Ljetnoj pozornici u Opatiji<\/div>\n\t\t\t\t\t\t<\/div>\n\t\t\t\t\t\t\t\t\t\t\t<span class=\"date-day-colors\" data-colors=\"[&quot;#4f4f4f&quot;]\"><\/span>\n\t\t\t\t\t\t\t\t\t\t\t\t\t\n\t\t\t\t\t<\/div>\n\t\t\t\t<div class=\"eventless-today em-cal-day em-cal-col-2\">\n\t\t\t\t\t\t\t<div class=\"em-cal-day-date\">\n\t\t\t\t\t<span>1<\/span>\n\t\t\t\t<\/div>\n\t\t\t\t\t<\/div>\n\t\t\t\t<div class=\"eventless em-cal-day em-cal-col-3\">\n\t\t\t\t\t\t\t<div class=\"em-cal-day-date\">\n\t\t\t\t\t<span>2<\/span>\n\t\t\t\t<\/div>\n\t\t\t\t\t<\/div>\n\t\t\t\t<div class=\"eventless em-cal-day em-cal-col-4\">\n\t\t\t\t\t\t\t<div class=\"em-cal-day-date\">\n\t\t\t\t\t<span>3<\/span>\n\t\t\t\t<\/div>\n\t\t\t\t\t<\/div>\n\t\t\t\t<div class=\"eventless em-cal-day em-cal-col-5\">\n\t\t\t\t\t\t\t<div class=\"em-cal-day-date\">\n\t\t\t\t\t<span>4<\/span>\n\t\t\t\t<\/div>\n\t\t\t\t\t<\/div>\n\t\t\t\t<div class=\"eventless em-cal-day em-cal-col-6\">\n\t\t\t\t\t\t\t<div class=\"em-cal-day-date\">\n\t\t\t\t\t<span>5<\/span>\n\t\t\t\t<\/div>\n\t\t\t\t\t<\/div>\n\t\t\t\t<div class=\"eventless em-cal-day em-cal-col-7\">\n\t\t\t\t\t\t\t<div class=\"em-cal-day-date\">\n\t\t\t\t\t<span>6<\/span>\n\t\t\t\t<\/div>\n\t\t\t\t\t<\/div>\n\t\t\t\t<div class=\"eventless em-cal-day em-cal-col-1\">\n\t\t\t\t\t\t\t<div class=\"em-cal-day-date\">\n\t\t\t\t\t<span>7<\/span>\n\t\t\t\t<\/div>\n\t\t\t\t\t<\/div>\n\t\t\t\t<div class=\"eventless em-cal-day em-cal-col-2\">\n\t\t\t\t\t\t\t<div class=\"em-cal-day-date\">\n\t\t\t\t\t<span>8<\/span>\n\t\t\t\t<\/div>\n\t\t\t\t\t<\/div>\n\t\t\t\t<div class=\"eventless em-cal-day em-cal-col-3\">\n\t\t\t\t\t\t\t<div class=\"em-cal-day-date\">\n\t\t\t\t\t<span>9<\/span>\n\t\t\t\t<\/div>\n\t\t\t\t\t<\/div>\n\t\t\t\t<div class=\"eventless em-cal-day em-cal-col-4\">\n\t\t\t\t\t\t\t<div class=\"em-cal-day-date\">\n\t\t\t\t\t<span>10<\/span>\n\t\t\t\t<\/div>\n\t\t\t\t\t<\/div>\n\t\t\t\t<div class=\"eventful eventful em-cal-day em-cal-col-5\">\n\t\t\t\t\t\t\t<div class=\"em-cal-day-date colored\" data-date=\"2026-09-11\" data-timestamp=\"1789084800\" >\n\t\t\t\t\t<a href=\"https:\/\/www.komedija.hr\/www\/events\/cabaret-esprit-de-paris-by-miro-ungar-3\/\" title=\"Cabaret &#8220;Esprit de Paris&#8221; by Miro Ungar\">11<\/a>\n\t\t\t\t\t\t\t\t\t\t\t\t\t\t<\/div>\n\t\t\t\t\t\t\t\t\t\t\t\t\t\t<div class=\"em-cal-event\" style=\"--event-background-color:#274e91;;--event-border-color:#274e91;;--event-color:#fff;\" data-event-url=\"https:\/\/www.komedija.hr\/www\/events\/cabaret-esprit-de-paris-by-miro-ungar-3\/\" data-event-id=\"2490\">\n\t\t\t\t\t\t\t<div>20:30 - <a href=\"https:\/\/www.komedija.hr\/www\/events\/cabaret-esprit-de-paris-by-miro-ungar-3\/\">Cabaret &quot;Esprit de Paris&quot; by Miro Ungar<\/a> - KLUB KAZALI\u0160TA KOMEDIJA (Cesar\u010deva 2)<\/div>\n\t\t\t\t\t\t<\/div>\n\t\t\t\t\t\t\t\t\t\t\t<span class=\"date-day-colors\" data-colors=\"[&quot;#274e91&quot;]\"><\/span>\n\t\t\t\t\t\t\t\t\t\t\t\t\t\n\t\t\t\t\t<\/div>\n\t\t\t\t<div class=\"eventful eventful em-cal-day em-cal-col-6\">\n\t\t\t\t\t\t\t<div class=\"em-cal-day-date colored\" data-date=\"2026-09-12\" data-timestamp=\"1789171200\" >\n\t\t\t\t\t<a href=\"https:\/\/www.komedija.hr\/www\/events\/vecer-glazbe-i-poezije-u-pokretu-bobe-knezevica-i-promocija-spota-kava-kola-i-osjecaj-bola\/\" title=\"Ve\u010der glazbe i poezije u pokretu Bobe Kne\u017eevi\u0107a i promocija spota &#8220;Kava, kola i osje\u0107aj bola&#8221;\">12<\/a>\n\t\t\t\t\t\t\t\t\t\t\t\t\t\t<\/div>\n\t\t\t\t\t\t\t\t\t\t\t\t\t\t<div class=\"em-cal-event\" style=\"--event-background-color:#274e91;;--event-border-color:#274e91;;--event-color:#fff;\" data-event-url=\"https:\/\/www.komedija.hr\/www\/events\/vecer-glazbe-i-poezije-u-pokretu-bobe-knezevica-i-promocija-spota-kava-kola-i-osjecaj-bola\/\" data-event-id=\"2494\">\n\t\t\t\t\t\t\t<div>21:00 - <a href=\"https:\/\/www.komedija.hr\/www\/events\/vecer-glazbe-i-poezije-u-pokretu-bobe-knezevica-i-promocija-spota-kava-kola-i-osjecaj-bola\/\">Ve\u010der glazbe i poezije u pokretu Bobe Kne\u017eevi\u0107a i promocija spota &quot;Kava, kola i osje\u0107aj bola&quot;<\/a> - KLUB KAZALI\u0160TA KOMEDIJA (Cesar\u010deva 2)<\/div>\n\t\t\t\t\t\t<\/div>\n\t\t\t\t\t\t\t\t\t\t\t<span class=\"date-day-colors\" data-colors=\"[&quot;#274e91&quot;]\"><\/span>\n\t\t\t\t\t\t\t\t\t\t\t\t\t\n\t\t\t\t\t<\/div>\n\t\t\t\t<div class=\"eventless em-cal-day em-cal-col-7\">\n\t\t\t\t\t\t\t<div class=\"em-cal-day-date\">\n\t\t\t\t\t<span>13<\/span>\n\t\t\t\t<\/div>\n\t\t\t\t\t<\/div>\n\t\t\t\t<div class=\"eventless em-cal-day em-cal-col-1\">\n\t\t\t\t\t\t\t<div class=\"em-cal-day-date\">\n\t\t\t\t\t<span>14<\/span>\n\t\t\t\t<\/div>\n\t\t\t\t\t<\/div>\n\t\t\t\t<div class=\"eventless em-cal-day em-cal-col-2\">\n\t\t\t\t\t\t\t<div class=\"em-cal-day-date\">\n\t\t\t\t\t<span>15<\/span>\n\t\t\t\t<\/div>\n\t\t\t\t\t<\/div>\n\t\t\t\t<div class=\"eventful eventful em-cal-day em-cal-col-3\">\n\t\t\t\t\t\t\t<div class=\"em-cal-day-date colored\" data-date=\"2026-09-16\" data-timestamp=\"1789516800\" >\n\t\t\t\t\t<a href=\"https:\/\/www.komedija.hr\/www\/events\/i-l-lemo-cabaret-zagrepcanke-i-staticar-2\/\" title=\"I. L. Lemo: CABARET ZAGREP\u010cANKE I STATI\u010cAR\">16<\/a>\n\t\t\t\t\t\t\t\t\t\t\t\t\t\t<\/div>\n\t\t\t\t\t\t\t\t\t\t\t\t\t\t<div class=\"em-cal-event\" style=\"--event-background-color:#274e91;;--event-border-color:#274e91;;--event-color:#fff;\" data-event-url=\"https:\/\/www.komedija.hr\/www\/events\/i-l-lemo-cabaret-zagrepcanke-i-staticar-2\/\" data-event-id=\"2483\">\n\t\t\t\t\t\t\t<div>19:30 - <a href=\"https:\/\/www.komedija.hr\/www\/events\/i-l-lemo-cabaret-zagrepcanke-i-staticar-2\/\">I. L. Lemo: CABARET ZAGREP\u010cANKE I STATI\u010cAR<\/a> - KLUB KAZALI\u0160TA KOMEDIJA (Cesar\u010deva 2)<\/div>\n\t\t\t\t\t\t<\/div>\n\t\t\t\t\t\t\t\t\t\t\t<span class=\"date-day-colors\" data-colors=\"[&quot;#274e91&quot;]\"><\/span>\n\t\t\t\t\t\t\t\t\t\t\t\t\t\n\t\t\t\t\t<\/div>\n\t\t\t\t<div class=\"eventful eventful em-cal-day em-cal-col-4\">\n\t\t\t\t\t\t\t<div class=\"em-cal-day-date colored\" data-date=\"2026-09-17\" data-timestamp=\"1789603200\" >\n\t\t\t\t\t<a href=\"https:\/\/www.komedija.hr\/www\/events\/cabaret-orient-express-by-miro-ungar-32\/\" title=\"CABARET \u201eORIENT EXPRESS\u201c BY MIRO UNGAR\">17<\/a>\n\t\t\t\t\t\t\t\t\t\t\t\t\t\t<\/div>\n\t\t\t\t\t\t\t\t\t\t\t\t\t\t<div class=\"em-cal-event\" style=\"--event-background-color:#274e91;;--event-border-color:#274e91;;--event-color:#fff;\" data-event-url=\"https:\/\/www.komedija.hr\/www\/events\/cabaret-orient-express-by-miro-ungar-32\/\" data-event-id=\"2480\">\n\t\t\t\t\t\t\t<div>20:30 - <a href=\"https:\/\/www.komedija.hr\/www\/events\/cabaret-orient-express-by-miro-ungar-32\/\">CABARET \u201eORIENT EXPRESS\u201c BY MIRO UNGAR<\/a> - KLUB KAZALI\u0160TA KOMEDIJA (Cesar\u010deva 2)<\/div>\n\t\t\t\t\t\t<\/div>\n\t\t\t\t\t\t\t\t\t\t\t<span class=\"date-day-colors\" data-colors=\"[&quot;#274e91&quot;]\"><\/span>\n\t\t\t\t\t\t\t\t\t\t\t\t\t\n\t\t\t\t\t<\/div>\n\t\t\t\t<div class=\"eventful eventful em-cal-day em-cal-col-5\">\n\t\t\t\t\t\t\t<div class=\"em-cal-day-date colored\" data-date=\"2026-09-18\" data-timestamp=\"1789689600\" >\n\t\t\t\t\t<a href=\"https:\/\/www.komedija.hr\/www\/events\/adam-koncic-kaj-je-ljubav\/\" title=\"Adam Kon\u010di\u0107: KAJ JE LJUBAV\">18<\/a>\n\t\t\t\t\t\t\t\t\t\t\t\t\t\t<\/div>\n\t\t\t\t\t\t\t\t\t\t\t\t\t\t<div class=\"em-cal-event\" style=\"--event-background-color:#274e91;;--event-border-color:#274e91;;--event-color:#fff;\" data-event-url=\"https:\/\/www.komedija.hr\/www\/events\/adam-koncic-kaj-je-ljubav\/\" data-event-id=\"2484\">\n\t\t\t\t\t\t\t<div>20:00 - <a href=\"https:\/\/www.komedija.hr\/www\/events\/adam-koncic-kaj-je-ljubav\/\">Adam Kon\u010di\u0107: KAJ JE LJUBAV<\/a> - KLUB KAZALI\u0160TA KOMEDIJA (Cesar\u010deva 2)<\/div>\n\t\t\t\t\t\t<\/div>\n\t\t\t\t\t\t\t\t\t\t\t<span class=\"date-day-colors\" data-colors=\"[&quot;#274e91&quot;]\"><\/span>\n\t\t\t\t\t\t\t\t\t\t\t\t\t\n\t\t\t\t\t<\/div>\n\t\t\t\t<div class=\"eventful eventful em-cal-day em-cal-col-6\">\n\t\t\t\t\t\t\t<div class=\"em-cal-day-date colored\" data-date=\"2026-09-19\" data-timestamp=\"1789776000\" >\n\t\t\t\t\t<a href=\"https:\/\/www.komedija.hr\/www\/events\/maja-savic-new-quartet-invitation-vecer-suvremenog-jazza\/\" title=\"Maja Savi\u0107 New Quartet: Invitation \u2013 Ve\u010der suvremenog jazza\">19<\/a>\n\t\t\t\t\t\t\t\t\t\t\t\t\t\t<\/div>\n\t\t\t\t\t\t\t\t\t\t\t\t\t\t<div class=\"em-cal-event\" style=\"--event-background-color:#274e91;;--event-border-color:#274e91;;--event-color:#fff;\" data-event-url=\"https:\/\/www.komedija.hr\/www\/events\/maja-savic-new-quartet-invitation-vecer-suvremenog-jazza\/\" data-event-id=\"2487\">\n\t\t\t\t\t\t\t<div>21:00 - <a href=\"https:\/\/www.komedija.hr\/www\/events\/maja-savic-new-quartet-invitation-vecer-suvremenog-jazza\/\">Maja Savi\u0107 New Quartet: Invitation \u2013 Ve\u010der suvremenog jazza<\/a> - KLUB KAZALI\u0160TA KOMEDIJA (Cesar\u010deva 2)<\/div>\n\t\t\t\t\t\t<\/div>\n\t\t\t\t\t\t\t\t\t\t\t<span class=\"date-day-colors\" data-colors=\"[&quot;#274e91&quot;]\"><\/span>\n\t\t\t\t\t\t\t\t\t\t\t\t\t\n\t\t\t\t\t<\/div>\n\t\t\t\t<div class=\"eventless em-cal-day em-cal-col-7\">\n\t\t\t\t\t\t\t<div class=\"em-cal-day-date\">\n\t\t\t\t\t<span>20<\/span>\n\t\t\t\t<\/div>\n\t\t\t\t\t<\/div>\n\t\t\t\t<div class=\"eventless em-cal-day em-cal-col-1\">\n\t\t\t\t\t\t\t<div class=\"em-cal-day-date\">\n\t\t\t\t\t<span>21<\/span>\n\t\t\t\t<\/div>\n\t\t\t\t\t<\/div>\n\t\t\t\t<div class=\"eventful eventful em-cal-day em-cal-col-2\">\n\t\t\t\t\t\t\t<div class=\"em-cal-day-date colored\" data-date=\"2026-09-22\" data-timestamp=\"1790035200\" >\n\t\t\t\t\t<a href=\"https:\/\/www.komedija.hr\/www\/events\/mariachi-los-caballeros-koncert\/\" title=\"Mariachi Los Caballeros, koncert\">22<\/a>\n\t\t\t\t\t\t\t\t\t\t\t\t\t\t<\/div>\n\t\t\t\t\t\t\t\t\t\t\t\t\t\t<div class=\"em-cal-event\" style=\"--event-background-color:#274e91;;--event-border-color:#274e91;;--event-color:#fff;\" data-event-url=\"https:\/\/www.komedija.hr\/www\/events\/mariachi-los-caballeros-koncert\/\" data-event-id=\"2486\">\n\t\t\t\t\t\t\t<div>21:00 - <a href=\"https:\/\/www.komedija.hr\/www\/events\/mariachi-los-caballeros-koncert\/\">Mariachi Los Caballeros, koncert<\/a> - KLUB KAZALI\u0160TA KOMEDIJA (Cesar\u010deva 2)<\/div>\n\t\t\t\t\t\t<\/div>\n\t\t\t\t\t\t\t\t\t\t\t<span class=\"date-day-colors\" data-colors=\"[&quot;#274e91&quot;]\"><\/span>\n\t\t\t\t\t\t\t\t\t\t\t\t\t\n\t\t\t\t\t<\/div>\n\t\t\t\t<div class=\"eventful eventful em-cal-day em-cal-col-3\">\n\t\t\t\t\t\t\t<div class=\"em-cal-day-date colored\" data-date=\"2026-09-23\" data-timestamp=\"1790121600\" >\n\t\t\t\t\t<a href=\"https:\/\/www.komedija.hr\/www\/events\/pod-kazalisnim-nebom-songovi-i-stihovi\/\" title=\"POD KAZALI\u0160NIM NEBOM \u2013 songovi i stihovi\">23<\/a>\n\t\t\t\t\t\t\t\t\t\t\t\t\t\t<\/div>\n\t\t\t\t\t\t\t\t\t\t\t\t\t\t<div class=\"em-cal-event\" style=\"--event-background-color:#274e91;;--event-border-color:#274e91;;--event-color:#fff;\" data-event-url=\"https:\/\/www.komedija.hr\/www\/events\/pod-kazalisnim-nebom-songovi-i-stihovi\/\" data-event-id=\"2485\">\n\t\t\t\t\t\t\t<div>20:00 - <a href=\"https:\/\/www.komedija.hr\/www\/events\/pod-kazalisnim-nebom-songovi-i-stihovi\/\">POD KAZALI\u0160NIM NEBOM \u2013 songovi i stihovi<\/a> - KLUB KAZALI\u0160TA KOMEDIJA (Cesar\u010deva 2)<\/div>\n\t\t\t\t\t\t<\/div>\n\t\t\t\t\t\t\t\t\t\t\t<span class=\"date-day-colors\" data-colors=\"[&quot;#274e91&quot;]\"><\/span>\n\t\t\t\t\t\t\t\t\t\t\t\t\t\n\t\t\t\t\t<\/div>\n\t\t\t\t<div class=\"eventless em-cal-day em-cal-col-4\">\n\t\t\t\t\t\t\t<div class=\"em-cal-day-date\">\n\t\t\t\t\t<span>24<\/span>\n\t\t\t\t<\/div>\n\t\t\t\t\t<\/div>\n\t\t\t\t<div class=\"eventful eventful em-cal-day em-cal-col-5\">\n\t\t\t\t\t\t\t<div class=\"em-cal-day-date colored\" data-date=\"2026-09-25\" data-timestamp=\"1790294400\" >\n\t\t\t\t\t<a href=\"https:\/\/www.komedija.hr\/www\/events\/cabaret-esprit-de-paris-by-miro-ungar-2\/\" title=\"Cabaret &#8220;Esprit de Paris&#8221; by Miro Ungar\">25<\/a>\n\t\t\t\t\t\t\t\t\t\t\t\t\t\t<\/div>\n\t\t\t\t\t\t\t\t\t\t\t\t\t\t<div class=\"em-cal-event\" style=\"--event-background-color:#274e91;;--event-border-color:#274e91;;--event-color:#fff;\" data-event-url=\"https:\/\/www.komedija.hr\/www\/events\/cabaret-esprit-de-paris-by-miro-ungar-2\/\" data-event-id=\"2482\">\n\t\t\t\t\t\t\t<div>20:30 - <a href=\"https:\/\/www.komedija.hr\/www\/events\/cabaret-esprit-de-paris-by-miro-ungar-2\/\">Cabaret &quot;Esprit de Paris&quot; by Miro Ungar<\/a> - KLUB KAZALI\u0160TA KOMEDIJA (Cesar\u010deva 2)<\/div>\n\t\t\t\t\t\t<\/div>\n\t\t\t\t\t\t\t\t\t\t\t<span class=\"date-day-colors\" data-colors=\"[&quot;#274e91&quot;]\"><\/span>\n\t\t\t\t\t\t\t\t\t\t\t\t\t\n\t\t\t\t\t<\/div>\n\t\t\t\t<div class=\"eventless em-cal-day em-cal-col-6\">\n\t\t\t\t\t\t\t<div class=\"em-cal-day-date\">\n\t\t\t\t\t<span>26<\/span>\n\t\t\t\t<\/div>\n\t\t\t\t\t<\/div>\n\t\t\t\t<div class=\"eventless em-cal-day em-cal-col-7\">\n\t\t\t\t\t\t\t<div class=\"em-cal-day-date\">\n\t\t\t\t\t<span>27<\/span>\n\t\t\t\t<\/div>\n\t\t\t\t\t<\/div>\n\t\t\t\t<div class=\"eventless em-cal-day em-cal-col-1\">\n\t\t\t\t\t\t\t<div class=\"em-cal-day-date\">\n\t\t\t\t\t<span>28<\/span>\n\t\t\t\t<\/div>\n\t\t\t\t\t<\/div>\n\t\t\t\t<div class=\"eventless em-cal-day em-cal-col-2\">\n\t\t\t\t\t\t\t<div class=\"em-cal-day-date\">\n\t\t\t\t\t<span>29<\/span>\n\t\t\t\t<\/div>\n\t\t\t\t\t<\/div>\n\t\t\t\t<div class=\"eventful eventful em-cal-day em-cal-col-3\">\n\t\t\t\t\t\t\t<div class=\"em-cal-day-date colored\" data-date=\"2026-09-30\" data-timestamp=\"1790726400\" >\n\t\t\t\t\t<a href=\"https:\/\/www.komedija.hr\/www\/events\/cabaret-orient-express-by-miro-ungar-33\/\" title=\"CABARET \u201eORIENT EXPRESS\u201c BY MIRO UNGAR\">30<\/a>\n\t\t\t\t\t\t\t\t\t\t\t\t\t\t<\/div>\n\t\t\t\t\t\t\t\t\t\t\t\t\t\t<div class=\"em-cal-event\" style=\"--event-background-color:#274e91;;--event-border-color:#274e91;;--event-color:#fff;\" data-event-url=\"https:\/\/www.komedija.hr\/www\/events\/cabaret-orient-express-by-miro-ungar-33\/\" data-event-id=\"2481\">\n\t\t\t\t\t\t\t<div>20:30 - <a href=\"https:\/\/www.komedija.hr\/www\/events\/cabaret-orient-express-by-miro-ungar-33\/\">CABARET \u201eORIENT EXPRESS\u201c BY MIRO UNGAR<\/a> - KLUB KAZALI\u0160TA KOMEDIJA (Cesar\u010deva 2)<\/div>\n\t\t\t\t\t\t<\/div>\n\t\t\t\t\t\t\t\t\t\t\t<span class=\"date-day-colors\" data-colors=\"[&quot;#274e91&quot;]\"><\/span>\n\t\t\t\t\t\t\t\t\t\t\t\t\t\n\t\t\t\t\t<\/div>\n\t\t\t\t<div class=\"eventful eventful-post em-cal-day em-cal-col-4\">\n\t\t\t\t\t\t\t<div class=\"em-cal-day-date colored\" data-date=\"2026-10-01\" data-timestamp=\"1790812800\" >\n\t\t\t\t\t<a href=\"https:\/\/www.komedija.hr\/www\/events\/momcilo-popadic-ca-je-zivot-vengo\/\" title=\"MOM\u010cILO POPADI\u0106: \u010cA JE \u017dIVOT VENGO&#8230;\">1<\/a>\n\t\t\t\t\t\t\t\t\t\t\t\t\t\t<\/div>\n\t\t\t\t\t\t\t\t\t\t\t\t\t\t<div class=\"em-cal-event\" style=\"--event-background-color:#274e91;;--event-border-color:#274e91;;--event-color:#fff;\" data-event-url=\"https:\/\/www.komedija.hr\/www\/events\/momcilo-popadic-ca-je-zivot-vengo\/\" data-event-id=\"2489\">\n\t\t\t\t\t\t\t<div>20:30 - <a href=\"https:\/\/www.komedija.hr\/www\/events\/momcilo-popadic-ca-je-zivot-vengo\/\">MOM\u010cILO POPADI\u0106: \u010cA JE \u017dIVOT VENGO...<\/a> - KLUB KAZALI\u0160TA KOMEDIJA (Cesar\u010deva 2)<\/div>\n\t\t\t\t\t\t<\/div>\n\t\t\t\t\t\t\t\t\t\t\t<span class=\"date-day-colors\" data-colors=\"[&quot;#274e91&quot;]\"><\/span>\n\t\t\t\t\t\t\t\t\t\t\t\t\t\n\t\t\t\t\t<\/div>\n\t\t\t\t<div class=\"eventful eventful-post em-cal-day em-cal-col-5\">\n\t\t\t\t\t\t\t<div class=\"em-cal-day-date colored\" data-date=\"2026-10-02\" data-timestamp=\"1790899200\" >\n\t\t\t\t\t<a href=\"https:\/\/www.komedija.hr\/www\/events\/filmmusicorkestar-koncertna-promocija-albuma-barrique-iliti-sevdah-na-filmu-i-okolo-njega\/\" title=\"Filmmusicorkestar: koncertna promocija albuma BARRIQUE iliti sevdah na filmu i okolo njega\">2<\/a>\n\t\t\t\t\t\t\t\t\t\t\t\t\t\t<\/div>\n\t\t\t\t\t\t\t\t\t\t\t\t\t\t<div class=\"em-cal-event\" style=\"--event-background-color:#274e91;;--event-border-color:#274e91;;--event-color:#fff;\" data-event-url=\"https:\/\/www.komedija.hr\/www\/events\/filmmusicorkestar-koncertna-promocija-albuma-barrique-iliti-sevdah-na-filmu-i-okolo-njega\/\" data-event-id=\"2488\">\n\t\t\t\t\t\t\t<div>20:30 - <a href=\"https:\/\/www.komedija.hr\/www\/events\/filmmusicorkestar-koncertna-promocija-albuma-barrique-iliti-sevdah-na-filmu-i-okolo-njega\/\">Filmmusicorkestar: koncertna promocija albuma BARRIQUE iliti sevdah na filmu i okolo njega<\/a> - KLUB KAZALI\u0160TA KOMEDIJA (Cesar\u010deva 2)<\/div>\n\t\t\t\t\t\t<\/div>\n\t\t\t\t\t\t\t\t\t\t\t<span class=\"date-day-colors\" data-colors=\"[&quot;#274e91&quot;]\"><\/span>\n\t\t\t\t\t\t\t\t\t\t\t\t\t\n\t\t\t\t\t<\/div>\n\t\t\t\t<div class=\"eventful eventful-post em-cal-day em-cal-col-6\">\n\t\t\t\t\t\t\t<div class=\"em-cal-day-date colored\" data-date=\"2026-10-03\" data-timestamp=\"1790985600\" >\n\t\t\t\t\t<a href=\"https:\/\/www.komedija.hr\/www\/events\/sandra-bagaric-izmedu-nota-i-zivota-premijera\/\" title=\"Sandra Bagari\u0107: IZME\u0110U NOTA I \u017dIVOTA, premijera\">3<\/a>\n\t\t\t\t\t\t\t\t\t\t\t\t\t\t<\/div>\n\t\t\t\t\t\t\t\t\t\t\t\t\t\t<div class=\"em-cal-event\" style=\"--event-background-color:#274e91;;--event-border-color:#274e91;;--event-color:#fff;\" data-event-url=\"https:\/\/www.komedija.hr\/www\/events\/sandra-bagaric-izmedu-nota-i-zivota-premijera\/\" data-event-id=\"2496\">\n\t\t\t\t\t\t\t<div>21:00 - <a href=\"https:\/\/www.komedija.hr\/www\/events\/sandra-bagaric-izmedu-nota-i-zivota-premijera\/\">Sandra Bagari\u0107: IZME\u0110U NOTA I \u017dIVOTA, premijera<\/a> - KLUB KAZALI\u0160TA KOMEDIJA (Cesar\u010deva 2)<\/div>\n\t\t\t\t\t\t<\/div>\n\t\t\t\t\t\t\t\t\t\t\t<span class=\"date-day-colors\" data-colors=\"[&quot;#274e91&quot;]\"><\/span>\n\t\t\t\t\t\t\t\t\t\t\t\t\t\n\t\t\t\t\t<\/div>\n\t\t\t\t<div class=\"eventless-post em-cal-day em-cal-col-7\">\n\t\t\t\t\t\t\t<div class=\"em-cal-day-date\">\n\t\t\t\t\t<span>4<\/span>\n\t\t\t\t<\/div>\n\t\t\t\t\t<\/div>\n\t\t<\/section><section class=\"em-cal-events-content\" id=\"em-cal-events-content-1513276009\">\n\t\t\t\t\t\t\t\t<div class=\"em pixelbones em-calendar-preview em-modal em-cal-event-content\" data-event-id=\"2479\" data-parent=\"em-cal-events-content-1513276009\">\n\t<div class=\"em-modal-popup\">\n\t\t<header>\n\t\t\t<a class=\"em-close-modal\"><\/a><!-- close modal -->\n\t\t\t<div class=\"em-modal-title\">\n\t\t\t\t<a href=\"https:\/\/www.komedija.hr\/www\/events\/toby-marlow-i-lucy-moss-six\/\">Toby Marlow i Lucy Moss: SIX<\/a>\t\t\t<\/div>\n\t\t<\/header>\n\t\t<div class=\"em-modal-content\">\n\t\t\t<div class=\"em pixelbones em-calendar-preview em-list em-events-list\">\r\n\t<div class=\"em-event em-item\" style=\"--default-border:#4f4f4f\">\r\n\t\t<div class=\"em-item-image \">\r\n\t\t\t\r\n\t\t\t<img src='https:\/\/www.komedija.hr\/www\/wp-content\/uploads\/2025\/04\/six_WEB_feature-post_350x245.png' alt='Toby Marlow i Lucy Moss: SIX'\/>\r\n\t\t\t\r\n\t\t\t\r\n\t\t<\/div>\r\n\t\t<div class=\"em-item-info\">\r\n\t\t\t<div class=\"em-event-meta em-item-meta\">\r\n\t\t\t\t<div class=\"em-item-meta-line em-event-date em-event-meta-datetime\">\r\n\t\t\t\t\t<span class=\"em-icon-calendar em-icon\"><\/span>\r\n\t\t\t\t\tPonedjeljak, 31.8.2026.\u00a0\u00a0\u00a0\u00a0\r\n\t\t\t\t<\/div>\r\n\t\t\t\t<div class=\"em-item-meta-line em-event-time em-event-meta-datetime\">\r\n\t\t\t\t\t<span class=\"em-icon-clock em-icon\"><\/span>\r\n\t\t\t\t\t21:00 - 22:30\r\n\t\t\t\t<\/div>\r\n\t\t\t\t\r\n\t\t\t\t\r\n\t\t\t\t\r\n\t\t\t\t<div class=\"em-item-meta-line em-event-location\">\r\n\t\t\t\t\t<span class=\"em-icon-at em-icon\"><\/span>\r\n\t\t\t\t\t<a href=\"https:\/\/www.entrio.hr\/event\/six-31793\" target=\"_blank\">KUPI ULAZNICE<\/a>\r\n\t\t\t\t<\/div>\r\n\t\t\t\t\r\n\t\t\t\t\r\n\t\t\t\t<div class=\"em-item-meta-line em-item-taxonomy em-event-categories\">\r\n\t\t\t\t\t<span class=\"em-icon-category em-icon\"><\/span>\r\n\t\t\t\t\t<div>\t<ul class=\"event-categories\">\r\n\t\t\t\t\t<li><a href=\"https:\/\/www.komedija.hr\/www\/events\/categories\/gostovanje-na-ljetnoj-pozornici-u-opatiji\/\">Gostovanje na Ljetnoj pozornici u Opatiji<\/a><\/li>\r\n\t\t\t\t\t<li><a href=\"https:\/\/www.komedija.hr\/www\/events\/categories\/kazaliste-komedija\/\">[ KAZALI\u0160TE KOMEDIJA ]<\/a><\/li>\r\n\t\t\t\t\t<li><a href=\"https:\/\/www.komedija.hr\/www\/events\/categories\/_pr-six\/\">_PR-six<\/a><\/li>\r\n\t\t\t<\/ul>\r\n\t<\/div>\r\n\t\t\t\t<\/div>\r\n\t\t\t\t\r\n\t\t\t\t\r\n\t\t\t<\/div>\r\n\t\t\t<div class=\"em-item-desc\">\r\n\t\t\t\tSIX&nbsp; Mjuzikl Autori: Toby Marlow i Lucy Moss Aran\u017emani vokala: Joe Beighton Orkestracija: Tom Curran Prevoditelj: Dra\u017een Bratuli\u0107 Redatelj i koreograf: Igor Barberi\u0107 Muzi\u010dki voditelj: [...]\r\n\t\t\t<\/div>\r\n\t\t\t<div class=\"em-item-actions input\">\r\n\t\t\t\t<a class=\"em-item-read-more button\" href=\"https:\/\/www.komedija.hr\/www\/events\/toby-marlow-i-lucy-moss-six\/\">More Info<\/a>\r\n\t\t\t\t\r\n\t\t\t<\/div>\r\n\t\t<\/div>\r\n\t<\/div>\r\n<\/div>\t\t<\/div><!-- content -->\n\t\n\t<\/div><!-- modal -->\n<\/div>\t\t\t\t\t<div class=\"em pixelbones em-calendar-preview em-modal em-cal-event-content\" data-event-id=\"2490\" data-parent=\"em-cal-events-content-1513276009\">\n\t<div class=\"em-modal-popup\">\n\t\t<header>\n\t\t\t<a class=\"em-close-modal\"><\/a><!-- close modal -->\n\t\t\t<div class=\"em-modal-title\">\n\t\t\t\t<a href=\"https:\/\/www.komedija.hr\/www\/events\/cabaret-esprit-de-paris-by-miro-ungar-3\/\">Cabaret &quot;Esprit de Paris&quot; by Miro Ungar<\/a>\t\t\t<\/div>\n\t\t<\/header>\n\t\t<div class=\"em-modal-content\">\n\t\t\t<div class=\"em pixelbones em-calendar-preview em-list em-events-list\">\r\n\t<div class=\"em-event em-item\" style=\"--default-border:#274e91\">\r\n\t\t<div class=\"em-item-image \">\r\n\t\t\t\r\n\t\t\t<img src='https:\/\/www.komedija.hr\/www\/wp-content\/uploads\/2026\/05\/Cabaret-Esprit-de-Paris-by-Miro-Ungar_WEB_feature-post_350x245.png' alt='Cabaret &quot;Esprit de Paris&quot; by Miro Ungar'\/>\r\n\t\t\t\r\n\t\t\t\r\n\t\t<\/div>\r\n\t\t<div class=\"em-item-info\">\r\n\t\t\t<div class=\"em-event-meta em-item-meta\">\r\n\t\t\t\t<div class=\"em-item-meta-line em-event-date em-event-meta-datetime\">\r\n\t\t\t\t\t<span class=\"em-icon-calendar em-icon\"><\/span>\r\n\t\t\t\t\tPetak, 11.9.2026.\u00a0\u00a0\u00a0\u00a0\r\n\t\t\t\t<\/div>\r\n\t\t\t\t<div class=\"em-item-meta-line em-event-time em-event-meta-datetime\">\r\n\t\t\t\t\t<span class=\"em-icon-clock em-icon\"><\/span>\r\n\t\t\t\t\t20:30 - 23:00\r\n\t\t\t\t<\/div>\r\n\t\t\t\t\r\n\t\t\t\t\r\n\t\t\t\t\r\n\t\t\t\t<div class=\"em-item-meta-line em-event-location\">\r\n\t\t\t\t\t<span class=\"em-icon-at em-icon\"><\/span>\r\n\t\t\t\t\t<a href=\"https:\/\/www.ulaznice.hr\/web\/event-browse\/8\/21347\" target=\"_blank\">KUPI ULAZNICE<\/a>\r\n\t\t\t\t<\/div>\r\n\t\t\t\t\r\n\t\t\t\t\r\n\t\t\t\t<div class=\"em-item-meta-line em-item-taxonomy em-event-categories\">\r\n\t\t\t\t\t<span class=\"em-icon-category em-icon\"><\/span>\r\n\t\t\t\t\t<div>\t<ul class=\"event-categories\">\r\n\t\t\t\t\t<li><a href=\"https:\/\/www.komedija.hr\/www\/events\/categories\/klub-kazalista-komedija-cesarceva-2\/\">KLUB KAZALI\u0160TA KOMEDIJA (Cesar\u010deva 2)<\/a><\/li>\r\n\t\t\t\t\t<li><a href=\"https:\/\/www.komedija.hr\/www\/events\/categories\/kazaliste-komedija\/\">[ KAZALI\u0160TE KOMEDIJA ]<\/a><\/li>\r\n\t\t\t\t\t<li><a href=\"https:\/\/www.komedija.hr\/www\/events\/categories\/_pr-cabaretesprit\/\">_PR-cabaretesprit<\/a><\/li>\r\n\t\t\t<\/ul>\r\n\t<\/div>\r\n\t\t\t\t<\/div>\r\n\t\t\t\t\r\n\t\t\t\t\r\n\t\t\t<\/div>\r\n\t\t\t<div class=\"em-item-desc\">\r\n\t\t\t\t\r\n\t\t\t<\/div>\r\n\t\t\t<div class=\"em-item-actions input\">\r\n\t\t\t\t<a class=\"em-item-read-more button\" href=\"https:\/\/www.komedija.hr\/www\/events\/cabaret-esprit-de-paris-by-miro-ungar-3\/\">More Info<\/a>\r\n\t\t\t\t\r\n\t\t\t<\/div>\r\n\t\t<\/div>\r\n\t<\/div>\r\n<\/div>\t\t<\/div><!-- content -->\n\t\n\t<\/div><!-- modal -->\n<\/div>\t\t\t\t\t<div class=\"em pixelbones em-calendar-preview em-modal em-cal-event-content\" data-event-id=\"2494\" data-parent=\"em-cal-events-content-1513276009\">\n\t<div class=\"em-modal-popup\">\n\t\t<header>\n\t\t\t<a class=\"em-close-modal\"><\/a><!-- close modal -->\n\t\t\t<div class=\"em-modal-title\">\n\t\t\t\t<a href=\"https:\/\/www.komedija.hr\/www\/events\/vecer-glazbe-i-poezije-u-pokretu-bobe-knezevica-i-promocija-spota-kava-kola-i-osjecaj-bola\/\">Ve\u010der glazbe i poezije u pokretu Bobe Kne\u017eevi\u0107a i promocija spota &quot;Kava, kola i osje\u0107aj bola&quot;<\/a>\t\t\t<\/div>\n\t\t<\/header>\n\t\t<div class=\"em-modal-content\">\n\t\t\t<div class=\"em pixelbones em-calendar-preview em-list em-events-list\">\r\n\t<div class=\"em-event em-item\" style=\"--default-border:#274e91\">\r\n\t\t<div class=\"em-item-image \">\r\n\t\t\t\r\n\t\t\t<img src='https:\/\/www.komedija.hr\/www\/wp-content\/uploads\/2026\/07\/bobo-knezevic_WEB_700x490.png' alt='Ve\u010der glazbe i poezije u pokretu Bobe Kne\u017eevi\u0107a i promocija spota &quot;Kava, kola i osje\u0107aj bola&quot;'\/>\r\n\t\t\t\r\n\t\t\t\r\n\t\t<\/div>\r\n\t\t<div class=\"em-item-info\">\r\n\t\t\t<div class=\"em-event-meta em-item-meta\">\r\n\t\t\t\t<div class=\"em-item-meta-line em-event-date em-event-meta-datetime\">\r\n\t\t\t\t\t<span class=\"em-icon-calendar em-icon\"><\/span>\r\n\t\t\t\t\tSubota, 12.9.2026.\u00a0\u00a0\u00a0\u00a0\r\n\t\t\t\t<\/div>\r\n\t\t\t\t<div class=\"em-item-meta-line em-event-time em-event-meta-datetime\">\r\n\t\t\t\t\t<span class=\"em-icon-clock em-icon\"><\/span>\r\n\t\t\t\t\t21:00 - 23:00\r\n\t\t\t\t<\/div>\r\n\t\t\t\t\r\n\t\t\t\t\r\n\t\t\t\t\r\n\t\t\t\t<div class=\"em-item-meta-line em-event-location\">\r\n\t\t\t\t\t<span class=\"em-icon-at em-icon\"><\/span>\r\n\t\t\t\t\t<a href=\"https:\/\/www.ulaznice.hr\/web\/event-browse\/8\/21350\" target=\"_blank\">KUPI ULAZNICE<\/a>\r\n\t\t\t\t<\/div>\r\n\t\t\t\t\r\n\t\t\t\t\r\n\t\t\t\t<div class=\"em-item-meta-line em-item-taxonomy em-event-categories\">\r\n\t\t\t\t\t<span class=\"em-icon-category em-icon\"><\/span>\r\n\t\t\t\t\t<div>\t<ul class=\"event-categories\">\r\n\t\t\t\t\t<li><a href=\"https:\/\/www.komedija.hr\/www\/events\/categories\/klub-kazalista-komedija-cesarceva-2\/\">KLUB KAZALI\u0160TA KOMEDIJA (Cesar\u010deva 2)<\/a><\/li>\r\n\t\t\t<\/ul>\r\n\t<\/div>\r\n\t\t\t\t<\/div>\r\n\t\t\t\t\r\n\t\t\t\t\r\n\t\t\t<\/div>\r\n\t\t\t<div class=\"em-item-desc\">\r\n\t\t\t\tVe\u0107 na samom po\u010detku nove sezone u Klubu Kazali\u0161ta Komedija o\u010dekuje vas ve\u010der koju ne \u017eelite propustiti! U subotu, 12. rujna u 21:00 sat, publiku [...]\r\n\t\t\t<\/div>\r\n\t\t\t<div class=\"em-item-actions input\">\r\n\t\t\t\t<a class=\"em-item-read-more button\" href=\"https:\/\/www.komedija.hr\/www\/events\/vecer-glazbe-i-poezije-u-pokretu-bobe-knezevica-i-promocija-spota-kava-kola-i-osjecaj-bola\/\">More Info<\/a>\r\n\t\t\t\t\r\n\t\t\t<\/div>\r\n\t\t<\/div>\r\n\t<\/div>\r\n<\/div>\t\t<\/div><!-- content -->\n\t\n\t<\/div><!-- modal -->\n<\/div>\t\t\t\t\t<div class=\"em pixelbones em-calendar-preview em-modal em-cal-event-content\" data-event-id=\"2483\" data-parent=\"em-cal-events-content-1513276009\">\n\t<div class=\"em-modal-popup\">\n\t\t<header>\n\t\t\t<a class=\"em-close-modal\"><\/a><!-- close modal -->\n\t\t\t<div class=\"em-modal-title\">\n\t\t\t\t<a href=\"https:\/\/www.komedija.hr\/www\/events\/i-l-lemo-cabaret-zagrepcanke-i-staticar-2\/\">I. L. Lemo: CABARET ZAGREP\u010cANKE I STATI\u010cAR<\/a>\t\t\t<\/div>\n\t\t<\/header>\n\t\t<div class=\"em-modal-content\">\n\t\t\t<div class=\"em pixelbones em-calendar-preview em-list em-events-list\">\r\n\t<div class=\"em-event em-item\" style=\"--default-border:#274e91\">\r\n\t\t<div class=\"em-item-image \">\r\n\t\t\t\r\n\t\t\t<img src='https:\/\/www.komedija.hr\/www\/wp-content\/uploads\/2025\/12\/zagrepcanke-i-staticar_FB_1200x1200.png' alt='I. L. Lemo: CABARET ZAGREP\u010cANKE I STATI\u010cAR'\/>\r\n\t\t\t\r\n\t\t\t\r\n\t\t<\/div>\r\n\t\t<div class=\"em-item-info\">\r\n\t\t\t<div class=\"em-event-meta em-item-meta\">\r\n\t\t\t\t<div class=\"em-item-meta-line em-event-date em-event-meta-datetime\">\r\n\t\t\t\t\t<span class=\"em-icon-calendar em-icon\"><\/span>\r\n\t\t\t\t\tSrijeda, 16.9.2026.\u00a0\u00a0\u00a0\u00a0\r\n\t\t\t\t<\/div>\r\n\t\t\t\t<div class=\"em-item-meta-line em-event-time em-event-meta-datetime\">\r\n\t\t\t\t\t<span class=\"em-icon-clock em-icon\"><\/span>\r\n\t\t\t\t\t19:30 - 22:00\r\n\t\t\t\t<\/div>\r\n\t\t\t\t\r\n\t\t\t\t\r\n\t\t\t\t\r\n\t\t\t\t<div class=\"em-item-meta-line em-event-location\">\r\n\t\t\t\t\t<span class=\"em-icon-at em-icon\"><\/span>\r\n\t\t\t\t\t<a href=\"https:\/\/www.ulaznice.hr\/web\/event-browse\/8\/21290\" target=\"_blank\">KUPI ULAZNICE<\/a>\r\n\t\t\t\t<\/div>\r\n\t\t\t\t\r\n\t\t\t\t\r\n\t\t\t\t<div class=\"em-item-meta-line em-item-taxonomy em-event-categories\">\r\n\t\t\t\t\t<span class=\"em-icon-category em-icon\"><\/span>\r\n\t\t\t\t\t<div>\t<ul class=\"event-categories\">\r\n\t\t\t\t\t<li><a href=\"https:\/\/www.komedija.hr\/www\/events\/categories\/klub-kazalista-komedija-cesarceva-2\/\">KLUB KAZALI\u0160TA KOMEDIJA (Cesar\u010deva 2)<\/a><\/li>\r\n\t\t\t\t\t<li><a href=\"https:\/\/www.komedija.hr\/www\/events\/categories\/kazaliste-komedija\/\">[ KAZALI\u0160TE KOMEDIJA ]<\/a><\/li>\r\n\t\t\t\t\t<li><a href=\"https:\/\/www.komedija.hr\/www\/events\/categories\/_pr-cabaret\/\">_PR-cabaret<\/a><\/li>\r\n\t\t\t<\/ul>\r\n\t<\/div>\r\n\t\t\t\t<\/div>\r\n\t\t\t\t\r\n\t\t\t\t\r\n\t\t\t<\/div>\r\n\t\t\t<div class=\"em-item-desc\">\r\n\t\t\t\t[includeme post_id=14546] Ulaznice dostupne online na ulaznice.hr te na blagajni Kluba Kazali\u0161ta Komedija. Radno vrijeme blagajne je od 18:30 do 21:30,&nbsp;isklju\u010divo na dane kada se [...]\r\n\t\t\t<\/div>\r\n\t\t\t<div class=\"em-item-actions input\">\r\n\t\t\t\t<a class=\"em-item-read-more button\" href=\"https:\/\/www.komedija.hr\/www\/events\/i-l-lemo-cabaret-zagrepcanke-i-staticar-2\/\">More Info<\/a>\r\n\t\t\t\t\r\n\t\t\t<\/div>\r\n\t\t<\/div>\r\n\t<\/div>\r\n<\/div>\t\t<\/div><!-- content -->\n\t\n\t<\/div><!-- modal -->\n<\/div>\t\t\t\t\t<div class=\"em pixelbones em-calendar-preview em-modal em-cal-event-content\" data-event-id=\"2480\" data-parent=\"em-cal-events-content-1513276009\">\n\t<div class=\"em-modal-popup\">\n\t\t<header>\n\t\t\t<a class=\"em-close-modal\"><\/a><!-- close modal -->\n\t\t\t<div class=\"em-modal-title\">\n\t\t\t\t<a href=\"https:\/\/www.komedija.hr\/www\/events\/cabaret-orient-express-by-miro-ungar-32\/\">CABARET \u201eORIENT EXPRESS\u201c BY MIRO UNGAR<\/a>\t\t\t<\/div>\n\t\t<\/header>\n\t\t<div class=\"em-modal-content\">\n\t\t\t<div class=\"em pixelbones em-calendar-preview em-list em-events-list\">\r\n\t<div class=\"em-event em-item\" style=\"--default-border:#274e91\">\r\n\t\t<div class=\"em-item-image \">\r\n\t\t\t\r\n\t\t\t<img src='https:\/\/www.komedija.hr\/www\/wp-content\/uploads\/2025\/03\/Cabaret-Orient-Express-by-Miro-Ungar_WEB_feature-post_350x245.png' alt='CABARET \u201eORIENT EXPRESS\u201c BY MIRO UNGAR'\/>\r\n\t\t\t\r\n\t\t\t\r\n\t\t<\/div>\r\n\t\t<div class=\"em-item-info\">\r\n\t\t\t<div class=\"em-event-meta em-item-meta\">\r\n\t\t\t\t<div class=\"em-item-meta-line em-event-date em-event-meta-datetime\">\r\n\t\t\t\t\t<span class=\"em-icon-calendar em-icon\"><\/span>\r\n\t\t\t\t\t\u010cetvrtak, 17.9.2026.\u00a0\u00a0\u00a0\u00a0\r\n\t\t\t\t<\/div>\r\n\t\t\t\t<div class=\"em-item-meta-line em-event-time em-event-meta-datetime\">\r\n\t\t\t\t\t<span class=\"em-icon-clock em-icon\"><\/span>\r\n\t\t\t\t\t20:30 - 22:30\r\n\t\t\t\t<\/div>\r\n\t\t\t\t\r\n\t\t\t\t\r\n\t\t\t\t\r\n\t\t\t\t<div class=\"em-item-meta-line em-event-location\">\r\n\t\t\t\t\t<span class=\"em-icon-at em-icon\"><\/span>\r\n\t\t\t\t\t<a href=\"https:\/\/www.ulaznice.hr\/web\/event-browse\/8\/21287\" target=\"_blank\">KUPI ULAZNICE<\/a>\r\n\t\t\t\t<\/div>\r\n\t\t\t\t\r\n\t\t\t\t\r\n\t\t\t\t<div class=\"em-item-meta-line em-item-taxonomy em-event-categories\">\r\n\t\t\t\t\t<span class=\"em-icon-category em-icon\"><\/span>\r\n\t\t\t\t\t<div>\t<ul class=\"event-categories\">\r\n\t\t\t\t\t<li><a href=\"https:\/\/www.komedija.hr\/www\/events\/categories\/klub-kazalista-komedija-cesarceva-2\/\">KLUB KAZALI\u0160TA KOMEDIJA (Cesar\u010deva 2)<\/a><\/li>\r\n\t\t\t\t\t<li><a href=\"https:\/\/www.komedija.hr\/www\/events\/categories\/kazaliste-komedija\/\">[ KAZALI\u0160TE KOMEDIJA ]<\/a><\/li>\r\n\t\t\t\t\t<li><a href=\"https:\/\/www.komedija.hr\/www\/events\/categories\/_pr-orientexp\/\">_PR-orientexp<\/a><\/li>\r\n\t\t\t<\/ul>\r\n\t<\/div>\r\n\t\t\t\t<\/div>\r\n\t\t\t\t\r\n\t\t\t\t\r\n\t\t\t<\/div>\r\n\t\t\t<div class=\"em-item-desc\">\r\n\t\t\t\tCABARET \u201eORIENT EXPRESS\u201c BY MIRO UNGAR Svi u vlak! Kre\u0107emo! Polazak! Miro Ungar vodi nas ovaj put na jedno romanti\u010dno glazbeno putovanje legendarnim vlakom \u201eOrient [...]\r\n\t\t\t<\/div>\r\n\t\t\t<div class=\"em-item-actions input\">\r\n\t\t\t\t<a class=\"em-item-read-more button\" href=\"https:\/\/www.komedija.hr\/www\/events\/cabaret-orient-express-by-miro-ungar-32\/\">More Info<\/a>\r\n\t\t\t\t\r\n\t\t\t<\/div>\r\n\t\t<\/div>\r\n\t<\/div>\r\n<\/div>\t\t<\/div><!-- content -->\n\t\n\t<\/div><!-- modal -->\n<\/div>\t\t\t\t\t<div class=\"em pixelbones em-calendar-preview em-modal em-cal-event-content\" data-event-id=\"2484\" data-parent=\"em-cal-events-content-1513276009\">\n\t<div class=\"em-modal-popup\">\n\t\t<header>\n\t\t\t<a class=\"em-close-modal\"><\/a><!-- close modal -->\n\t\t\t<div class=\"em-modal-title\">\n\t\t\t\t<a href=\"https:\/\/www.komedija.hr\/www\/events\/adam-koncic-kaj-je-ljubav\/\">Adam Kon\u010di\u0107: KAJ JE LJUBAV<\/a>\t\t\t<\/div>\n\t\t<\/header>\n\t\t<div class=\"em-modal-content\">\n\t\t\t<div class=\"em pixelbones em-calendar-preview em-list em-events-list\">\r\n\t<div class=\"em-event em-item\" style=\"--default-border:#274e91\">\r\n\t\t<div class=\"em-item-image \">\r\n\t\t\t\r\n\t\t\t<img src='https:\/\/www.komedija.hr\/www\/wp-content\/uploads\/2023\/02\/kaj_je_ljubav_B2.jpg' alt='Adam Kon\u010di\u0107: KAJ JE LJUBAV'\/>\r\n\t\t\t\r\n\t\t\t\r\n\t\t<\/div>\r\n\t\t<div class=\"em-item-info\">\r\n\t\t\t<div class=\"em-event-meta em-item-meta\">\r\n\t\t\t\t<div class=\"em-item-meta-line em-event-date em-event-meta-datetime\">\r\n\t\t\t\t\t<span class=\"em-icon-calendar em-icon\"><\/span>\r\n\t\t\t\t\tPetak, 18.9.2026.\u00a0\u00a0\u00a0\u00a0\r\n\t\t\t\t<\/div>\r\n\t\t\t\t<div class=\"em-item-meta-line em-event-time em-event-meta-datetime\">\r\n\t\t\t\t\t<span class=\"em-icon-clock em-icon\"><\/span>\r\n\t\t\t\t\t20:00 - 21:15\r\n\t\t\t\t<\/div>\r\n\t\t\t\t\r\n\t\t\t\t\r\n\t\t\t\t\r\n\t\t\t\t<div class=\"em-item-meta-line em-event-location\">\r\n\t\t\t\t\t<span class=\"em-icon-at em-icon\"><\/span>\r\n\t\t\t\t\t<a href=\"https:\/\/www.ulaznice.hr\/web\/event-browse\/8\/21291\" target=\"_blank\">KUPI ULAZNICE<\/a>\r\n\t\t\t\t<\/div>\r\n\t\t\t\t\r\n\t\t\t\t\r\n\t\t\t\t<div class=\"em-item-meta-line em-item-taxonomy em-event-categories\">\r\n\t\t\t\t\t<span class=\"em-icon-category em-icon\"><\/span>\r\n\t\t\t\t\t<div>\t<ul class=\"event-categories\">\r\n\t\t\t\t\t<li><a href=\"https:\/\/www.komedija.hr\/www\/events\/categories\/klub-kazalista-komedija-cesarceva-2\/\">KLUB KAZALI\u0160TA KOMEDIJA (Cesar\u010deva 2)<\/a><\/li>\r\n\t\t\t\t\t<li><a href=\"https:\/\/www.komedija.hr\/www\/events\/categories\/kazaliste-komedija\/\">[ KAZALI\u0160TE KOMEDIJA ]<\/a><\/li>\r\n\t\t\t\t\t<li><a href=\"https:\/\/www.komedija.hr\/www\/events\/categories\/_pr-kaj-je-ljubav\/\">_PR-kaj-je-ljubav<\/a><\/li>\r\n\t\t\t<\/ul>\r\n\t<\/div>\r\n\t\t\t\t<\/div>\r\n\t\t\t\t\r\n\t\t\t\t\r\n\t\t\t<\/div>\r\n\t\t\t<div class=\"em-item-desc\">\r\n\t\t\t\t[includeme post_id=16497] Ulaznice dostupne online na ulaznice.hr te na blagajni Kluba Kazali\u0161ta Komedija. Radno vrijeme blagajne je od 18:30 do 21:30, isklju\u010divo na dane kada [...]\r\n\t\t\t<\/div>\r\n\t\t\t<div class=\"em-item-actions input\">\r\n\t\t\t\t<a class=\"em-item-read-more button\" href=\"https:\/\/www.komedija.hr\/www\/events\/adam-koncic-kaj-je-ljubav\/\">More Info<\/a>\r\n\t\t\t\t\r\n\t\t\t<\/div>\r\n\t\t<\/div>\r\n\t<\/div>\r\n<\/div>\t\t<\/div><!-- content -->\n\t\n\t<\/div><!-- modal -->\n<\/div>\t\t\t\t\t<div class=\"em pixelbones em-calendar-preview em-modal em-cal-event-content\" data-event-id=\"2487\" data-parent=\"em-cal-events-content-1513276009\">\n\t<div class=\"em-modal-popup\">\n\t\t<header>\n\t\t\t<a class=\"em-close-modal\"><\/a><!-- close modal -->\n\t\t\t<div class=\"em-modal-title\">\n\t\t\t\t<a href=\"https:\/\/www.komedija.hr\/www\/events\/maja-savic-new-quartet-invitation-vecer-suvremenog-jazza\/\">Maja Savi\u0107 New Quartet: Invitation \u2013 Ve\u010der suvremenog jazza<\/a>\t\t\t<\/div>\n\t\t<\/header>\n\t\t<div class=\"em-modal-content\">\n\t\t\t<div class=\"em pixelbones em-calendar-preview em-list em-events-list\">\r\n\t<div class=\"em-event em-item\" style=\"--default-border:#274e91\">\r\n\t\t<div class=\"em-item-image \">\r\n\t\t\t\r\n\t\t\t<img src='https:\/\/www.komedija.hr\/www\/wp-content\/uploads\/2026\/07\/MAJA_SAVIC_New_Quartet_WEB_700x490.jpg' alt='Maja Savi\u0107 New Quartet: Invitation \u2013 Ve\u010der suvremenog jazza'\/>\r\n\t\t\t\r\n\t\t\t\r\n\t\t<\/div>\r\n\t\t<div class=\"em-item-info\">\r\n\t\t\t<div class=\"em-event-meta em-item-meta\">\r\n\t\t\t\t<div class=\"em-item-meta-line em-event-date em-event-meta-datetime\">\r\n\t\t\t\t\t<span class=\"em-icon-calendar em-icon\"><\/span>\r\n\t\t\t\t\tSubota, 19.9.2026.\u00a0\u00a0\u00a0\u00a0\r\n\t\t\t\t<\/div>\r\n\t\t\t\t<div class=\"em-item-meta-line em-event-time em-event-meta-datetime\">\r\n\t\t\t\t\t<span class=\"em-icon-clock em-icon\"><\/span>\r\n\t\t\t\t\t21:00 - 23:00\r\n\t\t\t\t<\/div>\r\n\t\t\t\t\r\n\t\t\t\t\r\n\t\t\t\t\r\n\t\t\t\t<div class=\"em-item-meta-line em-event-location\">\r\n\t\t\t\t\t<span class=\"em-icon-at em-icon\"><\/span>\r\n\t\t\t\t\t<a href=\"https:\/\/www.ulaznice.hr\/web\/event-browse\/8\/21327\" target=\"_blank\">KUPI ULAZNICE<\/a>\r\n\t\t\t\t<\/div>\r\n\t\t\t\t\r\n\t\t\t\t\r\n\t\t\t\t<div class=\"em-item-meta-line em-item-taxonomy em-event-categories\">\r\n\t\t\t\t\t<span class=\"em-icon-category em-icon\"><\/span>\r\n\t\t\t\t\t<div>\t<ul class=\"event-categories\">\r\n\t\t\t\t\t<li><a href=\"https:\/\/www.komedija.hr\/www\/events\/categories\/klub-kazalista-komedija-cesarceva-2\/\">KLUB KAZALI\u0160TA KOMEDIJA (Cesar\u010deva 2)<\/a><\/li>\r\n\t\t\t<\/ul>\r\n\t<\/div>\r\n\t\t\t\t<\/div>\r\n\t\t\t\t\r\n\t\t\t\t\r\n\t\t\t<\/div>\r\n\t\t\t<div class=\"em-item-desc\">\r\n\t\t\t\tInvitation \u2013 Ve\u010der suvremenog jazza Klub Kazali\u0161ta Komedija \u2013 Kontesa premijerno predstavlja Maja Savi\u0107 New Quartet, novi sastav jazz vokalistice Maje Savi\u0107 koji donosi spoj [...]\r\n\t\t\t<\/div>\r\n\t\t\t<div class=\"em-item-actions input\">\r\n\t\t\t\t<a class=\"em-item-read-more button\" href=\"https:\/\/www.komedija.hr\/www\/events\/maja-savic-new-quartet-invitation-vecer-suvremenog-jazza\/\">More Info<\/a>\r\n\t\t\t\t\r\n\t\t\t<\/div>\r\n\t\t<\/div>\r\n\t<\/div>\r\n<\/div>\t\t<\/div><!-- content -->\n\t\n\t<\/div><!-- modal -->\n<\/div>\t\t\t\t\t<div class=\"em pixelbones em-calendar-preview em-modal em-cal-event-content\" data-event-id=\"2486\" data-parent=\"em-cal-events-content-1513276009\">\n\t<div class=\"em-modal-popup\">\n\t\t<header>\n\t\t\t<a class=\"em-close-modal\"><\/a><!-- close modal -->\n\t\t\t<div class=\"em-modal-title\">\n\t\t\t\t<a href=\"https:\/\/www.komedija.hr\/www\/events\/mariachi-los-caballeros-koncert\/\">Mariachi Los Caballeros, koncert<\/a>\t\t\t<\/div>\n\t\t<\/header>\n\t\t<div class=\"em-modal-content\">\n\t\t\t<div class=\"em pixelbones em-calendar-preview em-list em-events-list\">\r\n\t<div class=\"em-event em-item\" style=\"--default-border:#274e91\">\r\n\t\t<div class=\"em-item-image \">\r\n\t\t\t\r\n\t\t\t<img src='https:\/\/www.komedija.hr\/www\/wp-content\/uploads\/2025\/06\/Mariachi_Los_Caballeros_WEB_feature-post_350x245.jpg' alt='Mariachi Los Caballeros, koncert'\/>\r\n\t\t\t\r\n\t\t\t\r\n\t\t<\/div>\r\n\t\t<div class=\"em-item-info\">\r\n\t\t\t<div class=\"em-event-meta em-item-meta\">\r\n\t\t\t\t<div class=\"em-item-meta-line em-event-date em-event-meta-datetime\">\r\n\t\t\t\t\t<span class=\"em-icon-calendar em-icon\"><\/span>\r\n\t\t\t\t\tUtorak, 22.9.2026.\u00a0\u00a0\u00a0\u00a0\r\n\t\t\t\t<\/div>\r\n\t\t\t\t<div class=\"em-item-meta-line em-event-time em-event-meta-datetime\">\r\n\t\t\t\t\t<span class=\"em-icon-clock em-icon\"><\/span>\r\n\t\t\t\t\t21:00 - 23:00\r\n\t\t\t\t<\/div>\r\n\t\t\t\t\r\n\t\t\t\t\r\n\t\t\t\t\r\n\t\t\t\t<div class=\"em-item-meta-line em-event-location\">\r\n\t\t\t\t\t<span class=\"em-icon-at em-icon\"><\/span>\r\n\t\t\t\t\t<a href=\"https:\/\/www.ulaznice.hr\/web\/event-browse\/8\/21307\" target=\"_blank\">KUPI ULAZNICE<\/a>\r\n\t\t\t\t<\/div>\r\n\t\t\t\t\r\n\t\t\t\t\r\n\t\t\t\t<div class=\"em-item-meta-line em-item-taxonomy em-event-categories\">\r\n\t\t\t\t\t<span class=\"em-icon-category em-icon\"><\/span>\r\n\t\t\t\t\t<div>\t<ul class=\"event-categories\">\r\n\t\t\t\t\t<li><a href=\"https:\/\/www.komedija.hr\/www\/events\/categories\/klub-kazalista-komedija-cesarceva-2\/\">KLUB KAZALI\u0160TA KOMEDIJA (Cesar\u010deva 2)<\/a><\/li>\r\n\t\t\t<\/ul>\r\n\t<\/div>\r\n\t\t\t\t<\/div>\r\n\t\t\t\t\r\n\t\t\t\t\r\n\t\t\t<\/div>\r\n\t\t\t<div class=\"em-item-desc\">\r\n\t\t\t\tPro\u0161lo je dvadeset godina od prvog nastupa u Zagrebu nakon kojeg Mariachi Los Caballeros &nbsp;nisu niti sanjali da \u0107e s istim ansamblom proputovati Hrvatsku, Europu [...]\r\n\t\t\t<\/div>\r\n\t\t\t<div class=\"em-item-actions input\">\r\n\t\t\t\t<a class=\"em-item-read-more button\" href=\"https:\/\/www.komedija.hr\/www\/events\/mariachi-los-caballeros-koncert\/\">More Info<\/a>\r\n\t\t\t\t\r\n\t\t\t<\/div>\r\n\t\t<\/div>\r\n\t<\/div>\r\n<\/div>\t\t<\/div><!-- content -->\n\t\n\t<\/div><!-- modal -->\n<\/div>\t\t\t\t\t<div class=\"em pixelbones em-calendar-preview em-modal em-cal-event-content\" data-event-id=\"2485\" data-parent=\"em-cal-events-content-1513276009\">\n\t<div class=\"em-modal-popup\">\n\t\t<header>\n\t\t\t<a class=\"em-close-modal\"><\/a><!-- close modal -->\n\t\t\t<div class=\"em-modal-title\">\n\t\t\t\t<a href=\"https:\/\/www.komedija.hr\/www\/events\/pod-kazalisnim-nebom-songovi-i-stihovi\/\">POD KAZALI\u0160NIM NEBOM \u2013 songovi i stihovi<\/a>\t\t\t<\/div>\n\t\t<\/header>\n\t\t<div class=\"em-modal-content\">\n\t\t\t<div class=\"em pixelbones em-calendar-preview em-list em-events-list\">\r\n\t<div class=\"em-event em-item\" style=\"--default-border:#274e91\">\r\n\t\t<div class=\"em-item-image \">\r\n\t\t\t\r\n\t\t\t<img src='https:\/\/www.komedija.hr\/www\/wp-content\/uploads\/2026\/02\/Pod-kazalisnim-nebom_WEB_feature-post_350x245.png' alt='POD KAZALI\u0160NIM NEBOM \u2013 songovi i stihovi'\/>\r\n\t\t\t\r\n\t\t\t\r\n\t\t<\/div>\r\n\t\t<div class=\"em-item-info\">\r\n\t\t\t<div class=\"em-event-meta em-item-meta\">\r\n\t\t\t\t<div class=\"em-item-meta-line em-event-date em-event-meta-datetime\">\r\n\t\t\t\t\t<span class=\"em-icon-calendar em-icon\"><\/span>\r\n\t\t\t\t\tSrijeda, 23.9.2026.\u00a0\u00a0\u00a0\u00a0\r\n\t\t\t\t<\/div>\r\n\t\t\t\t<div class=\"em-item-meta-line em-event-time em-event-meta-datetime\">\r\n\t\t\t\t\t<span class=\"em-icon-clock em-icon\"><\/span>\r\n\t\t\t\t\t20:00 - 21:30\r\n\t\t\t\t<\/div>\r\n\t\t\t\t\r\n\t\t\t\t\r\n\t\t\t\t\r\n\t\t\t\t<div class=\"em-item-meta-line em-event-location\">\r\n\t\t\t\t\t<span class=\"em-icon-at em-icon\"><\/span>\r\n\t\t\t\t\t<a href=\"https:\/\/www.ulaznice.hr\/web\/event-browse\/8\/21292\" target=\"_blank\">KUPI ULAZNICE<\/a>\r\n\t\t\t\t<\/div>\r\n\t\t\t\t\r\n\t\t\t\t\r\n\t\t\t\t<div class=\"em-item-meta-line em-item-taxonomy em-event-categories\">\r\n\t\t\t\t\t<span class=\"em-icon-category em-icon\"><\/span>\r\n\t\t\t\t\t<div>\t<ul class=\"event-categories\">\r\n\t\t\t\t\t<li><a href=\"https:\/\/www.komedija.hr\/www\/events\/categories\/klub-kazalista-komedija-cesarceva-2\/\">KLUB KAZALI\u0160TA KOMEDIJA (Cesar\u010deva 2)<\/a><\/li>\r\n\t\t\t\t\t<li><a href=\"https:\/\/www.komedija.hr\/www\/events\/categories\/kazaliste-komedija\/\">[ KAZALI\u0160TE KOMEDIJA ]<\/a><\/li>\r\n\t\t\t<\/ul>\r\n\t<\/div>\r\n\t\t\t\t<\/div>\r\n\t\t\t\t\r\n\t\t\t\t\r\n\t\t\t<\/div>\r\n\t\t\t<div class=\"em-item-desc\">\r\n\t\t\t\tUmjetnici na\u0161eg Kazali\u0161ta pripremili su program koji spaja govornu i pjevanu rije\u010d, glazbu, pokret te publici nude stihove znane, neznane, zaboravljene, evergrine literature, male kazali\u0161ne [...]\r\n\t\t\t<\/div>\r\n\t\t\t<div class=\"em-item-actions input\">\r\n\t\t\t\t<a class=\"em-item-read-more button\" href=\"https:\/\/www.komedija.hr\/www\/events\/pod-kazalisnim-nebom-songovi-i-stihovi\/\">More Info<\/a>\r\n\t\t\t\t\r\n\t\t\t<\/div>\r\n\t\t<\/div>\r\n\t<\/div>\r\n<\/div>\t\t<\/div><!-- content -->\n\t\n\t<\/div><!-- modal -->\n<\/div>\t\t\t\t\t<div class=\"em pixelbones em-calendar-preview em-modal em-cal-event-content\" data-event-id=\"2482\" data-parent=\"em-cal-events-content-1513276009\">\n\t<div class=\"em-modal-popup\">\n\t\t<header>\n\t\t\t<a class=\"em-close-modal\"><\/a><!-- close modal -->\n\t\t\t<div class=\"em-modal-title\">\n\t\t\t\t<a href=\"https:\/\/www.komedija.hr\/www\/events\/cabaret-esprit-de-paris-by-miro-ungar-2\/\">Cabaret &quot;Esprit de Paris&quot; by Miro Ungar<\/a>\t\t\t<\/div>\n\t\t<\/header>\n\t\t<div class=\"em-modal-content\">\n\t\t\t<div class=\"em pixelbones em-calendar-preview em-list em-events-list\">\r\n\t<div class=\"em-event em-item\" style=\"--default-border:#274e91\">\r\n\t\t<div class=\"em-item-image \">\r\n\t\t\t\r\n\t\t\t<img src='https:\/\/www.komedija.hr\/www\/wp-content\/uploads\/2026\/05\/Cabaret-Esprit-de-Paris-by-Miro-Ungar_WEB_feature-post_350x245.png' alt='Cabaret &quot;Esprit de Paris&quot; by Miro Ungar'\/>\r\n\t\t\t\r\n\t\t\t\r\n\t\t<\/div>\r\n\t\t<div class=\"em-item-info\">\r\n\t\t\t<div class=\"em-event-meta em-item-meta\">\r\n\t\t\t\t<div class=\"em-item-meta-line em-event-date em-event-meta-datetime\">\r\n\t\t\t\t\t<span class=\"em-icon-calendar em-icon\"><\/span>\r\n\t\t\t\t\tPetak, 25.9.2026.\u00a0\u00a0\u00a0\u00a0\r\n\t\t\t\t<\/div>\r\n\t\t\t\t<div class=\"em-item-meta-line em-event-time em-event-meta-datetime\">\r\n\t\t\t\t\t<span class=\"em-icon-clock em-icon\"><\/span>\r\n\t\t\t\t\t20:30 - 23:00\r\n\t\t\t\t<\/div>\r\n\t\t\t\t\r\n\t\t\t\t\r\n\t\t\t\t\r\n\t\t\t\t<div class=\"em-item-meta-line em-event-location\">\r\n\t\t\t\t\t<span class=\"em-icon-at em-icon\"><\/span>\r\n\t\t\t\t\t<a href=\"https:\/\/www.ulaznice.hr\/web\/event-browse\/8\/21289\" target=\"_blank\">KUPI ULAZNICE<\/a>\r\n\t\t\t\t<\/div>\r\n\t\t\t\t\r\n\t\t\t\t\r\n\t\t\t\t<div class=\"em-item-meta-line em-item-taxonomy em-event-categories\">\r\n\t\t\t\t\t<span class=\"em-icon-category em-icon\"><\/span>\r\n\t\t\t\t\t<div>\t<ul class=\"event-categories\">\r\n\t\t\t\t\t<li><a href=\"https:\/\/www.komedija.hr\/www\/events\/categories\/klub-kazalista-komedija-cesarceva-2\/\">KLUB KAZALI\u0160TA KOMEDIJA (Cesar\u010deva 2)<\/a><\/li>\r\n\t\t\t\t\t<li><a href=\"https:\/\/www.komedija.hr\/www\/events\/categories\/kazaliste-komedija\/\">[ KAZALI\u0160TE KOMEDIJA ]<\/a><\/li>\r\n\t\t\t\t\t<li><a href=\"https:\/\/www.komedija.hr\/www\/events\/categories\/_pr-cabaretesprit\/\">_PR-cabaretesprit<\/a><\/li>\r\n\t\t\t<\/ul>\r\n\t<\/div>\r\n\t\t\t\t<\/div>\r\n\t\t\t\t\r\n\t\t\t\t\r\n\t\t\t<\/div>\r\n\t\t\t<div class=\"em-item-desc\">\r\n\t\t\t\t\r\n\t\t\t<\/div>\r\n\t\t\t<div class=\"em-item-actions input\">\r\n\t\t\t\t<a class=\"em-item-read-more button\" href=\"https:\/\/www.komedija.hr\/www\/events\/cabaret-esprit-de-paris-by-miro-ungar-2\/\">More Info<\/a>\r\n\t\t\t\t\r\n\t\t\t<\/div>\r\n\t\t<\/div>\r\n\t<\/div>\r\n<\/div>\t\t<\/div><!-- content -->\n\t\n\t<\/div><!-- modal -->\n<\/div>\t\t\t\t\t<div class=\"em pixelbones em-calendar-preview em-modal em-cal-event-content\" data-event-id=\"2481\" data-parent=\"em-cal-events-content-1513276009\">\n\t<div class=\"em-modal-popup\">\n\t\t<header>\n\t\t\t<a class=\"em-close-modal\"><\/a><!-- close modal -->\n\t\t\t<div class=\"em-modal-title\">\n\t\t\t\t<a href=\"https:\/\/www.komedija.hr\/www\/events\/cabaret-orient-express-by-miro-ungar-33\/\">CABARET \u201eORIENT EXPRESS\u201c BY MIRO UNGAR<\/a>\t\t\t<\/div>\n\t\t<\/header>\n\t\t<div class=\"em-modal-content\">\n\t\t\t<div class=\"em pixelbones em-calendar-preview em-list em-events-list\">\r\n\t<div class=\"em-event em-item\" style=\"--default-border:#274e91\">\r\n\t\t<div class=\"em-item-image \">\r\n\t\t\t\r\n\t\t\t<img src='https:\/\/www.komedija.hr\/www\/wp-content\/uploads\/2025\/03\/Cabaret-Orient-Express-by-Miro-Ungar_WEB_feature-post_350x245.png' alt='CABARET \u201eORIENT EXPRESS\u201c BY MIRO UNGAR'\/>\r\n\t\t\t\r\n\t\t\t\r\n\t\t<\/div>\r\n\t\t<div class=\"em-item-info\">\r\n\t\t\t<div class=\"em-event-meta em-item-meta\">\r\n\t\t\t\t<div class=\"em-item-meta-line em-event-date em-event-meta-datetime\">\r\n\t\t\t\t\t<span class=\"em-icon-calendar em-icon\"><\/span>\r\n\t\t\t\t\tSrijeda, 30.9.2026.\u00a0\u00a0\u00a0\u00a0\r\n\t\t\t\t<\/div>\r\n\t\t\t\t<div class=\"em-item-meta-line em-event-time em-event-meta-datetime\">\r\n\t\t\t\t\t<span class=\"em-icon-clock em-icon\"><\/span>\r\n\t\t\t\t\t20:30 - 22:30\r\n\t\t\t\t<\/div>\r\n\t\t\t\t\r\n\t\t\t\t\r\n\t\t\t\t\r\n\t\t\t\t<div class=\"em-item-meta-line em-event-location\">\r\n\t\t\t\t\t<span class=\"em-icon-at em-icon\"><\/span>\r\n\t\t\t\t\t<a href=\"https:\/\/www.ulaznice.hr\/web\/event-browse\/8\/21288\" target=\"_blank\">KUPI ULAZNICE<\/a>\r\n\t\t\t\t<\/div>\r\n\t\t\t\t\r\n\t\t\t\t\r\n\t\t\t\t<div class=\"em-item-meta-line em-item-taxonomy em-event-categories\">\r\n\t\t\t\t\t<span class=\"em-icon-category em-icon\"><\/span>\r\n\t\t\t\t\t<div>\t<ul class=\"event-categories\">\r\n\t\t\t\t\t<li><a href=\"https:\/\/www.komedija.hr\/www\/events\/categories\/klub-kazalista-komedija-cesarceva-2\/\">KLUB KAZALI\u0160TA KOMEDIJA (Cesar\u010deva 2)<\/a><\/li>\r\n\t\t\t\t\t<li><a href=\"https:\/\/www.komedija.hr\/www\/events\/categories\/kazaliste-komedija\/\">[ KAZALI\u0160TE KOMEDIJA ]<\/a><\/li>\r\n\t\t\t\t\t<li><a href=\"https:\/\/www.komedija.hr\/www\/events\/categories\/_pr-orientexp\/\">_PR-orientexp<\/a><\/li>\r\n\t\t\t<\/ul>\r\n\t<\/div>\r\n\t\t\t\t<\/div>\r\n\t\t\t\t\r\n\t\t\t\t\r\n\t\t\t<\/div>\r\n\t\t\t<div class=\"em-item-desc\">\r\n\t\t\t\tCABARET \u201eORIENT EXPRESS\u201c BY MIRO UNGAR Svi u vlak! Kre\u0107emo! Polazak! Miro Ungar vodi nas ovaj put na jedno romanti\u010dno glazbeno putovanje legendarnim vlakom \u201eOrient [...]\r\n\t\t\t<\/div>\r\n\t\t\t<div class=\"em-item-actions input\">\r\n\t\t\t\t<a class=\"em-item-read-more button\" href=\"https:\/\/www.komedija.hr\/www\/events\/cabaret-orient-express-by-miro-ungar-33\/\">More Info<\/a>\r\n\t\t\t\t\r\n\t\t\t<\/div>\r\n\t\t<\/div>\r\n\t<\/div>\r\n<\/div>\t\t<\/div><!-- content -->\n\t\n\t<\/div><!-- modal -->\n<\/div>\t\t\t\t\t<div class=\"em pixelbones em-calendar-preview em-modal em-cal-event-content\" data-event-id=\"2489\" data-parent=\"em-cal-events-content-1513276009\">\n\t<div class=\"em-modal-popup\">\n\t\t<header>\n\t\t\t<a class=\"em-close-modal\"><\/a><!-- close modal -->\n\t\t\t<div class=\"em-modal-title\">\n\t\t\t\t<a href=\"https:\/\/www.komedija.hr\/www\/events\/momcilo-popadic-ca-je-zivot-vengo\/\">MOM\u010cILO POPADI\u0106: \u010cA JE \u017dIVOT VENGO...<\/a>\t\t\t<\/div>\n\t\t<\/header>\n\t\t<div class=\"em-modal-content\">\n\t\t\t<div class=\"em pixelbones em-calendar-preview em-list em-events-list\">\r\n\t<div class=\"em-event em-item\" style=\"--default-border:#274e91\">\r\n\t\t<div class=\"em-item-image \">\r\n\t\t\t\r\n\t\t\t<img src='https:\/\/www.komedija.hr\/www\/wp-content\/uploads\/2024\/03\/ca-je-zivot_FB-post_1200x1200.png' alt='MOM\u010cILO POPADI\u0106: \u010cA JE \u017dIVOT VENGO...'\/>\r\n\t\t\t\r\n\t\t\t\r\n\t\t<\/div>\r\n\t\t<div class=\"em-item-info\">\r\n\t\t\t<div class=\"em-event-meta em-item-meta\">\r\n\t\t\t\t<div class=\"em-item-meta-line em-event-date em-event-meta-datetime\">\r\n\t\t\t\t\t<span class=\"em-icon-calendar em-icon\"><\/span>\r\n\t\t\t\t\t\u010cetvrtak, 1.10.2026.\u00a0\u00a0\u00a0\u00a0\r\n\t\t\t\t<\/div>\r\n\t\t\t\t<div class=\"em-item-meta-line em-event-time em-event-meta-datetime\">\r\n\t\t\t\t\t<span class=\"em-icon-clock em-icon\"><\/span>\r\n\t\t\t\t\t20:30 - 22:00\r\n\t\t\t\t<\/div>\r\n\t\t\t\t\r\n\t\t\t\t\r\n\t\t\t\t\r\n\t\t\t\t<div class=\"em-item-meta-line em-event-location\">\r\n\t\t\t\t\t<span class=\"em-icon-at em-icon\"><\/span>\r\n\t\t\t\t\t<a href=\"https:\/\/www.ulaznice.hr\/web\/event-browse\/8\/21330\" target=\"_blank\">KUPI ULAZNICE<\/a>\r\n\t\t\t\t<\/div>\r\n\t\t\t\t\r\n\t\t\t\t\r\n\t\t\t\t<div class=\"em-item-meta-line em-item-taxonomy em-event-categories\">\r\n\t\t\t\t\t<span class=\"em-icon-category em-icon\"><\/span>\r\n\t\t\t\t\t<div>\t<ul class=\"event-categories\">\r\n\t\t\t\t\t<li><a href=\"https:\/\/www.komedija.hr\/www\/events\/categories\/klub-kazalista-komedija-cesarceva-2\/\">KLUB KAZALI\u0160TA KOMEDIJA (Cesar\u010deva 2)<\/a><\/li>\r\n\t\t\t<\/ul>\r\n\t<\/div>\r\n\t\t\t\t<\/div>\r\n\t\t\t\t\r\n\t\t\t\t\r\n\t\t\t<\/div>\r\n\t\t\t<div class=\"em-item-desc\">\r\n\t\t\t\tMOM\u010cILO POPADI\u0106: \u010cA JE \u017dIVOT VENGO... Organizator: Teatar Erato Igraju: Marjan Nejas\u030cmic\u0301 Banic\u0301, Petar Salec\u030cic\u0301 i Bojan Brajc\u030cic\u0301 Dramaturg: Bojan Brajc\u030cic\u0301 Producentica: Lidija Ivanda Cabaret [...]\r\n\t\t\t<\/div>\r\n\t\t\t<div class=\"em-item-actions input\">\r\n\t\t\t\t<a class=\"em-item-read-more button\" href=\"https:\/\/www.komedija.hr\/www\/events\/momcilo-popadic-ca-je-zivot-vengo\/\">More Info<\/a>\r\n\t\t\t\t\r\n\t\t\t<\/div>\r\n\t\t<\/div>\r\n\t<\/div>\r\n<\/div>\t\t<\/div><!-- content -->\n\t\n\t<\/div><!-- modal -->\n<\/div>\t\t\t\t\t<div class=\"em pixelbones em-calendar-preview em-modal em-cal-event-content\" data-event-id=\"2488\" data-parent=\"em-cal-events-content-1513276009\">\n\t<div class=\"em-modal-popup\">\n\t\t<header>\n\t\t\t<a class=\"em-close-modal\"><\/a><!-- close modal -->\n\t\t\t<div class=\"em-modal-title\">\n\t\t\t\t<a href=\"https:\/\/www.komedija.hr\/www\/events\/filmmusicorkestar-koncertna-promocija-albuma-barrique-iliti-sevdah-na-filmu-i-okolo-njega\/\">Filmmusicorkestar: koncertna promocija albuma BARRIQUE iliti sevdah na filmu i okolo njega<\/a>\t\t\t<\/div>\n\t\t<\/header>\n\t\t<div class=\"em-modal-content\">\n\t\t\t<div class=\"em pixelbones em-calendar-preview em-list em-events-list\">\r\n\t<div class=\"em-event em-item\" style=\"--default-border:#274e91\">\r\n\t\t<div class=\"em-item-image \">\r\n\t\t\t\r\n\t\t\t<img src='https:\/\/www.komedija.hr\/www\/wp-content\/uploads\/2026\/07\/filmmusicorkestar_WEB_700x490.png' alt='Filmmusicorkestar: koncertna promocija albuma BARRIQUE iliti sevdah na filmu i okolo njega'\/>\r\n\t\t\t\r\n\t\t\t\r\n\t\t<\/div>\r\n\t\t<div class=\"em-item-info\">\r\n\t\t\t<div class=\"em-event-meta em-item-meta\">\r\n\t\t\t\t<div class=\"em-item-meta-line em-event-date em-event-meta-datetime\">\r\n\t\t\t\t\t<span class=\"em-icon-calendar em-icon\"><\/span>\r\n\t\t\t\t\tPetak, 2.10.2026.\u00a0\u00a0\u00a0\u00a0\r\n\t\t\t\t<\/div>\r\n\t\t\t\t<div class=\"em-item-meta-line em-event-time em-event-meta-datetime\">\r\n\t\t\t\t\t<span class=\"em-icon-clock em-icon\"><\/span>\r\n\t\t\t\t\t20:30 - 22:30\r\n\t\t\t\t<\/div>\r\n\t\t\t\t\r\n\t\t\t\t\r\n\t\t\t\t\r\n\t\t\t\t<div class=\"em-item-meta-line em-event-location\">\r\n\t\t\t\t\t<span class=\"em-icon-at em-icon\"><\/span>\r\n\t\t\t\t\t<a href=\"https:\/\/www.ulaznice.hr\/web\/event-browse\/8\/21329\" target=\"_blank\">KUPI ULAZNICE<\/a>\r\n\t\t\t\t<\/div>\r\n\t\t\t\t\r\n\t\t\t\t\r\n\t\t\t\t<div class=\"em-item-meta-line em-item-taxonomy em-event-categories\">\r\n\t\t\t\t\t<span class=\"em-icon-category em-icon\"><\/span>\r\n\t\t\t\t\t<div>\t<ul class=\"event-categories\">\r\n\t\t\t\t\t<li><a href=\"https:\/\/www.komedija.hr\/www\/events\/categories\/klub-kazalista-komedija-cesarceva-2\/\">KLUB KAZALI\u0160TA KOMEDIJA (Cesar\u010deva 2)<\/a><\/li>\r\n\t\t\t<\/ul>\r\n\t<\/div>\r\n\t\t\t\t<\/div>\r\n\t\t\t\t\r\n\t\t\t\t\r\n\t\t\t<\/div>\r\n\t\t\t<div class=\"em-item-desc\">\r\n\t\t\t\tU godini u kojoj slave 10 godina postojanja Filmmusicorkestar nam tom prigodom donosi svoj drugi studijski album pod nazivom Barrique. Ovaj upe\u010datljivi naziv, budu\u0107i je [...]\r\n\t\t\t<\/div>\r\n\t\t\t<div class=\"em-item-actions input\">\r\n\t\t\t\t<a class=\"em-item-read-more button\" href=\"https:\/\/www.komedija.hr\/www\/events\/filmmusicorkestar-koncertna-promocija-albuma-barrique-iliti-sevdah-na-filmu-i-okolo-njega\/\">More Info<\/a>\r\n\t\t\t\t\r\n\t\t\t<\/div>\r\n\t\t<\/div>\r\n\t<\/div>\r\n<\/div>\t\t<\/div><!-- content -->\n\t\n\t<\/div><!-- modal -->\n<\/div>\t\t\t\t\t<div class=\"em pixelbones em-calendar-preview em-modal em-cal-event-content\" data-event-id=\"2496\" data-parent=\"em-cal-events-content-1513276009\">\n\t<div class=\"em-modal-popup\">\n\t\t<header>\n\t\t\t<a class=\"em-close-modal\"><\/a><!-- close modal -->\n\t\t\t<div class=\"em-modal-title\">\n\t\t\t\t<a href=\"https:\/\/www.komedija.hr\/www\/events\/sandra-bagaric-izmedu-nota-i-zivota-premijera\/\">Sandra Bagari\u0107: IZME\u0110U NOTA I \u017dIVOTA, premijera<\/a>\t\t\t<\/div>\n\t\t<\/header>\n\t\t<div class=\"em-modal-content\">\n\t\t\t<div class=\"em pixelbones em-calendar-preview em-list em-events-list\">\r\n\t<div class=\"em-event em-item\" style=\"--default-border:#274e91\">\r\n\t\t<div class=\"em-item-image \">\r\n\t\t\t\r\n\t\t\t<img src='https:\/\/www.komedija.hr\/www\/wp-content\/uploads\/2026\/07\/sandra-bagaric_izmedu-nota-i-zivota_WEB_700x490.png' alt='Sandra Bagari\u0107: IZME\u0110U NOTA I \u017dIVOTA, premijera'\/>\r\n\t\t\t\r\n\t\t\t\r\n\t\t<\/div>\r\n\t\t<div class=\"em-item-info\">\r\n\t\t\t<div class=\"em-event-meta em-item-meta\">\r\n\t\t\t\t<div class=\"em-item-meta-line em-event-date em-event-meta-datetime\">\r\n\t\t\t\t\t<span class=\"em-icon-calendar em-icon\"><\/span>\r\n\t\t\t\t\tSubota, 3.10.2026.\u00a0\u00a0\u00a0\u00a0\r\n\t\t\t\t<\/div>\r\n\t\t\t\t<div class=\"em-item-meta-line em-event-time em-event-meta-datetime\">\r\n\t\t\t\t\t<span class=\"em-icon-clock em-icon\"><\/span>\r\n\t\t\t\t\t21:00 - 23:00\r\n\t\t\t\t<\/div>\r\n\t\t\t\t\r\n\t\t\t\t\r\n\t\t\t\t\r\n\t\t\t\t<div class=\"em-item-meta-line em-event-location\">\r\n\t\t\t\t\t<span class=\"em-icon-at em-icon\"><\/span>\r\n\t\t\t\t\t<a href=\"https:\/\/www.ulaznice.hr\/web\/event-browse\/8\/21387\" target=\"_blank\">KUPI ULAZNICE<\/a>\r\n\t\t\t\t<\/div>\r\n\t\t\t\t\r\n\t\t\t\t\r\n\t\t\t\t<div class=\"em-item-meta-line em-item-taxonomy em-event-categories\">\r\n\t\t\t\t\t<span class=\"em-icon-category em-icon\"><\/span>\r\n\t\t\t\t\t<div>\t<ul class=\"event-categories\">\r\n\t\t\t\t\t<li><a href=\"https:\/\/www.komedija.hr\/www\/events\/categories\/klub-kazalista-komedija-cesarceva-2\/\">KLUB KAZALI\u0160TA KOMEDIJA (Cesar\u010deva 2)<\/a><\/li>\r\n\t\t\t<\/ul>\r\n\t<\/div>\r\n\t\t\t\t<\/div>\r\n\t\t\t\t\r\n\t\t\t\t\r\n\t\t\t<\/div>\r\n\t\t\t<div class=\"em-item-desc\">\r\n\t\t\t\tSandra Bagari\u0107 otvara vrata svog privatnog i umjetni\u010dkog svijeta u predstavi koja spaja koncert i osobnu ispovijed. Uz \u017eivotnu i klavirsku pratnju supruga Darka Domitrovi\u0107a, [...]\r\n\t\t\t<\/div>\r\n\t\t\t<div class=\"em-item-actions input\">\r\n\t\t\t\t<a class=\"em-item-read-more button\" href=\"https:\/\/www.komedija.hr\/www\/events\/sandra-bagaric-izmedu-nota-i-zivota-premijera\/\">More Info<\/a>\r\n\t\t\t\t\r\n\t\t\t<\/div>\r\n\t\t<\/div>\r\n\t<\/div>\r\n<\/div>\t\t<\/div><!-- content -->\n\t\n\t<\/div><!-- modal -->\n<\/div>\t\t\t\t\t\t\t\t\t\t<div class=\"em pixelbones em-calendar-preview em-modal em-cal-date-content\" data-calendar-date=\"1788134400\" data-parent=\"em-cal-events-content-1513276009\">\n\t<div class=\"em-modal-popup\">\n\t\t<header>\n\t\t\t<a class=\"em-close-modal\"><\/a><!-- close modal -->\n\t\t\t<div class=\"em-modal-title\">\n\t\t\t\tEvents on Ponedjeljak, 31.8.2026.\t\t\t<\/div>\n\t\t<\/header>\n\t\t<div class=\"em-modal-content em pixelbones em-calendar-preview em-list-widget em-events-widget\">\n\t\t\t\t\t\t\t<div class=\"em-item em-event\" style=\"--default-border:#4f4f4f\">\r\n\t<div class=\"em-item-image \" style=\"max-width:150px\">\r\n\t\t\r\n\t\t<img loading=\"lazy\" decoding=\"async\" width=\"100\" height=\"100\" src=\"https:\/\/www.komedija.hr\/www\/wp-content\/uploads\/2025\/04\/six_WEB_feature-post_350x245-150x150.png\" class=\"attachment-100x100 size-100x100 wp-post-image\" alt=\"Toby Marlow i Lucy Moss: SIX\" \/>\r\n\t\t\r\n\t\t\r\n\t<\/div>\r\n\t<div class=\"em-item-info\">\r\n\t\t<div class=\"em-item-name\"><a href=\"https:\/\/www.komedija.hr\/www\/events\/toby-marlow-i-lucy-moss-six\/\">Toby Marlow i Lucy Moss: SIX<\/a><\/div>\r\n\t\t<div class=\"em-item-meta\">\r\n\t\t\t<div class=\"em-item-meta-line em-event-date em-event-meta-datetime\">\r\n\t\t\t\t<span class=\"em-icon em-icon-calendar\"><\/span>\r\n\t\t\t\t<span>31 kol 26<\/span>\r\n\t\t\t<\/div>\r\n\t\t\t<div class=\"em-item-meta-line em-event-location em-event-meta-location\">\r\n\t\t\t\t<span class=\"em-icon em-icon-location\"><\/span>\r\n\t\t\t\t<span><\/span>\r\n\t\t\t<\/div>\r\n\t\t<\/div>\r\n\t<\/div>\r\n<\/div>\t\t\t\t\t<\/div><!-- content -->\n\t\t\t<\/div><!-- modal -->\n<\/div>\t\t\t\t\t\t\t\t\t\t\t\t\t\t\t\t\t\t\t\t\t\t\t\t\t\t\t\t\t\t\t\t\t\t\t\t\t\t<div class=\"em pixelbones em-calendar-preview em-modal em-cal-date-content\" data-calendar-date=\"1789084800\" data-parent=\"em-cal-events-content-1513276009\">\n\t<div class=\"em-modal-popup\">\n\t\t<header>\n\t\t\t<a class=\"em-close-modal\"><\/a><!-- close modal -->\n\t\t\t<div class=\"em-modal-title\">\n\t\t\t\tEvents on Petak, 11.9.2026.\t\t\t<\/div>\n\t\t<\/header>\n\t\t<div class=\"em-modal-content em pixelbones em-calendar-preview em-list-widget em-events-widget\">\n\t\t\t\t\t\t\t<div class=\"em-item em-event\" style=\"--default-border:#274e91\">\r\n\t<div class=\"em-item-image \" style=\"max-width:150px\">\r\n\t\t\r\n\t\t<img loading=\"lazy\" decoding=\"async\" width=\"100\" height=\"100\" src=\"https:\/\/www.komedija.hr\/www\/wp-content\/uploads\/2026\/05\/Cabaret-Esprit-de-Paris-by-Miro-Ungar_WEB_feature-post_350x245-150x150.png\" class=\"attachment-100x100 size-100x100 wp-post-image\" alt=\"Cabaret &quot;Esprit de Paris&quot; by Miro Ungar\" \/>\r\n\t\t\r\n\t\t\r\n\t<\/div>\r\n\t<div class=\"em-item-info\">\r\n\t\t<div class=\"em-item-name\"><a href=\"https:\/\/www.komedija.hr\/www\/events\/cabaret-esprit-de-paris-by-miro-ungar-3\/\">Cabaret &quot;Esprit de Paris&quot; by Miro Ungar<\/a><\/div>\r\n\t\t<div class=\"em-item-meta\">\r\n\t\t\t<div class=\"em-item-meta-line em-event-date em-event-meta-datetime\">\r\n\t\t\t\t<span class=\"em-icon em-icon-calendar\"><\/span>\r\n\t\t\t\t<span>11 ruj 26<\/span>\r\n\t\t\t<\/div>\r\n\t\t\t<div class=\"em-item-meta-line em-event-location em-event-meta-location\">\r\n\t\t\t\t<span class=\"em-icon em-icon-location\"><\/span>\r\n\t\t\t\t<span><\/span>\r\n\t\t\t<\/div>\r\n\t\t<\/div>\r\n\t<\/div>\r\n<\/div>\t\t\t\t\t<\/div><!-- content -->\n\t\t\t<\/div><!-- modal -->\n<\/div>\t\t\t\t\t\t\t\t<div class=\"em pixelbones em-calendar-preview em-modal em-cal-date-content\" data-calendar-date=\"1789171200\" data-parent=\"em-cal-events-content-1513276009\">\n\t<div class=\"em-modal-popup\">\n\t\t<header>\n\t\t\t<a class=\"em-close-modal\"><\/a><!-- close modal -->\n\t\t\t<div class=\"em-modal-title\">\n\t\t\t\tEvents on Subota, 12.9.2026.\t\t\t<\/div>\n\t\t<\/header>\n\t\t<div class=\"em-modal-content em pixelbones em-calendar-preview em-list-widget em-events-widget\">\n\t\t\t\t\t\t\t<div class=\"em-item em-event\" style=\"--default-border:#274e91\">\r\n\t<div class=\"em-item-image \" style=\"max-width:150px\">\r\n\t\t\r\n\t\t<img loading=\"lazy\" decoding=\"async\" width=\"100\" height=\"100\" src=\"https:\/\/www.komedija.hr\/www\/wp-content\/uploads\/2026\/07\/bobo-knezevic_WEB_700x490-150x150.png\" class=\"attachment-100x100 size-100x100 wp-post-image\" alt=\"Ve\u010der glazbe i poezije u pokretu Bobe Kne\u017eevi\u0107a i promocija spota &quot;Kava, kola i osje\u0107aj bola&quot;\" \/>\r\n\t\t\r\n\t\t\r\n\t<\/div>\r\n\t<div class=\"em-item-info\">\r\n\t\t<div class=\"em-item-name\"><a href=\"https:\/\/www.komedija.hr\/www\/events\/vecer-glazbe-i-poezije-u-pokretu-bobe-knezevica-i-promocija-spota-kava-kola-i-osjecaj-bola\/\">Ve\u010der glazbe i poezije u pokretu Bobe Kne\u017eevi\u0107a i promocija spota &quot;Kava, kola i osje\u0107aj bola&quot;<\/a><\/div>\r\n\t\t<div class=\"em-item-meta\">\r\n\t\t\t<div class=\"em-item-meta-line em-event-date em-event-meta-datetime\">\r\n\t\t\t\t<span class=\"em-icon em-icon-calendar\"><\/span>\r\n\t\t\t\t<span>12 ruj 26<\/span>\r\n\t\t\t<\/div>\r\n\t\t\t<div class=\"em-item-meta-line em-event-location em-event-meta-location\">\r\n\t\t\t\t<span class=\"em-icon em-icon-location\"><\/span>\r\n\t\t\t\t<span><\/span>\r\n\t\t\t<\/div>\r\n\t\t<\/div>\r\n\t<\/div>\r\n<\/div>\t\t\t\t\t<\/div><!-- content -->\n\t\t\t<\/div><!-- modal -->\n<\/div>\t\t\t\t\t\t\t\t\t\t\t\t\t\t\t\t\t<div class=\"em pixelbones em-calendar-preview em-modal em-cal-date-content\" data-calendar-date=\"1789516800\" data-parent=\"em-cal-events-content-1513276009\">\n\t<div class=\"em-modal-popup\">\n\t\t<header>\n\t\t\t<a class=\"em-close-modal\"><\/a><!-- close modal -->\n\t\t\t<div class=\"em-modal-title\">\n\t\t\t\tEvents on Srijeda, 16.9.2026.\t\t\t<\/div>\n\t\t<\/header>\n\t\t<div class=\"em-modal-content em pixelbones em-calendar-preview em-list-widget em-events-widget\">\n\t\t\t\t\t\t\t<div class=\"em-item em-event\" style=\"--default-border:#274e91\">\r\n\t<div class=\"em-item-image \" style=\"max-width:150px\">\r\n\t\t\r\n\t\t<img loading=\"lazy\" decoding=\"async\" width=\"100\" height=\"100\" src=\"https:\/\/www.komedija.hr\/www\/wp-content\/uploads\/2025\/12\/zagrepcanke-i-staticar_FB_1200x1200-150x150.png\" class=\"attachment-100x100 size-100x100 wp-post-image\" alt=\"I. L. Lemo: CABARET ZAGREP\u010cANKE I STATI\u010cAR\" srcset=\"https:\/\/www.komedija.hr\/www\/wp-content\/uploads\/2025\/12\/zagrepcanke-i-staticar_FB_1200x1200-150x150.png 150w, https:\/\/www.komedija.hr\/www\/wp-content\/uploads\/2025\/12\/zagrepcanke-i-staticar_FB_1200x1200-300x300.png 300w, https:\/\/www.komedija.hr\/www\/wp-content\/uploads\/2025\/12\/zagrepcanke-i-staticar_FB_1200x1200-1024x1024.png 1024w, https:\/\/www.komedija.hr\/www\/wp-content\/uploads\/2025\/12\/zagrepcanke-i-staticar_FB_1200x1200-768x768.png 768w, https:\/\/www.komedija.hr\/www\/wp-content\/uploads\/2025\/12\/zagrepcanke-i-staticar_FB_1200x1200.png 1200w\" sizes=\"auto, (max-width: 100px) 100vw, 100px\" \/>\r\n\t\t\r\n\t\t\r\n\t<\/div>\r\n\t<div class=\"em-item-info\">\r\n\t\t<div class=\"em-item-name\"><a href=\"https:\/\/www.komedija.hr\/www\/events\/i-l-lemo-cabaret-zagrepcanke-i-staticar-2\/\">I. L. Lemo: CABARET ZAGREP\u010cANKE I STATI\u010cAR<\/a><\/div>\r\n\t\t<div class=\"em-item-meta\">\r\n\t\t\t<div class=\"em-item-meta-line em-event-date em-event-meta-datetime\">\r\n\t\t\t\t<span class=\"em-icon em-icon-calendar\"><\/span>\r\n\t\t\t\t<span>16 ruj 26<\/span>\r\n\t\t\t<\/div>\r\n\t\t\t<div class=\"em-item-meta-line em-event-location em-event-meta-location\">\r\n\t\t\t\t<span class=\"em-icon em-icon-location\"><\/span>\r\n\t\t\t\t<span><\/span>\r\n\t\t\t<\/div>\r\n\t\t<\/div>\r\n\t<\/div>\r\n<\/div>\t\t\t\t\t<\/div><!-- content -->\n\t\t\t<\/div><!-- modal -->\n<\/div>\t\t\t\t\t\t\t\t<div class=\"em pixelbones em-calendar-preview em-modal em-cal-date-content\" data-calendar-date=\"1789603200\" data-parent=\"em-cal-events-content-1513276009\">\n\t<div class=\"em-modal-popup\">\n\t\t<header>\n\t\t\t<a class=\"em-close-modal\"><\/a><!-- close modal -->\n\t\t\t<div class=\"em-modal-title\">\n\t\t\t\tEvents on \u010cetvrtak, 17.9.2026.\t\t\t<\/div>\n\t\t<\/header>\n\t\t<div class=\"em-modal-content em pixelbones em-calendar-preview em-list-widget em-events-widget\">\n\t\t\t\t\t\t\t<div class=\"em-item em-event\" style=\"--default-border:#274e91\">\r\n\t<div class=\"em-item-image \" style=\"max-width:150px\">\r\n\t\t\r\n\t\t<img loading=\"lazy\" decoding=\"async\" width=\"100\" height=\"100\" src=\"https:\/\/www.komedija.hr\/www\/wp-content\/uploads\/2025\/03\/Cabaret-Orient-Express-by-Miro-Ungar_WEB_feature-post_350x245-150x150.png\" class=\"attachment-100x100 size-100x100 wp-post-image\" alt=\"CABARET \u201eORIENT EXPRESS\u201c BY MIRO UNGAR\" \/>\r\n\t\t\r\n\t\t\r\n\t<\/div>\r\n\t<div class=\"em-item-info\">\r\n\t\t<div class=\"em-item-name\"><a href=\"https:\/\/www.komedija.hr\/www\/events\/cabaret-orient-express-by-miro-ungar-32\/\">CABARET \u201eORIENT EXPRESS\u201c BY MIRO UNGAR<\/a><\/div>\r\n\t\t<div class=\"em-item-meta\">\r\n\t\t\t<div class=\"em-item-meta-line em-event-date em-event-meta-datetime\">\r\n\t\t\t\t<span class=\"em-icon em-icon-calendar\"><\/span>\r\n\t\t\t\t<span>17 ruj 26<\/span>\r\n\t\t\t<\/div>\r\n\t\t\t<div class=\"em-item-meta-line em-event-location em-event-meta-location\">\r\n\t\t\t\t<span class=\"em-icon em-icon-location\"><\/span>\r\n\t\t\t\t<span><\/span>\r\n\t\t\t<\/div>\r\n\t\t<\/div>\r\n\t<\/div>\r\n<\/div>\t\t\t\t\t<\/div><!-- content -->\n\t\t\t<\/div><!-- modal -->\n<\/div>\t\t\t\t\t\t\t\t<div class=\"em pixelbones em-calendar-preview em-modal em-cal-date-content\" data-calendar-date=\"1789689600\" data-parent=\"em-cal-events-content-1513276009\">\n\t<div class=\"em-modal-popup\">\n\t\t<header>\n\t\t\t<a class=\"em-close-modal\"><\/a><!-- close modal -->\n\t\t\t<div class=\"em-modal-title\">\n\t\t\t\tEvents on Petak, 18.9.2026.\t\t\t<\/div>\n\t\t<\/header>\n\t\t<div class=\"em-modal-content em pixelbones em-calendar-preview em-list-widget em-events-widget\">\n\t\t\t\t\t\t\t<div class=\"em-item em-event\" style=\"--default-border:#274e91\">\r\n\t<div class=\"em-item-image \" style=\"max-width:150px\">\r\n\t\t\r\n\t\t<img loading=\"lazy\" decoding=\"async\" width=\"100\" height=\"100\" src=\"https:\/\/www.komedija.hr\/www\/wp-content\/uploads\/2023\/02\/kaj_je_ljubav_B2-150x150.jpg\" class=\"attachment-100x100 size-100x100 wp-post-image\" alt=\"Adam Kon\u010di\u0107: KAJ JE LJUBAV\" \/>\r\n\t\t\r\n\t\t\r\n\t<\/div>\r\n\t<div class=\"em-item-info\">\r\n\t\t<div class=\"em-item-name\"><a href=\"https:\/\/www.komedija.hr\/www\/events\/adam-koncic-kaj-je-ljubav\/\">Adam Kon\u010di\u0107: KAJ JE LJUBAV<\/a><\/div>\r\n\t\t<div class=\"em-item-meta\">\r\n\t\t\t<div class=\"em-item-meta-line em-event-date em-event-meta-datetime\">\r\n\t\t\t\t<span class=\"em-icon em-icon-calendar\"><\/span>\r\n\t\t\t\t<span>18 ruj 26<\/span>\r\n\t\t\t<\/div>\r\n\t\t\t<div class=\"em-item-meta-line em-event-location em-event-meta-location\">\r\n\t\t\t\t<span class=\"em-icon em-icon-location\"><\/span>\r\n\t\t\t\t<span><\/span>\r\n\t\t\t<\/div>\r\n\t\t<\/div>\r\n\t<\/div>\r\n<\/div>\t\t\t\t\t<\/div><!-- content -->\n\t\t\t<\/div><!-- modal -->\n<\/div>\t\t\t\t\t\t\t\t<div class=\"em pixelbones em-calendar-preview em-modal em-cal-date-content\" data-calendar-date=\"1789776000\" data-parent=\"em-cal-events-content-1513276009\">\n\t<div class=\"em-modal-popup\">\n\t\t<header>\n\t\t\t<a class=\"em-close-modal\"><\/a><!-- close modal -->\n\t\t\t<div class=\"em-modal-title\">\n\t\t\t\tEvents on Subota, 19.9.2026.\t\t\t<\/div>\n\t\t<\/header>\n\t\t<div class=\"em-modal-content em pixelbones em-calendar-preview em-list-widget em-events-widget\">\n\t\t\t\t\t\t\t<div class=\"em-item em-event\" style=\"--default-border:#274e91\">\r\n\t<div class=\"em-item-image \" style=\"max-width:150px\">\r\n\t\t\r\n\t\t<img loading=\"lazy\" decoding=\"async\" width=\"100\" height=\"100\" src=\"https:\/\/www.komedija.hr\/www\/wp-content\/uploads\/2026\/07\/MAJA_SAVIC_New_Quartet_WEB_700x490-150x150.jpg\" class=\"attachment-100x100 size-100x100 wp-post-image\" alt=\"Maja Savi\u0107 New Quartet: Invitation \u2013 Ve\u010der suvremenog jazza\" \/>\r\n\t\t\r\n\t\t\r\n\t<\/div>\r\n\t<div class=\"em-item-info\">\r\n\t\t<div class=\"em-item-name\"><a href=\"https:\/\/www.komedija.hr\/www\/events\/maja-savic-new-quartet-invitation-vecer-suvremenog-jazza\/\">Maja Savi\u0107 New Quartet: Invitation \u2013 Ve\u010der suvremenog jazza<\/a><\/div>\r\n\t\t<div class=\"em-item-meta\">\r\n\t\t\t<div class=\"em-item-meta-line em-event-date em-event-meta-datetime\">\r\n\t\t\t\t<span class=\"em-icon em-icon-calendar\"><\/span>\r\n\t\t\t\t<span>19 ruj 26<\/span>\r\n\t\t\t<\/div>\r\n\t\t\t<div class=\"em-item-meta-line em-event-location em-event-meta-location\">\r\n\t\t\t\t<span class=\"em-icon em-icon-location\"><\/span>\r\n\t\t\t\t<span><\/span>\r\n\t\t\t<\/div>\r\n\t\t<\/div>\r\n\t<\/div>\r\n<\/div>\t\t\t\t\t<\/div><!-- content -->\n\t\t\t<\/div><!-- modal -->\n<\/div>\t\t\t\t\t\t\t\t\t\t\t\t\t\t<div class=\"em pixelbones em-calendar-preview em-modal em-cal-date-content\" data-calendar-date=\"1790035200\" data-parent=\"em-cal-events-content-1513276009\">\n\t<div class=\"em-modal-popup\">\n\t\t<header>\n\t\t\t<a class=\"em-close-modal\"><\/a><!-- close modal -->\n\t\t\t<div class=\"em-modal-title\">\n\t\t\t\tEvents on Utorak, 22.9.2026.\t\t\t<\/div>\n\t\t<\/header>\n\t\t<div class=\"em-modal-content em pixelbones em-calendar-preview em-list-widget em-events-widget\">\n\t\t\t\t\t\t\t<div class=\"em-item em-event\" style=\"--default-border:#274e91\">\r\n\t<div class=\"em-item-image \" style=\"max-width:150px\">\r\n\t\t\r\n\t\t<img loading=\"lazy\" decoding=\"async\" width=\"100\" height=\"100\" src=\"https:\/\/www.komedija.hr\/www\/wp-content\/uploads\/2025\/06\/Mariachi_Los_Caballeros_WEB_feature-post_350x245-150x150.jpg\" class=\"attachment-100x100 size-100x100 wp-post-image\" alt=\"Mariachi Los Caballeros, koncert\" \/>\r\n\t\t\r\n\t\t\r\n\t<\/div>\r\n\t<div class=\"em-item-info\">\r\n\t\t<div class=\"em-item-name\"><a href=\"https:\/\/www.komedija.hr\/www\/events\/mariachi-los-caballeros-koncert\/\">Mariachi Los Caballeros, koncert<\/a><\/div>\r\n\t\t<div class=\"em-item-meta\">\r\n\t\t\t<div class=\"em-item-meta-line em-event-date em-event-meta-datetime\">\r\n\t\t\t\t<span class=\"em-icon em-icon-calendar\"><\/span>\r\n\t\t\t\t<span>22 ruj 26<\/span>\r\n\t\t\t<\/div>\r\n\t\t\t<div class=\"em-item-meta-line em-event-location em-event-meta-location\">\r\n\t\t\t\t<span class=\"em-icon em-icon-location\"><\/span>\r\n\t\t\t\t<span><\/span>\r\n\t\t\t<\/div>\r\n\t\t<\/div>\r\n\t<\/div>\r\n<\/div>\t\t\t\t\t<\/div><!-- content -->\n\t\t\t<\/div><!-- modal -->\n<\/div>\t\t\t\t\t\t\t\t<div class=\"em pixelbones em-calendar-preview em-modal em-cal-date-content\" data-calendar-date=\"1790121600\" data-parent=\"em-cal-events-content-1513276009\">\n\t<div class=\"em-modal-popup\">\n\t\t<header>\n\t\t\t<a class=\"em-close-modal\"><\/a><!-- close modal -->\n\t\t\t<div class=\"em-modal-title\">\n\t\t\t\tEvents on Srijeda, 23.9.2026.\t\t\t<\/div>\n\t\t<\/header>\n\t\t<div class=\"em-modal-content em pixelbones em-calendar-preview em-list-widget em-events-widget\">\n\t\t\t\t\t\t\t<div class=\"em-item em-event\" style=\"--default-border:#274e91\">\r\n\t<div class=\"em-item-image \" style=\"max-width:150px\">\r\n\t\t\r\n\t\t<img loading=\"lazy\" decoding=\"async\" width=\"100\" height=\"100\" src=\"https:\/\/www.komedija.hr\/www\/wp-content\/uploads\/2026\/02\/Pod-kazalisnim-nebom_WEB_feature-post_350x245-150x150.png\" class=\"attachment-100x100 size-100x100 wp-post-image\" alt=\"POD KAZALI\u0160NIM NEBOM \u2013 songovi i stihovi\" \/>\r\n\t\t\r\n\t\t\r\n\t<\/div>\r\n\t<div class=\"em-item-info\">\r\n\t\t<div class=\"em-item-name\"><a href=\"https:\/\/www.komedija.hr\/www\/events\/pod-kazalisnim-nebom-songovi-i-stihovi\/\">POD KAZALI\u0160NIM NEBOM \u2013 songovi i stihovi<\/a><\/div>\r\n\t\t<div class=\"em-item-meta\">\r\n\t\t\t<div class=\"em-item-meta-line em-event-date em-event-meta-datetime\">\r\n\t\t\t\t<span class=\"em-icon em-icon-calendar\"><\/span>\r\n\t\t\t\t<span>23 ruj 26<\/span>\r\n\t\t\t<\/div>\r\n\t\t\t<div class=\"em-item-meta-line em-event-location em-event-meta-location\">\r\n\t\t\t\t<span class=\"em-icon em-icon-location\"><\/span>\r\n\t\t\t\t<span><\/span>\r\n\t\t\t<\/div>\r\n\t\t<\/div>\r\n\t<\/div>\r\n<\/div>\t\t\t\t\t<\/div><!-- content -->\n\t\t\t<\/div><!-- modal -->\n<\/div>\t\t\t\t\t\t\t\t\t\t\t<div class=\"em pixelbones em-calendar-preview em-modal em-cal-date-content\" data-calendar-date=\"1790294400\" data-parent=\"em-cal-events-content-1513276009\">\n\t<div class=\"em-modal-popup\">\n\t\t<header>\n\t\t\t<a class=\"em-close-modal\"><\/a><!-- close modal -->\n\t\t\t<div class=\"em-modal-title\">\n\t\t\t\tEvents on Petak, 25.9.2026.\t\t\t<\/div>\n\t\t<\/header>\n\t\t<div class=\"em-modal-content em pixelbones em-calendar-preview em-list-widget em-events-widget\">\n\t\t\t\t\t\t\t<div class=\"em-item em-event\" style=\"--default-border:#274e91\">\r\n\t<div class=\"em-item-image \" style=\"max-width:150px\">\r\n\t\t\r\n\t\t<img loading=\"lazy\" decoding=\"async\" width=\"100\" height=\"100\" src=\"https:\/\/www.komedija.hr\/www\/wp-content\/uploads\/2026\/05\/Cabaret-Esprit-de-Paris-by-Miro-Ungar_WEB_feature-post_350x245-150x150.png\" class=\"attachment-100x100 size-100x100 wp-post-image\" alt=\"Cabaret &quot;Esprit de Paris&quot; by Miro Ungar\" \/>\r\n\t\t\r\n\t\t\r\n\t<\/div>\r\n\t<div class=\"em-item-info\">\r\n\t\t<div class=\"em-item-name\"><a href=\"https:\/\/www.komedija.hr\/www\/events\/cabaret-esprit-de-paris-by-miro-ungar-2\/\">Cabaret &quot;Esprit de Paris&quot; by Miro Ungar<\/a><\/div>\r\n\t\t<div class=\"em-item-meta\">\r\n\t\t\t<div class=\"em-item-meta-line em-event-date em-event-meta-datetime\">\r\n\t\t\t\t<span class=\"em-icon em-icon-calendar\"><\/span>\r\n\t\t\t\t<span>25 ruj 26<\/span>\r\n\t\t\t<\/div>\r\n\t\t\t<div class=\"em-item-meta-line em-event-location em-event-meta-location\">\r\n\t\t\t\t<span class=\"em-icon em-icon-location\"><\/span>\r\n\t\t\t\t<span><\/span>\r\n\t\t\t<\/div>\r\n\t\t<\/div>\r\n\t<\/div>\r\n<\/div>\t\t\t\t\t<\/div><!-- content -->\n\t\t\t<\/div><!-- modal -->\n<\/div>\t\t\t\t\t\t\t\t\t\t\t\t\t\t\t\t\t\t\t\t<div class=\"em pixelbones em-calendar-preview em-modal em-cal-date-content\" data-calendar-date=\"1790726400\" data-parent=\"em-cal-events-content-1513276009\">\n\t<div class=\"em-modal-popup\">\n\t\t<header>\n\t\t\t<a class=\"em-close-modal\"><\/a><!-- close modal -->\n\t\t\t<div class=\"em-modal-title\">\n\t\t\t\tEvents on Srijeda, 30.9.2026.\t\t\t<\/div>\n\t\t<\/header>\n\t\t<div class=\"em-modal-content em pixelbones em-calendar-preview em-list-widget em-events-widget\">\n\t\t\t\t\t\t\t<div class=\"em-item em-event\" style=\"--default-border:#274e91\">\r\n\t<div class=\"em-item-image \" style=\"max-width:150px\">\r\n\t\t\r\n\t\t<img loading=\"lazy\" decoding=\"async\" width=\"100\" height=\"100\" src=\"https:\/\/www.komedija.hr\/www\/wp-content\/uploads\/2025\/03\/Cabaret-Orient-Express-by-Miro-Ungar_WEB_feature-post_350x245-150x150.png\" class=\"attachment-100x100 size-100x100 wp-post-image\" alt=\"CABARET \u201eORIENT EXPRESS\u201c BY MIRO UNGAR\" \/>\r\n\t\t\r\n\t\t\r\n\t<\/div>\r\n\t<div class=\"em-item-info\">\r\n\t\t<div class=\"em-item-name\"><a href=\"https:\/\/www.komedija.hr\/www\/events\/cabaret-orient-express-by-miro-ungar-33\/\">CABARET \u201eORIENT EXPRESS\u201c BY MIRO UNGAR<\/a><\/div>\r\n\t\t<div class=\"em-item-meta\">\r\n\t\t\t<div class=\"em-item-meta-line em-event-date em-event-meta-datetime\">\r\n\t\t\t\t<span class=\"em-icon em-icon-calendar\"><\/span>\r\n\t\t\t\t<span>30 ruj 26<\/span>\r\n\t\t\t<\/div>\r\n\t\t\t<div class=\"em-item-meta-line em-event-location em-event-meta-location\">\r\n\t\t\t\t<span class=\"em-icon em-icon-location\"><\/span>\r\n\t\t\t\t<span><\/span>\r\n\t\t\t<\/div>\r\n\t\t<\/div>\r\n\t<\/div>\r\n<\/div>\t\t\t\t\t<\/div><!-- content -->\n\t\t\t<\/div><!-- modal -->\n<\/div>\t\t\t\t\t\t\t\t<div class=\"em pixelbones em-calendar-preview em-modal em-cal-date-content\" data-calendar-date=\"1790812800\" data-parent=\"em-cal-events-content-1513276009\">\n\t<div class=\"em-modal-popup\">\n\t\t<header>\n\t\t\t<a class=\"em-close-modal\"><\/a><!-- close modal -->\n\t\t\t<div class=\"em-modal-title\">\n\t\t\t\tEvents on \u010cetvrtak, 1.10.2026.\t\t\t<\/div>\n\t\t<\/header>\n\t\t<div class=\"em-modal-content em pixelbones em-calendar-preview em-list-widget em-events-widget\">\n\t\t\t\t\t\t\t<div class=\"em-item em-event\" style=\"--default-border:#274e91\">\r\n\t<div class=\"em-item-image \" style=\"max-width:150px\">\r\n\t\t\r\n\t\t<img loading=\"lazy\" decoding=\"async\" width=\"100\" height=\"100\" src=\"https:\/\/www.komedija.hr\/www\/wp-content\/uploads\/2024\/03\/ca-je-zivot_FB-post_1200x1200-150x150.png\" class=\"attachment-100x100 size-100x100 wp-post-image\" alt=\"MOM\u010cILO POPADI\u0106: \u010cA JE \u017dIVOT VENGO...\" srcset=\"https:\/\/www.komedija.hr\/www\/wp-content\/uploads\/2024\/03\/ca-je-zivot_FB-post_1200x1200-150x150.png 150w, https:\/\/www.komedija.hr\/www\/wp-content\/uploads\/2024\/03\/ca-je-zivot_FB-post_1200x1200-300x300.png 300w, https:\/\/www.komedija.hr\/www\/wp-content\/uploads\/2024\/03\/ca-je-zivot_FB-post_1200x1200-1024x1024.png 1024w, https:\/\/www.komedija.hr\/www\/wp-content\/uploads\/2024\/03\/ca-je-zivot_FB-post_1200x1200-768x768.png 768w, https:\/\/www.komedija.hr\/www\/wp-content\/uploads\/2024\/03\/ca-je-zivot_FB-post_1200x1200.png 1200w\" sizes=\"auto, (max-width: 100px) 100vw, 100px\" \/>\r\n\t\t\r\n\t\t\r\n\t<\/div>\r\n\t<div class=\"em-item-info\">\r\n\t\t<div class=\"em-item-name\"><a href=\"https:\/\/www.komedija.hr\/www\/events\/momcilo-popadic-ca-je-zivot-vengo\/\">MOM\u010cILO POPADI\u0106: \u010cA JE \u017dIVOT VENGO...<\/a><\/div>\r\n\t\t<div class=\"em-item-meta\">\r\n\t\t\t<div class=\"em-item-meta-line em-event-date em-event-meta-datetime\">\r\n\t\t\t\t<span class=\"em-icon em-icon-calendar\"><\/span>\r\n\t\t\t\t<span>1 lis 26<\/span>\r\n\t\t\t<\/div>\r\n\t\t\t<div class=\"em-item-meta-line em-event-location em-event-meta-location\">\r\n\t\t\t\t<span class=\"em-icon em-icon-location\"><\/span>\r\n\t\t\t\t<span><\/span>\r\n\t\t\t<\/div>\r\n\t\t<\/div>\r\n\t<\/div>\r\n<\/div>\t\t\t\t\t<\/div><!-- content -->\n\t\t\t<\/div><!-- modal -->\n<\/div>\t\t\t\t\t\t\t\t<div class=\"em pixelbones em-calendar-preview em-modal em-cal-date-content\" data-calendar-date=\"1790899200\" data-parent=\"em-cal-events-content-1513276009\">\n\t<div class=\"em-modal-popup\">\n\t\t<header>\n\t\t\t<a class=\"em-close-modal\"><\/a><!-- close modal -->\n\t\t\t<div class=\"em-modal-title\">\n\t\t\t\tEvents on Petak, 2.10.2026.\t\t\t<\/div>\n\t\t<\/header>\n\t\t<div class=\"em-modal-content em pixelbones em-calendar-preview em-list-widget em-events-widget\">\n\t\t\t\t\t\t\t<div class=\"em-item em-event\" style=\"--default-border:#274e91\">\r\n\t<div class=\"em-item-image \" style=\"max-width:150px\">\r\n\t\t\r\n\t\t<img loading=\"lazy\" decoding=\"async\" width=\"100\" height=\"100\" src=\"https:\/\/www.komedija.hr\/www\/wp-content\/uploads\/2026\/07\/filmmusicorkestar_WEB_700x490-150x150.png\" class=\"attachment-100x100 size-100x100 wp-post-image\" alt=\"Filmmusicorkestar: koncertna promocija albuma BARRIQUE iliti sevdah na filmu i okolo njega\" \/>\r\n\t\t\r\n\t\t\r\n\t<\/div>\r\n\t<div class=\"em-item-info\">\r\n\t\t<div class=\"em-item-name\"><a href=\"https:\/\/www.komedija.hr\/www\/events\/filmmusicorkestar-koncertna-promocija-albuma-barrique-iliti-sevdah-na-filmu-i-okolo-njega\/\">Filmmusicorkestar: koncertna promocija albuma BARRIQUE iliti sevdah na filmu i okolo njega<\/a><\/div>\r\n\t\t<div class=\"em-item-meta\">\r\n\t\t\t<div class=\"em-item-meta-line em-event-date em-event-meta-datetime\">\r\n\t\t\t\t<span class=\"em-icon em-icon-calendar\"><\/span>\r\n\t\t\t\t<span>2 lis 26<\/span>\r\n\t\t\t<\/div>\r\n\t\t\t<div class=\"em-item-meta-line em-event-location em-event-meta-location\">\r\n\t\t\t\t<span class=\"em-icon em-icon-location\"><\/span>\r\n\t\t\t\t<span><\/span>\r\n\t\t\t<\/div>\r\n\t\t<\/div>\r\n\t<\/div>\r\n<\/div>\t\t\t\t\t<\/div><!-- content -->\n\t\t\t<\/div><!-- modal -->\n<\/div>\t\t\t\t\t\t\t\t<div class=\"em pixelbones em-calendar-preview em-modal em-cal-date-content\" data-calendar-date=\"1790985600\" data-parent=\"em-cal-events-content-1513276009\">\n\t<div class=\"em-modal-popup\">\n\t\t<header>\n\t\t\t<a class=\"em-close-modal\"><\/a><!-- close modal -->\n\t\t\t<div class=\"em-modal-title\">\n\t\t\t\tEvents on Subota, 3.10.2026.\t\t\t<\/div>\n\t\t<\/header>\n\t\t<div class=\"em-modal-content em pixelbones em-calendar-preview em-list-widget em-events-widget\">\n\t\t\t\t\t\t\t<div class=\"em-item em-event\" style=\"--default-border:#274e91\">\r\n\t<div class=\"em-item-image \" style=\"max-width:150px\">\r\n\t\t\r\n\t\t<img loading=\"lazy\" decoding=\"async\" width=\"100\" height=\"100\" src=\"https:\/\/www.komedija.hr\/www\/wp-content\/uploads\/2026\/07\/sandra-bagaric_izmedu-nota-i-zivota_WEB_700x490-150x150.png\" class=\"attachment-100x100 size-100x100 wp-post-image\" alt=\"Sandra Bagari\u0107: IZME\u0110U NOTA I \u017dIVOTA, premijera\" \/>\r\n\t\t\r\n\t\t\r\n\t<\/div>\r\n\t<div class=\"em-item-info\">\r\n\t\t<div class=\"em-item-name\"><a href=\"https:\/\/www.komedija.hr\/www\/events\/sandra-bagaric-izmedu-nota-i-zivota-premijera\/\">Sandra Bagari\u0107: IZME\u0110U NOTA I \u017dIVOTA, premijera<\/a><\/div>\r\n\t\t<div class=\"em-item-meta\">\r\n\t\t\t<div class=\"em-item-meta-line em-event-date em-event-meta-datetime\">\r\n\t\t\t\t<span class=\"em-icon em-icon-calendar\"><\/span>\r\n\t\t\t\t<span>3 lis 26<\/span>\r\n\t\t\t<\/div>\r\n\t\t\t<div class=\"em-item-meta-line em-event-location em-event-meta-location\">\r\n\t\t\t\t<span class=\"em-icon em-icon-location\"><\/span>\r\n\t\t\t\t<span><\/span>\r\n\t\t\t<\/div>\r\n\t\t<\/div>\r\n\t<\/div>\r\n<\/div>\t\t\t\t\t<\/div><!-- content -->\n\t\t\t<\/div><!-- modal -->\n<\/div>\t\t\t\t\t\t<\/section><\/div>\n<script>\n\t{\n\t\tlet el = document.getElementById('em-calendar-1513276009').querySelector('.em-cal-body');\n\t\tlet width = el.firstElementChild.getBoundingClientRect().width;\n\t\tif (width > 0) {\n\t\t\tel.style.setProperty('--grid-auto-rows', 'minmax(' + width + 'px, auto)');\n\t\t}\n\t}\n<\/script>\t\t\t<div class=\"em-view-custom-data\" id=\"em-view-custom-data-1513276009\">\r\n\t\t\t\t\t\t\t\t<form class=\"em-view-custom-data-search\" id=\"em-view-custom-data-search-1513276009\">\r\n\t\t\t\t\t\t\t\t\t\t<input type=\"hidden\" name=\"css\" value=\"1\">\r\n\t\t\t\t\t\t\t\t\t\t<input type=\"hidden\" name=\"search_action\" value=\"search_events\">\r\n\t\t\t\t\t\t\t\t\t\t<input type=\"hidden\" name=\"search_advanced_text\" value=\"Show Advanced Search\">\r\n\t\t\t\t\t\t\t\t\t\t<input type=\"hidden\" name=\"search_text_show\" value=\"Show Advanced Search\">\r\n\t\t\t\t\t\t\t\t\t\t<input type=\"hidden\" name=\"search_text_hide\" value=\"Hide Advanced Search\">\r\n\t\t\t\t\t\t\t\t\t\t<input type=\"hidden\" name=\"search_button\" value=\"Search\">\r\n\t\t\t\t\t\t\t\t\t\t<input type=\"hidden\" name=\"saved_searches\" value=\"\">\r\n\t\t\t\t\t\t\t\t\t\t<input type=\"hidden\" name=\"search_advanced_style\" value=\"accordion\">\r\n\t\t\t\t\t\t\t\t\t\t<input type=\"hidden\" name=\"search_multiselect_style\" value=\"always-open\">\r\n\t\t\t\t\t\t\t\t\t\t<input type=\"hidden\" name=\"sorting\" value=\"0\">\r\n\t\t\t\t\t\t\t\t\t\t<input type=\"hidden\" name=\"search_term_main\" value=\"0\">\r\n\t\t\t\t\t\t\t\t\t\t<input type=\"hidden\" name=\"search_term\" value=\"0\">\r\n\t\t\t\t\t\t\t\t\t\t<input type=\"hidden\" name=\"search_term_label\" value=\"Search\">\r\n\t\t\t\t\t\t\t\t\t\t<input type=\"hidden\" name=\"search_term_advanced\" value=\"0\">\r\n\t\t\t\t\t\t\t\t\t\t<input type=\"hidden\" name=\"search_term_label_advanced\" value=\"Search\">\r\n\t\t\t\t\t\t\t\t\t\t<input type=\"hidden\" name=\"search_geo\" value=\"0\">\r\n\t\t\t\t\t\t\t\t\t\t<input type=\"hidden\" name=\"geo_label\" value=\"Near...\">\r\n\t\t\t\t\t\t\t\t\t\t<input type=\"hidden\" name=\"search_geo_advanced\" value=\"0\">\r\n\t\t\t\t\t\t\t\t\t\t<input type=\"hidden\" name=\"geo_label_advanced\" value=\"Near...\">\r\n\t\t\t\t\t\t\t\t\t\t<input type=\"hidden\" name=\"search_geo_units\" value=\"1\">\r\n\t\t\t\t\t\t\t\t\t\t<input type=\"hidden\" name=\"geo_units_label\" value=\"Within\">\r\n\t\t\t\t\t\t\t\t\t\t<input type=\"hidden\" name=\"geo_distance_values\" value=\"5,10,25,50,100\">\r\n\t\t\t\t\t\t\t\t\t\t<input type=\"hidden\" name=\"search_scope\" value=\"1\">\r\n\t\t\t\t\t\t\t\t\t\t<input type=\"hidden\" name=\"scope_label\" value=\"Dates\">\r\n\t\t\t\t\t\t\t\t\t\t<input type=\"hidden\" name=\"scope_seperator\" value=\"and\">\r\n\t\t\t\t\t\t\t\t\t\t<input type=\"hidden\" name=\"scope_format\" value=\"M j\">\r\n\t\t\t\t\t\t\t\t\t\t<input type=\"hidden\" name=\"search_scope_advanced\" value=\"1\">\r\n\t\t\t\t\t\t\t\t\t\t<input type=\"hidden\" name=\"scope_label_advanced\" value=\"Dates\">\r\n\t\t\t\t\t\t\t\t\t\t<input type=\"hidden\" name=\"scope_seperator_advanced\" value=\"and\">\r\n\t\t\t\t\t\t\t\t\t\t<input type=\"hidden\" name=\"scope_format_advanced\" value=\"M j\">\r\n\t\t\t\t\t\t\t\t\t\t<input type=\"hidden\" name=\"search_eventful_main\" value=\"0\">\r\n\t\t\t\t\t\t\t\t\t\t<input type=\"hidden\" name=\"search_eventful\" value=\"0\">\r\n\t\t\t\t\t\t\t\t\t\t<input type=\"hidden\" name=\"search_eventful_locations_label\" value=\"Eventful Locations?\">\r\n\t\t\t\t\t\t\t\t\t\t<input type=\"hidden\" name=\"search_eventful_locations_tooltip\" value=\"Display only locations with upcoming events.\">\r\n\t\t\t\t\t\t\t\t\t\t<input type=\"hidden\" name=\"search_categories\" value=\"1\">\r\n\t\t\t\t\t\t\t\t\t\t<input type=\"hidden\" name=\"category_label\" value=\"Category\">\r\n\t\t\t\t\t\t\t\t\t\t<input type=\"hidden\" name=\"categories_label\" value=\"All Categories\">\r\n\t\t\t\t\t\t\t\t\t\t<input type=\"hidden\" name=\"categories_placeholder\" value=\"Pretra\u017eivanje Kategorije...\">\r\n\t\t\t\t\t\t\t\t\t\t<input type=\"hidden\" name=\"categories_clear_text\" value=\"Clear Selected\">\r\n\t\t\t\t\t\t\t\t\t\t<input type=\"hidden\" name=\"categories_count_text\" value=\"%d Selected\">\r\n\t\t\t\t\t\t\t\t\t\t<input type=\"hidden\" name=\"categories_include\" value=\"\">\r\n\t\t\t\t\t\t\t\t\t\t<input type=\"hidden\" name=\"categories_exclude\" value=\"\">\r\n\t\t\t\t\t\t\t\t\t\t<input type=\"hidden\" name=\"search_tags\" value=\"0\">\r\n\t\t\t\t\t\t\t\t\t\t<input type=\"hidden\" name=\"tag_label\" value=\"Tagovi\">\r\n\t\t\t\t\t\t\t\t\t\t<input type=\"hidden\" name=\"tags_label\" value=\"All Tags\">\r\n\t\t\t\t\t\t\t\t\t\t<input type=\"hidden\" name=\"tags_placeholder\" value=\"Pretra\u017eivanje Tagovi...\">\r\n\t\t\t\t\t\t\t\t\t\t<input type=\"hidden\" name=\"tags_clear_text\" value=\"Clear Selected\">\r\n\t\t\t\t\t\t\t\t\t\t<input type=\"hidden\" name=\"tags_count_text\" value=\"%d Selected\">\r\n\t\t\t\t\t\t\t\t\t\t<input type=\"hidden\" name=\"tags_include\" value=\"\">\r\n\t\t\t\t\t\t\t\t\t\t<input type=\"hidden\" name=\"tags_exclude\" value=\"\">\r\n\t\t\t\t\t\t\t\t\t\t<input type=\"hidden\" name=\"search_countries\" value=\"1\">\r\n\t\t\t\t\t\t\t\t\t\t<input type=\"hidden\" name=\"country_label\" value=\"Country\">\r\n\t\t\t\t\t\t\t\t\t\t<input type=\"hidden\" name=\"countries_label\" value=\"All Countries\">\r\n\t\t\t\t\t\t\t\t\t\t<input type=\"hidden\" name=\"search_regions\" value=\"1\">\r\n\t\t\t\t\t\t\t\t\t\t<input type=\"hidden\" name=\"region_label\" value=\"Region\">\r\n\t\t\t\t\t\t\t\t\t\t<input type=\"hidden\" name=\"search_states\" value=\"1\">\r\n\t\t\t\t\t\t\t\t\t\t<input type=\"hidden\" name=\"state_label\" value=\"State\/County\">\r\n\t\t\t\t\t\t\t\t\t\t<input type=\"hidden\" name=\"search_towns\" value=\"0\">\r\n\t\t\t\t\t\t\t\t\t\t<input type=\"hidden\" name=\"town_label\" value=\"City\/Town\">\r\n\t\t\t\t\t\t\t\t\t\t<input type=\"hidden\" name=\"show_main\" value=\"1\">\r\n\t\t\t\t\t\t\t\t\t\t<input type=\"hidden\" name=\"show_advanced\" value=\"0\">\r\n\t\t\t\t\t\t\t\t\t\t<input type=\"hidden\" name=\"advanced_mode\" value=\"modal\">\r\n\t\t\t\t\t\t\t\t\t\t<input type=\"hidden\" name=\"advanced_hidden\" value=\"1\">\r\n\t\t\t\t\t\t\t\t\t\t<input type=\"hidden\" name=\"advanced_trigger\" value=\"0\">\r\n\t\t\t\t\t\t\t\t\t\t<input type=\"hidden\" name=\"main_classes\" value=\"css-search,em-search-legacy,has-search-main,no-advanced,advanced-hidden\">\r\n\t\t\t\t\t\t\t\t\t\t<input type=\"hidden\" name=\"css_classes_advanced\" value=\"\">\r\n\t\t\t\t\t\t\t\t\t\t<input type=\"hidden\" name=\"id\" value=\"1513276009\">\r\n\t\t\t\t\t\t\t\t\t\t<input type=\"hidden\" name=\"scope\" value=\"all\">\r\n\t\t\t\t\t\t\t\t\t\t<input type=\"hidden\" name=\"calendar_size\" value=\"\">\r\n\t\t\t\t\t\t\t\t\t\t<input type=\"hidden\" name=\"has_advanced_trigger\" value=\"0\">\r\n\t\t\t\t\t\t\t\t\t<\/form>\r\n\t\t\t\t<form class=\"em-view-custom-data-calendar\" id=\"em-view-custom-data-calendar-1513276009\">\r\n\t\t\t\t\t\t\t\t\t\t\t<input type=\"hidden\" name=\"full\" value=\"1\">\r\n\t\t\t\t\t\t\t\t\t\t\t<input type=\"hidden\" name=\"limit\" value=\"0\">\r\n\t\t\t\t\t\t\t\t\t\t\t<input type=\"hidden\" name=\"id\" value=\"1513276009\">\r\n\t\t\t\t\t\t\t\t\t\t\t<input type=\"hidden\" name=\"scope\" value=\"all\">\r\n\t\t\t\t\t\t\t\t\t\t\t<input type=\"hidden\" name=\"calendar_size\" value=\"\">\r\n\t\t\t\t\t\t\t\t\t\t\t<input type=\"hidden\" name=\"has_advanced_trigger\" value=\"0\">\r\n\t\t\t\t\t\t\t\t\t<\/form>\r\n\t\t\t<\/div>\r\n\t\t<\/div>\r\n\t\t\n<p>&nbsp;<\/p>\n","protected":false},"excerpt":{"rendered":"<p>&nbsp;<\/p>\n","protected":false},"author":4,"featured_media":0,"parent":0,"menu_order":0,"comment_status":"closed","ping_status":"closed","template":"","meta":{"ngg_post_thumbnail":0,"footnotes":""},"class_list":["post-13827","page","type-page","status-publish","hentry"],"publishpress_future_action":{"enabled":false,"date":"2026-09-08 20:44:24","action":"change-status","newStatus":"draft","terms":[],"taxonomy":"","extraData":[]},"publishpress_future_workflow_manual_trigger":{"enabledWorkflows":[]},"_links":{"self":[{"href":"https:\/\/www.komedija.hr\/www\/wp-json\/wp\/v2\/pages\/13827","targetHints":{"allow":["GET"]}}],"collection":[{"href":"https:\/\/www.komedija.hr\/www\/wp-json\/wp\/v2\/pages"}],"about":[{"href":"https:\/\/www.komedija.hr\/www\/wp-json\/wp\/v2\/types\/page"}],"author":[{"embeddable":true,"href":"https:\/\/www.komedija.hr\/www\/wp-json\/wp\/v2\/users\/4"}],"replies":[{"embeddable":true,"href":"https:\/\/www.komedija.hr\/www\/wp-json\/wp\/v2\/comments?post=13827"}],"version-history":[{"count":0,"href":"https:\/\/www.komedija.hr\/www\/wp-json\/wp\/v2\/pages\/13827\/revisions"}],"wp:attachment":[{"href":"https:\/\/www.komedija.hr\/www\/wp-json\/wp\/v2\/media?parent=13827"}],"curies":[{"name":"wp","href":"https:\/\/api.w.org\/{rel}","templated":true}]}}