{"id":16424,"date":"2022-12-16T20:39:21","date_gmt":"2022-12-16T19:39:21","guid":{"rendered":"https:\/\/www.komedija.hr\/www\/?page_id=16424"},"modified":"2023-12-16T19:13:10","modified_gmt":"2023-12-16T18:13:10","slug":"velo-misto","status":"publish","type":"page","link":"https:\/\/www.komedija.hr\/www\/repertoar\/velo-misto\/","title":{"rendered":"VELO MISTO"},"content":{"rendered":"<h3>Miljenko Smoje: <strong>VELO MISTO<\/strong><\/h3>\n<p>Re\u017eija i adaptacija: <strong>Marina Pejnovi\u0107<br \/>\n<\/strong><\/p>\n<p>Asistent redateljice: <strong>Patrik Se\u010den<\/strong><\/p>\n<p>Scenografkinja: <strong>Liberta Mi\u0161an<\/strong><\/p>\n<p>Kostimografkinja: <strong>Petra Pavi\u010di\u0107<\/strong><\/p>\n<p>Koreograf: <strong>Dejan Jakovljevi\u0107<\/strong><\/p>\n<p>Skladatelj i dizajner zvuka: <strong>Vid Adam Hribar<\/strong><\/p>\n<p>Oblikovatelj svjetla: <strong>Elvis Butkovi\u0107<br \/>\n<\/strong><\/p>\n<p>Asistentica kostimografkinje: <strong>Eva Karaka\u0161 Bedrina<\/strong><\/p>\n<p>Jezi\u010dni savjetnik: <strong>Jo\u0161ko \u0160evo<\/strong><\/p>\n<p>&nbsp;<\/p>\n<p>Narator \/ Bakalar: <a href=\"https:\/\/www.komedija.hr\/www\/umirovljeni-i-bivsi-clanovi-ansambla\/kraljevic-vinko\/\"><strong>Vinko Kraljevi\u0107<\/strong><\/a><\/p>\n<p>Me\u0161tar<strong>: <a href=\"https:\/\/www.komedija.hr\/www\/ansambl-2\/glumci\/loncar-damir\/\">Damir Lon\u010dar<\/a><br \/>\n<\/strong><\/p>\n<p>Papundek: <strong>Roko Sikavica<\/strong> \/ <strong>Jakov Zovko<\/strong> (od 2.12.2023.) | Ivan \u010cui\u0107 (do listopada 2023.)<\/p>\n<p>O\u010dalinko: <a href=\"https:\/\/www.komedija.hr\/www\/ansambl-2\/glumci\/ognjen-milovanovic\/\"><strong>Ognjen Milovanovi\u0107<\/strong><\/a><\/p>\n<p>Violeta: <a href=\"https:\/\/www.komedija.hr\/www\/ansambl-2\/glumci\/vanda-winter\/\"><strong>Vanda Winter<\/strong><\/a><\/p>\n<p>Pegula: <a href=\"https:\/\/www.komedija.hr\/www\/ansambl-2\/glumci\/ivan-glowatzky\/\"><strong>Ivan Glowatzky<\/strong><\/a><\/p>\n<p>Duje: <strong>Marin Kli\u0161mani\u0107<\/strong><\/p>\n<p>Ana: <a href=\"https:\/\/www.komedija.hr\/www\/ansambl-2\/glumci\/dajana-culjak\/\"><strong>Dajana \u010culjak<\/strong><\/a><\/p>\n<p>Kate: <a href=\"https:\/\/www.komedija.hr\/www\/ansambl-2\/glumci\/kraljevic-ana\/\"><strong>Ana Magud<\/strong><\/a><\/p>\n<p>Ton\u010di: <a href=\"https:\/\/www.komedija.hr\/www\/ansambl-2\/glumci\/ivan-magud\/\"><strong>Ivan Magud<\/strong><\/a><\/p>\n<p>Ferata: <a href=\"https:\/\/www.komedija.hr\/www\/ansambl-2\/glumci\/filip-juricic\/\"><strong>Filip Juri\u010di\u0107<\/strong><\/a><\/p>\n<p>Marjeta: <a href=\"https:\/\/www.komedija.hr\/www\/ansambl-2\/glumci\/nera-stipicevic\/\"><strong>Nera Stipi\u010devi\u0107<\/strong><\/a><\/p>\n<p>Rico \/ Policajac:<a href=\"https:\/\/www.komedija.hr\/www\/ansambl-2\/glumci\/adnan-prohic\/\"><strong> Adnan Prohi\u0107<\/strong><\/a><\/p>\n<p>Strikan: <a href=\"https:\/\/www.komedija.hr\/www\/ansambl-2\/glumci\/davor-svedruzic\/\"><strong>Davor Svedru\u017ei\u0107<\/strong><\/a><\/p>\n<p>Netjak \/ \u010covjek iz op\u0107ine \/ Sve\u0107enik: <a href=\"https:\/\/www.komedija.hr\/www\/ansambl-2\/glumci\/goran-malus\/\"><strong>Goran Malus<\/strong><\/a><\/p>\n<p>Picaferaj \/ Nino: <a href=\"https:\/\/www.komedija.hr\/www\/ansambl-2\/glumci\/buneta-sasa\/\"><strong>Sa\u0161a Buneta<\/strong><\/a><\/p>\n<p>Dotur Vice: <a href=\"https:\/\/www.komedija.hr\/www\/ansambl-2\/glumci\/duvnjak-zeljko\/\"><strong>\u017deljko Duvnjak<\/strong><\/a><br \/>\nProfesor \/ Stojan \/ Mi\u0107o: <a href=\"https:\/\/www.komedija.hr\/www\/ansambl-2\/glumci\/ozbolt-zlatko\/\"><strong>Zlatko O\u017ebolt<\/strong><\/a><\/p>\n<p>Baba Marta \/ Mare Mulica \/Marjetina majka \/ Dujina majka \/ Seljanka: <a href=\"https:\/\/www.komedija.hr\/www\/ansambl-2\/glumci\/palic-picukaric-jasna\/\"><strong>Jasna Pali\u0107 Picukari\u0107<\/strong><\/a><\/p>\n<p>U vi\u0161e uloga: \u010clanovi zbora Kazali\u0161ta Komedija: <strong>Aleta Arbanas Renduli\u0107<\/strong>, <strong>Kristina Habu\u0161<\/strong>, <strong>Dora Masle<\/strong>, <strong>Tea Nui\u0107<\/strong>, <strong>Irena Raduka<\/strong>, <strong>Dino Antoni\u0107<\/strong>, <strong>Boris Barberi\u0107<\/strong>, <strong>Dario Do\u0161li\u0107<\/strong>, <strong>Bo\u017eidar Peri\u010di\u0107<\/strong>, <strong>Zoran Simiki\u0107<\/strong> i <strong>Matija \u0160kovrc<br \/>\n<\/strong><\/p>\n<p>Glas i video narator: <strong>Dra\u017een Bratuli\u0107<\/strong><\/p>\n<p>Inspicijentica: <strong>Dijana Daj\u010di\u0107<\/strong><br \/>\n\u0160apta\u010dica: <strong>Stela \u017dingerlin<\/strong><\/p>\n<p>Prva proba: 9. sije\u010dnja 2023.<br \/>\nPremijera: 3. o\u017eujka 2023.<\/p>\n<p>Trajanje: oko 180 minuta; predstava ima jednu stanku<\/p>\n<p>Premda je svima dobro poznat ovaj naslov iz \u010duvene dramske dramske serije, mi smo mu odlu\u010dili dati priliku u novom, kazali\u0161nom \u010ditanju.<\/p>\n<p>Neoptere\u0107eni likovima iz serije i njihovim slavnim interpretima, ova \u0107e Komedijina predstava pohrliti u izazov da poka\u017ee jedno novo, teatarskim jezikom ispri\u010dano,&nbsp; Velo misto.<\/p>\n<p>Za to postoje brojni razlozi. Smoje kao antologijski autor zaslu\u017euje svoje mjesto na na\u0161em dramskom repertoaru, naro\u010dito svojim sada ve\u0107 legendarnim humorom vezanim za dalmatinski mentalitet. Kad se uzme u obzir da je, po broju dalmatinaca,&nbsp; Zagreb drugi po veli\u010dini dalmatinski grad nakon Splita, onda se izbor ovog komada \u010dini kao logi\u010dni dug takvoj vrsti komedije koja ve\u0107 dugo nije prisutna na daskama na\u0161eg kazali\u0161ta.<\/p>\n<p>Ostali razlozi su jo\u0161 jasniji: svevremenost i simboli\u010dnost fabule, sjajna karakterizacija likova, britki dijalozi.<\/p>\n<p>Glavni lik predstave je grad Split \u2013 no njega pratimo kroz o\u010di cijelog niza likova, koji premda pripadaju razli\u010ditom politi\u010dkom i socijalnom kontekstu&nbsp; egzistiraju u mentalitetnoj konstanti. Usprkos promjeni \u0161est razli\u010ditih vlasti vlasti, \u0161est razli\u010ditih zastava (Austro \u2013 Ugarska monarhija, Dr\u017eava SHS, Kraljevina Jugoslavija, fa\u0161isti\u010dka Italija, nacisti\u010dka Njema\u010dka, socijalisti\u010dka Jugoslavija) grad i njegovi ljudi ostaju isti, ne daju se pokoriti.<\/p>\n<p>Radnja predstave bit \u0107e uglavnom smje\u0161tena u 1936. godinu, kad gradom vlada osje\u0107aj velikog nereda i stalne mijene, kad se svima \u010dini da rata ne\u0107e nikada biti, a opet sve izgleda kao da bi mogao svakog \u010dasa po\u010deti.&nbsp; Kroz kaos predratne inflacije, ruskih imigranata, \u0161verca, iseljavanja mladih u Ameriku, redova za hranu, prebacivanja usta\u0161a u Italiju i komunista u internacionalne brigade u \u0160panjolsku na\u0161i likovi susre\u0107u se u nemogu\u0107im kombinacijama i poma\u017eu si bez ikakve pretpostavke \u0161to \u0107e se za samo nekoliko godina dogoditi.<\/p>\n<p>Zato \u0107emo se i smijati, ali zato \u0107e na\u0161 smijeh biti tragi\u010dan. Mi u publici to\u010dno znamo u kojem smjeru na\u0161i likovi odlaze.<\/p>\n<p>Humor koji nosi \u017eivot. Predstava o pre\u017eivljavanju \u017eivota samog. Velo misto kao apoteoza \u010dinjenici da je svaka politika oblik opresije kojoj se suprotstavlja \u017eivot, \u017eivot koji se odbija njome oblikovati i humorom pre\u017eivi i nad\u017eivi svaki politi\u010dki kontekst. Jer ljudi i njihov mentalitet ostaju, a politike su prolazne. Grad pamti \u017eivot i \u017eivot jest.<\/p>\n<p>&nbsp;<\/p>\n<p>SPONZOR PREDSTAVE:<br \/>\n<strong>HRVATSKA PO\u0160TA<\/strong><\/p>\n<p><a href=\"https:\/\/www.komedija.hr\/www\/wp-content\/uploads\/2023\/04\/HP_HRVATSKA_POSTA_LOGO_NOVI_FINAL_za-SPONZORSTVO-01.jpg\"><img decoding=\"async\" class=\"alignnone size-medium wp-image-17125\" src=\"https:\/\/www.komedija.hr\/www\/wp-content\/uploads\/2023\/04\/HP_HRVATSKA_POSTA_LOGO_NOVI_FINAL_za-SPONZORSTVO-01-300x165.jpg\" alt=\"\" width=\"300\" height=\"165\" srcset=\"https:\/\/www.komedija.hr\/www\/wp-content\/uploads\/2023\/04\/HP_HRVATSKA_POSTA_LOGO_NOVI_FINAL_za-SPONZORSTVO-01-300x165.jpg 300w, https:\/\/www.komedija.hr\/www\/wp-content\/uploads\/2023\/04\/HP_HRVATSKA_POSTA_LOGO_NOVI_FINAL_za-SPONZORSTVO-01-1024x563.jpg 1024w, https:\/\/www.komedija.hr\/www\/wp-content\/uploads\/2023\/04\/HP_HRVATSKA_POSTA_LOGO_NOVI_FINAL_za-SPONZORSTVO-01-768x422.jpg 768w, https:\/\/www.komedija.hr\/www\/wp-content\/uploads\/2023\/04\/HP_HRVATSKA_POSTA_LOGO_NOVI_FINAL_za-SPONZORSTVO-01-1320x725.jpg 1320w, https:\/\/www.komedija.hr\/www\/wp-content\/uploads\/2023\/04\/HP_HRVATSKA_POSTA_LOGO_NOVI_FINAL_za-SPONZORSTVO-01.jpg 1463w\" sizes=\"(max-width: 300px) 100vw, 300px\" \/><\/a><\/p>\n","protected":false},"excerpt":{"rendered":"<p>Miljenko Smoje: VELO MISTO Re\u017eija i adaptacija: Marina Pejnovi\u0107 Asistent redateljice: Patrik Se\u010den Scenografkinja: Liberta Mi\u0161an Kostimografkinja: Petra Pavi\u010di\u0107 Koreograf: Dejan Jakovljevi\u0107 Skladatelj i dizajner zvuka: Vid Adam Hribar Oblikovatelj svjetla: Elvis Butkovi\u0107 Asistentica kostimografkinje: Eva Karaka\u0161 Bedrina Jezi\u010dni savjetnik: Jo\u0161ko \u0160evo &nbsp; Narator \/ Bakalar: Vinko Kraljevi\u0107 Me\u0161tar: Damir Lon\u010dar Papundek: Roko Sikavica \/ [&hellip;]<\/p>\n","protected":false},"author":5,"featured_media":16781,"parent":10,"menu_order":0,"comment_status":"closed","ping_status":"closed","template":"","meta":{"ngg_post_thumbnail":0,"footnotes":""},"class_list":["post-16424","page","type-page","status-publish","has-post-thumbnail","hentry"],"yoast_head":"<!-- This site is optimized with the Yoast SEO plugin v27.5 - https:\/\/yoast.com\/product\/yoast-seo-wordpress\/ -->\n<title>VELO MISTO - Kazali\u0161te Komedija<\/title>\n<meta name=\"robots\" content=\"index, follow, max-snippet:-1, max-image-preview:large, max-video-preview:-1\" \/>\n<link rel=\"canonical\" href=\"https:\/\/www.komedija.hr\/www\/repertoar\/velo-misto\/\" \/>\n<meta property=\"og:locale\" content=\"hr_HR\" \/>\n<meta property=\"og:type\" content=\"article\" \/>\n<meta property=\"og:title\" content=\"VELO MISTO - Kazali\u0161te Komedija\" \/>\n<meta property=\"og:description\" content=\"Miljenko Smoje: VELO MISTO Re\u017eija i adaptacija: Marina Pejnovi\u0107 Asistent redateljice: Patrik Se\u010den Scenografkinja: Liberta Mi\u0161an Kostimografkinja: Petra Pavi\u010di\u0107 Koreograf: Dejan Jakovljevi\u0107 Skladatelj i dizajner zvuka: Vid Adam Hribar Oblikovatelj svjetla: Elvis Butkovi\u0107 Asistentica kostimografkinje: Eva Karaka\u0161 Bedrina Jezi\u010dni savjetnik: Jo\u0161ko \u0160evo &nbsp; Narator \/ Bakalar: Vinko Kraljevi\u0107 Me\u0161tar: Damir Lon\u010dar Papundek: Roko Sikavica \/ [&hellip;]\" \/>\n<meta property=\"og:url\" content=\"https:\/\/www.komedija.hr\/www\/repertoar\/velo-misto\/\" \/>\n<meta property=\"og:site_name\" content=\"Kazali\u0161te Komedija\" \/>\n<meta property=\"article:publisher\" content=\"https:\/\/www.facebook.com\/kazaliste.komedija\/\" \/>\n<meta property=\"article:modified_time\" content=\"2023-12-16T18:13:10+00:00\" \/>\n<meta property=\"og:image\" content=\"https:\/\/www.komedija.hr\/www\/wp-content\/uploads\/2023\/02\/velo-misto_WEB-clanak.png\" \/>\n\t<meta property=\"og:image:width\" content=\"707\" \/>\n\t<meta property=\"og:image:height\" content=\"1000\" \/>\n\t<meta property=\"og:image:type\" content=\"image\/png\" \/>\n<meta name=\"twitter:card\" content=\"summary_large_image\" \/>\n<meta name=\"twitter:site\" content=\"@KKomedija\" \/>\n<meta name=\"twitter:label1\" content=\"Procijenjeno vrijeme \u010ditanja\" \/>\n\t<meta name=\"twitter:data1\" content=\"4 minute\" \/>\n<script type=\"application\/ld+json\" class=\"yoast-schema-graph\">{\"@context\":\"https:\\\/\\\/schema.org\",\"@graph\":[{\"@type\":\"WebPage\",\"@id\":\"https:\\\/\\\/www.komedija.hr\\\/www\\\/repertoar\\\/velo-misto\\\/\",\"url\":\"https:\\\/\\\/www.komedija.hr\\\/www\\\/repertoar\\\/velo-misto\\\/\",\"name\":\"VELO MISTO - Kazali\u0161te Komedija\",\"isPartOf\":{\"@id\":\"http:\\\/\\\/www.komedija.hr\\\/www\\\/#website\"},\"primaryImageOfPage\":{\"@id\":\"https:\\\/\\\/www.komedija.hr\\\/www\\\/repertoar\\\/velo-misto\\\/#primaryimage\"},\"image\":{\"@id\":\"https:\\\/\\\/www.komedija.hr\\\/www\\\/repertoar\\\/velo-misto\\\/#primaryimage\"},\"thumbnailUrl\":\"https:\\\/\\\/www.komedija.hr\\\/www\\\/wp-content\\\/uploads\\\/2023\\\/02\\\/velo-misto_WEB-clanak.png\",\"datePublished\":\"2022-12-16T19:39:21+00:00\",\"dateModified\":\"2023-12-16T18:13:10+00:00\",\"breadcrumb\":{\"@id\":\"https:\\\/\\\/www.komedija.hr\\\/www\\\/repertoar\\\/velo-misto\\\/#breadcrumb\"},\"inLanguage\":\"hr\",\"potentialAction\":[{\"@type\":\"ReadAction\",\"target\":[\"https:\\\/\\\/www.komedija.hr\\\/www\\\/repertoar\\\/velo-misto\\\/\"]}]},{\"@type\":\"ImageObject\",\"inLanguage\":\"hr\",\"@id\":\"https:\\\/\\\/www.komedija.hr\\\/www\\\/repertoar\\\/velo-misto\\\/#primaryimage\",\"url\":\"https:\\\/\\\/www.komedija.hr\\\/www\\\/wp-content\\\/uploads\\\/2023\\\/02\\\/velo-misto_WEB-clanak.png\",\"contentUrl\":\"https:\\\/\\\/www.komedija.hr\\\/www\\\/wp-content\\\/uploads\\\/2023\\\/02\\\/velo-misto_WEB-clanak.png\",\"width\":707,\"height\":1000},{\"@type\":\"BreadcrumbList\",\"@id\":\"https:\\\/\\\/www.komedija.hr\\\/www\\\/repertoar\\\/velo-misto\\\/#breadcrumb\",\"itemListElement\":[{\"@type\":\"ListItem\",\"position\":1,\"name\":\"Po\u010detna stranica\",\"item\":\"http:\\\/\\\/www.komedija.hr\\\/www\\\/\"},{\"@type\":\"ListItem\",\"position\":2,\"name\":\"Repertoar\",\"item\":\"https:\\\/\\\/www.komedija.hr\\\/www\\\/repertoar\\\/\"},{\"@type\":\"ListItem\",\"position\":3,\"name\":\"VELO MISTO\"}]},{\"@type\":\"WebSite\",\"@id\":\"http:\\\/\\\/www.komedija.hr\\\/www\\\/#website\",\"url\":\"http:\\\/\\\/www.komedija.hr\\\/www\\\/\",\"name\":\"Kazali\u0161te Komedija\",\"description\":\"\",\"publisher\":{\"@id\":\"http:\\\/\\\/www.komedija.hr\\\/www\\\/#organization\"},\"potentialAction\":[{\"@type\":\"SearchAction\",\"target\":{\"@type\":\"EntryPoint\",\"urlTemplate\":\"http:\\\/\\\/www.komedija.hr\\\/www\\\/?s={search_term_string}\"},\"query-input\":{\"@type\":\"PropertyValueSpecification\",\"valueRequired\":true,\"valueName\":\"search_term_string\"}}],\"inLanguage\":\"hr\"},{\"@type\":\"Organization\",\"@id\":\"http:\\\/\\\/www.komedija.hr\\\/www\\\/#organization\",\"name\":\"Zagreba\u010dko gradsko Kazali\u0161ta Komedija\",\"url\":\"http:\\\/\\\/www.komedija.hr\\\/www\\\/\",\"logo\":{\"@type\":\"ImageObject\",\"inLanguage\":\"hr\",\"@id\":\"http:\\\/\\\/www.komedija.hr\\\/www\\\/#\\\/schema\\\/logo\\\/image\\\/\",\"url\":\"https:\\\/\\\/www.komedija.hr\\\/www\\\/wp-content\\\/uploads\\\/2020\\\/02\\\/cropped-Kazaliste_Komedija_logo_2.png\",\"contentUrl\":\"https:\\\/\\\/www.komedija.hr\\\/www\\\/wp-content\\\/uploads\\\/2020\\\/02\\\/cropped-Kazaliste_Komedija_logo_2.png\",\"width\":512,\"height\":512,\"caption\":\"Zagreba\u010dko gradsko Kazali\u0161ta Komedija\"},\"image\":{\"@id\":\"http:\\\/\\\/www.komedija.hr\\\/www\\\/#\\\/schema\\\/logo\\\/image\\\/\"},\"sameAs\":[\"https:\\\/\\\/www.facebook.com\\\/kazaliste.komedija\\\/\",\"https:\\\/\\\/x.com\\\/KKomedija\",\"https:\\\/\\\/www.instagram.com\\\/kazaliste_komedija\\\/\",\"https:\\\/\\\/www.youtube.com\\\/channel\\\/UC1NcapMYUXJW3miW_oPxT5w\\\/videos\"]}]}<\/script>\n<!-- \/ Yoast SEO plugin. -->","yoast_head_json":{"title":"VELO MISTO - Kazali\u0161te Komedija","robots":{"index":"index","follow":"follow","max-snippet":"max-snippet:-1","max-image-preview":"max-image-preview:large","max-video-preview":"max-video-preview:-1"},"canonical":"https:\/\/www.komedija.hr\/www\/repertoar\/velo-misto\/","og_locale":"hr_HR","og_type":"article","og_title":"VELO MISTO - Kazali\u0161te Komedija","og_description":"Miljenko Smoje: VELO MISTO Re\u017eija i adaptacija: Marina Pejnovi\u0107 Asistent redateljice: Patrik Se\u010den Scenografkinja: Liberta Mi\u0161an Kostimografkinja: Petra Pavi\u010di\u0107 Koreograf: Dejan Jakovljevi\u0107 Skladatelj i dizajner zvuka: Vid Adam Hribar Oblikovatelj svjetla: Elvis Butkovi\u0107 Asistentica kostimografkinje: Eva Karaka\u0161 Bedrina Jezi\u010dni savjetnik: Jo\u0161ko \u0160evo &nbsp; Narator \/ Bakalar: Vinko Kraljevi\u0107 Me\u0161tar: Damir Lon\u010dar Papundek: Roko Sikavica \/ [&hellip;]","og_url":"https:\/\/www.komedija.hr\/www\/repertoar\/velo-misto\/","og_site_name":"Kazali\u0161te Komedija","article_publisher":"https:\/\/www.facebook.com\/kazaliste.komedija\/","article_modified_time":"2023-12-16T18:13:10+00:00","og_image":[{"width":707,"height":1000,"url":"https:\/\/www.komedija.hr\/www\/wp-content\/uploads\/2023\/02\/velo-misto_WEB-clanak.png","type":"image\/png"}],"twitter_card":"summary_large_image","twitter_site":"@KKomedija","twitter_misc":{"Procijenjeno vrijeme \u010ditanja":"4 minute"},"schema":{"@context":"https:\/\/schema.org","@graph":[{"@type":"WebPage","@id":"https:\/\/www.komedija.hr\/www\/repertoar\/velo-misto\/","url":"https:\/\/www.komedija.hr\/www\/repertoar\/velo-misto\/","name":"VELO MISTO - Kazali\u0161te Komedija","isPartOf":{"@id":"http:\/\/www.komedija.hr\/www\/#website"},"primaryImageOfPage":{"@id":"https:\/\/www.komedija.hr\/www\/repertoar\/velo-misto\/#primaryimage"},"image":{"@id":"https:\/\/www.komedija.hr\/www\/repertoar\/velo-misto\/#primaryimage"},"thumbnailUrl":"https:\/\/www.komedija.hr\/www\/wp-content\/uploads\/2023\/02\/velo-misto_WEB-clanak.png","datePublished":"2022-12-16T19:39:21+00:00","dateModified":"2023-12-16T18:13:10+00:00","breadcrumb":{"@id":"https:\/\/www.komedija.hr\/www\/repertoar\/velo-misto\/#breadcrumb"},"inLanguage":"hr","potentialAction":[{"@type":"ReadAction","target":["https:\/\/www.komedija.hr\/www\/repertoar\/velo-misto\/"]}]},{"@type":"ImageObject","inLanguage":"hr","@id":"https:\/\/www.komedija.hr\/www\/repertoar\/velo-misto\/#primaryimage","url":"https:\/\/www.komedija.hr\/www\/wp-content\/uploads\/2023\/02\/velo-misto_WEB-clanak.png","contentUrl":"https:\/\/www.komedija.hr\/www\/wp-content\/uploads\/2023\/02\/velo-misto_WEB-clanak.png","width":707,"height":1000},{"@type":"BreadcrumbList","@id":"https:\/\/www.komedija.hr\/www\/repertoar\/velo-misto\/#breadcrumb","itemListElement":[{"@type":"ListItem","position":1,"name":"Po\u010detna stranica","item":"http:\/\/www.komedija.hr\/www\/"},{"@type":"ListItem","position":2,"name":"Repertoar","item":"https:\/\/www.komedija.hr\/www\/repertoar\/"},{"@type":"ListItem","position":3,"name":"VELO MISTO"}]},{"@type":"WebSite","@id":"http:\/\/www.komedija.hr\/www\/#website","url":"http:\/\/www.komedija.hr\/www\/","name":"Kazali\u0161te Komedija","description":"","publisher":{"@id":"http:\/\/www.komedija.hr\/www\/#organization"},"potentialAction":[{"@type":"SearchAction","target":{"@type":"EntryPoint","urlTemplate":"http:\/\/www.komedija.hr\/www\/?s={search_term_string}"},"query-input":{"@type":"PropertyValueSpecification","valueRequired":true,"valueName":"search_term_string"}}],"inLanguage":"hr"},{"@type":"Organization","@id":"http:\/\/www.komedija.hr\/www\/#organization","name":"Zagreba\u010dko gradsko Kazali\u0161ta Komedija","url":"http:\/\/www.komedija.hr\/www\/","logo":{"@type":"ImageObject","inLanguage":"hr","@id":"http:\/\/www.komedija.hr\/www\/#\/schema\/logo\/image\/","url":"https:\/\/www.komedija.hr\/www\/wp-content\/uploads\/2020\/02\/cropped-Kazaliste_Komedija_logo_2.png","contentUrl":"https:\/\/www.komedija.hr\/www\/wp-content\/uploads\/2020\/02\/cropped-Kazaliste_Komedija_logo_2.png","width":512,"height":512,"caption":"Zagreba\u010dko gradsko Kazali\u0161ta Komedija"},"image":{"@id":"http:\/\/www.komedija.hr\/www\/#\/schema\/logo\/image\/"},"sameAs":["https:\/\/www.facebook.com\/kazaliste.komedija\/","https:\/\/x.com\/KKomedija","https:\/\/www.instagram.com\/kazaliste_komedija\/","https:\/\/www.youtube.com\/channel\/UC1NcapMYUXJW3miW_oPxT5w\/videos"]}]}},"_links":{"self":[{"href":"https:\/\/www.komedija.hr\/www\/wp-json\/wp\/v2\/pages\/16424","targetHints":{"allow":["GET"]}}],"collection":[{"href":"https:\/\/www.komedija.hr\/www\/wp-json\/wp\/v2\/pages"}],"about":[{"href":"https:\/\/www.komedija.hr\/www\/wp-json\/wp\/v2\/types\/page"}],"author":[{"embeddable":true,"href":"https:\/\/www.komedija.hr\/www\/wp-json\/wp\/v2\/users\/5"}],"replies":[{"embeddable":true,"href":"https:\/\/www.komedija.hr\/www\/wp-json\/wp\/v2\/comments?post=16424"}],"version-history":[{"count":1,"href":"https:\/\/www.komedija.hr\/www\/wp-json\/wp\/v2\/pages\/16424\/revisions"}],"predecessor-version":[{"id":17937,"href":"https:\/\/www.komedija.hr\/www\/wp-json\/wp\/v2\/pages\/16424\/revisions\/17937"}],"up":[{"embeddable":true,"href":"https:\/\/www.komedija.hr\/www\/wp-json\/wp\/v2\/pages\/10"}],"wp:featuredmedia":[{"embeddable":true,"href":"https:\/\/www.komedija.hr\/www\/wp-json\/wp\/v2\/media\/16781"}],"wp:attachment":[{"href":"https:\/\/www.komedija.hr\/www\/wp-json\/wp\/v2\/media?parent=16424"}],"curies":[{"name":"wp","href":"https:\/\/api.w.org\/{rel}","templated":true}]}}