{"id":3974,"date":"2013-05-15T10:42:59","date_gmt":"2013-05-15T08:42:59","guid":{"rendered":"http:\/\/www.komedija.hr\/web\/?page_id=3974"},"modified":"2013-05-15T10:56:20","modified_gmt":"2013-05-15T08:56:20","slug":"janica-i-jean","status":"publish","type":"page","link":"https:\/\/www.komedija.hr\/www\/arhiva-predstava\/janica-i-jean\/","title":{"rendered":"Janica i Jean"},"content":{"rendered":"<p>Kazali\u0161te &#8220;Komedija&#8221;, Samoborfest d.o.o. i Tambura\u0161ki orkestar HRT-a u suradnji.<\/p>\n<p>Samobor, ljeto godine 1813. Vrijeme je francuske okupacije, a francuski \u010dasnici smje\u0161teni su po samoborskim &#8220;boljim ku\u0107ama&#8221;. U jednoj takvoj, kod obitelji Kle\u0161\u010di\u0107, zagledaju se mlada Janica i nao\u010dit francuski poru\u010dnik Jean. Ali, vrijeme je da Francuzi napuste ilirske provincije i da se povuku iz Samobora&#8230;<\/p>\n<p>U vrijeme kad je Sava dijelila francuske provincije od Austro-Ugarske, pa je za tada\u0161nje Samoborce Zagreb bio inozemstvo, doista su se &#8211; onako kako to zami\u0161lja autor ovog djela &#8211; mogli jedno u drugo zagledati Janica i Jean. U francuskoj okupaciji bilo je manje krvi i vi\u0161e nadmudrivanja oko pla\u0107anja poreza i sli\u010dnih dad\u017ebina, a Samoborcima je, umjesto traumati\u010dnih sje\u0107anja, u pam\u0107enju i op\u0107oj upotrebi ostalo nekoliko kulinarskih sastojaka i recepata. Osim pri\u010de, ovo djelo jedinstvenim \u010dini i to \u0161to prvi put glazbu u nekom mjuziklu izvodi &#8211; tambura\u0161ki orkestar, za koji je i pisana. Uz proku\u0161ani &#8220;Komedijin&#8221; ansambl isti\u010demo i pobjednika dje\u010djeg Eurosonga Dinu Jelusi\u0107a u ulozi Jani\u010dinog brata Ivice.<\/p>\n<blockquote><p>glazba: Sini\u0161a Leopold\u00a0<br \/>\nlibreto: Robert \u0160kiljan\u00a0<br \/>\nredatelj: <a title=\"Portret umjetnika: Vlado \u0160tefan\u010di\u0107\" href=\"http:\/\/www.komedija.hr\/web\/?page_id=1177\">Vlado \u0160tefan\u010di\u0107\u00a0<\/a><br \/>\ndirigent: Sini\u0161a Leopold\u00a0<br \/>\nscenograf: Ivica Antol\u010di\u0107\u00a0<br \/>\nkostimografkinja: Mirjana Zagorec\u00a0<br \/>\nkoreografkinja: Sonja Kastl\u00a0<br \/>\nnastupaju: <a title=\"Vlatka Buri\u0107\" href=\"http:\/\/www.komedija.hr\/web\/?page_id=932\">Vlatka Buri\u0107<\/a> (Janica), <a title=\"\u0110ani Stipani\u010dev\" href=\"http:\/\/www.komedija.hr\/web\/?page_id=1126\">\u0110ani Stipani\u010dev<\/a> (Jean), Lukrecija Bre\u0161kovi\u0107 (Marica), Boris Pavleni\u0107 (Bourbonne), <a title=\"Dra\u017een \u010cu\u010dek\" href=\"http:\/\/www.komedija.hr\/web\/?page_id=937\">Dra\u017een \u010cu\u010dek<\/a> (Josip), <a title=\"Vid Balog\" href=\"http:\/\/www.komedija.hr\/web\/?page_id=921\">Vid Balog<\/a> (Emile), <a title=\"Adam Kon\u010di\u0107\" href=\"http:\/\/www.komedija.hr\/web\/?page_id=958\">Adam Kon\u010di\u0107<\/a> (Marko), <a title=\"Larisa Marak\" href=\"http:\/\/www.komedija.hr\/web\/?page_id=1074\">Larisa Marak<\/a> (Katica), Robert Bo\u0161kovi\u0107 (Juraj), <a title=\"Kova\u010di\u0107 Vlado \u2013 popis\" href=\"http:\/\/www.komedija.hr\/web\/?page_id=962\">Vlado Kova\u010di\u0107 <\/a>(Janko), <a title=\"Ranko Tihomirovi\u0107\" href=\"http:\/\/www.komedija.hr\/web\/?page_id=1391\">Ranko Tihomirovi\u0107 <\/a>(Jozo), Dino Jelusi\u0107 (Ivan)<br \/>\nUz sudjelovanje Tambura\u0161kog orkestra Hrvatske radiotelevizije, baleta, zbora i orkestra Kazali\u0161ta Komedija.<\/p>\n<p>Predstava je primjerena za sve uzraste.<br \/>\nPremijera: 20. velja\u010de 2004.<br \/>\nTrajanje oko 100 minuta (stanka uklju\u010dena).<\/p><\/blockquote>\n","protected":false},"excerpt":{"rendered":"<p>Kazali\u0161te &#8220;Komedija&#8221;, Samoborfest d.o.o. i Tambura\u0161ki orkestar HRT-a u suradnji. Samobor, ljeto godine 1813. Vrijeme je francuske okupacije, a francuski \u010dasnici smje\u0161teni su po samoborskim &#8220;boljim ku\u0107ama&#8221;. U jednoj takvoj, kod obitelji Kle\u0161\u010di\u0107, zagledaju se mlada Janica i nao\u010dit francuski poru\u010dnik Jean. Ali, vrijeme je da Francuzi napuste ilirske provincije i da se povuku iz [&hellip;]<\/p>\n","protected":false},"author":4,"featured_media":0,"parent":1659,"menu_order":0,"comment_status":"closed","ping_status":"open","template":"","meta":{"ngg_post_thumbnail":0,"footnotes":""},"class_list":["post-3974","page","type-page","status-publish","hentry"],"yoast_head":"<!-- This site is optimized with the Yoast SEO plugin v27.5 - https:\/\/yoast.com\/product\/yoast-seo-wordpress\/ -->\n<title>Janica i Jean - Kazali\u0161te Komedija<\/title>\n<meta name=\"robots\" content=\"index, follow, max-snippet:-1, max-image-preview:large, max-video-preview:-1\" \/>\n<link rel=\"canonical\" href=\"https:\/\/www.komedija.hr\/www\/arhiva-predstava\/janica-i-jean\/\" \/>\n<meta property=\"og:locale\" content=\"hr_HR\" \/>\n<meta property=\"og:type\" content=\"article\" \/>\n<meta property=\"og:title\" content=\"Janica i Jean - Kazali\u0161te Komedija\" \/>\n<meta property=\"og:description\" content=\"Kazali\u0161te &#8220;Komedija&#8221;, Samoborfest d.o.o. i Tambura\u0161ki orkestar HRT-a u suradnji. Samobor, ljeto godine 1813. Vrijeme je francuske okupacije, a francuski \u010dasnici smje\u0161teni su po samoborskim &#8220;boljim ku\u0107ama&#8221;. U jednoj takvoj, kod obitelji Kle\u0161\u010di\u0107, zagledaju se mlada Janica i nao\u010dit francuski poru\u010dnik Jean. Ali, vrijeme je da Francuzi napuste ilirske provincije i da se povuku iz [&hellip;]\" \/>\n<meta property=\"og:url\" content=\"https:\/\/www.komedija.hr\/www\/arhiva-predstava\/janica-i-jean\/\" \/>\n<meta property=\"og:site_name\" content=\"Kazali\u0161te Komedija\" \/>\n<meta property=\"article:publisher\" content=\"https:\/\/www.facebook.com\/kazaliste.komedija\/\" \/>\n<meta property=\"article:modified_time\" content=\"2013-05-15T08:56:20+00:00\" \/>\n<meta name=\"twitter:card\" content=\"summary_large_image\" \/>\n<meta name=\"twitter:site\" content=\"@KKomedija\" \/>\n<meta name=\"twitter:label1\" content=\"Procijenjeno vrijeme \u010ditanja\" \/>\n\t<meta name=\"twitter:data1\" content=\"1 minuta\" \/>\n<script type=\"application\/ld+json\" class=\"yoast-schema-graph\">{\"@context\":\"https:\\\/\\\/schema.org\",\"@graph\":[{\"@type\":\"WebPage\",\"@id\":\"https:\\\/\\\/www.komedija.hr\\\/www\\\/arhiva-predstava\\\/janica-i-jean\\\/\",\"url\":\"https:\\\/\\\/www.komedija.hr\\\/www\\\/arhiva-predstava\\\/janica-i-jean\\\/\",\"name\":\"Janica i Jean - Kazali\u0161te Komedija\",\"isPartOf\":{\"@id\":\"http:\\\/\\\/www.komedija.hr\\\/www\\\/#website\"},\"datePublished\":\"2013-05-15T08:42:59+00:00\",\"dateModified\":\"2013-05-15T08:56:20+00:00\",\"breadcrumb\":{\"@id\":\"https:\\\/\\\/www.komedija.hr\\\/www\\\/arhiva-predstava\\\/janica-i-jean\\\/#breadcrumb\"},\"inLanguage\":\"hr\",\"potentialAction\":[{\"@type\":\"ReadAction\",\"target\":[\"https:\\\/\\\/www.komedija.hr\\\/www\\\/arhiva-predstava\\\/janica-i-jean\\\/\"]}]},{\"@type\":\"BreadcrumbList\",\"@id\":\"https:\\\/\\\/www.komedija.hr\\\/www\\\/arhiva-predstava\\\/janica-i-jean\\\/#breadcrumb\",\"itemListElement\":[{\"@type\":\"ListItem\",\"position\":1,\"name\":\"Po\u010detna stranica\",\"item\":\"http:\\\/\\\/www.komedija.hr\\\/www\\\/\"},{\"@type\":\"ListItem\",\"position\":2,\"name\":\"Arhiva predstava\",\"item\":\"https:\\\/\\\/www.komedija.hr\\\/www\\\/arhiva-predstava\\\/\"},{\"@type\":\"ListItem\",\"position\":3,\"name\":\"Janica i Jean\"}]},{\"@type\":\"WebSite\",\"@id\":\"http:\\\/\\\/www.komedija.hr\\\/www\\\/#website\",\"url\":\"http:\\\/\\\/www.komedija.hr\\\/www\\\/\",\"name\":\"Kazali\u0161te Komedija\",\"description\":\"\",\"publisher\":{\"@id\":\"http:\\\/\\\/www.komedija.hr\\\/www\\\/#organization\"},\"potentialAction\":[{\"@type\":\"SearchAction\",\"target\":{\"@type\":\"EntryPoint\",\"urlTemplate\":\"http:\\\/\\\/www.komedija.hr\\\/www\\\/?s={search_term_string}\"},\"query-input\":{\"@type\":\"PropertyValueSpecification\",\"valueRequired\":true,\"valueName\":\"search_term_string\"}}],\"inLanguage\":\"hr\"},{\"@type\":\"Organization\",\"@id\":\"http:\\\/\\\/www.komedija.hr\\\/www\\\/#organization\",\"name\":\"Zagreba\u010dko gradsko Kazali\u0161ta Komedija\",\"url\":\"http:\\\/\\\/www.komedija.hr\\\/www\\\/\",\"logo\":{\"@type\":\"ImageObject\",\"inLanguage\":\"hr\",\"@id\":\"http:\\\/\\\/www.komedija.hr\\\/www\\\/#\\\/schema\\\/logo\\\/image\\\/\",\"url\":\"https:\\\/\\\/www.komedija.hr\\\/www\\\/wp-content\\\/uploads\\\/2020\\\/02\\\/cropped-Kazaliste_Komedija_logo_2.png\",\"contentUrl\":\"https:\\\/\\\/www.komedija.hr\\\/www\\\/wp-content\\\/uploads\\\/2020\\\/02\\\/cropped-Kazaliste_Komedija_logo_2.png\",\"width\":512,\"height\":512,\"caption\":\"Zagreba\u010dko gradsko Kazali\u0161ta Komedija\"},\"image\":{\"@id\":\"http:\\\/\\\/www.komedija.hr\\\/www\\\/#\\\/schema\\\/logo\\\/image\\\/\"},\"sameAs\":[\"https:\\\/\\\/www.facebook.com\\\/kazaliste.komedija\\\/\",\"https:\\\/\\\/x.com\\\/KKomedija\",\"https:\\\/\\\/www.instagram.com\\\/kazaliste_komedija\\\/\",\"https:\\\/\\\/www.youtube.com\\\/channel\\\/UC1NcapMYUXJW3miW_oPxT5w\\\/videos\"]}]}<\/script>\n<!-- \/ Yoast SEO plugin. -->","yoast_head_json":{"title":"Janica i Jean - Kazali\u0161te Komedija","robots":{"index":"index","follow":"follow","max-snippet":"max-snippet:-1","max-image-preview":"max-image-preview:large","max-video-preview":"max-video-preview:-1"},"canonical":"https:\/\/www.komedija.hr\/www\/arhiva-predstava\/janica-i-jean\/","og_locale":"hr_HR","og_type":"article","og_title":"Janica i Jean - Kazali\u0161te Komedija","og_description":"Kazali\u0161te &#8220;Komedija&#8221;, Samoborfest d.o.o. i Tambura\u0161ki orkestar HRT-a u suradnji. Samobor, ljeto godine 1813. Vrijeme je francuske okupacije, a francuski \u010dasnici smje\u0161teni su po samoborskim &#8220;boljim ku\u0107ama&#8221;. U jednoj takvoj, kod obitelji Kle\u0161\u010di\u0107, zagledaju se mlada Janica i nao\u010dit francuski poru\u010dnik Jean. Ali, vrijeme je da Francuzi napuste ilirske provincije i da se povuku iz [&hellip;]","og_url":"https:\/\/www.komedija.hr\/www\/arhiva-predstava\/janica-i-jean\/","og_site_name":"Kazali\u0161te Komedija","article_publisher":"https:\/\/www.facebook.com\/kazaliste.komedija\/","article_modified_time":"2013-05-15T08:56:20+00:00","twitter_card":"summary_large_image","twitter_site":"@KKomedija","twitter_misc":{"Procijenjeno vrijeme \u010ditanja":"1 minuta"},"schema":{"@context":"https:\/\/schema.org","@graph":[{"@type":"WebPage","@id":"https:\/\/www.komedija.hr\/www\/arhiva-predstava\/janica-i-jean\/","url":"https:\/\/www.komedija.hr\/www\/arhiva-predstava\/janica-i-jean\/","name":"Janica i Jean - Kazali\u0161te Komedija","isPartOf":{"@id":"http:\/\/www.komedija.hr\/www\/#website"},"datePublished":"2013-05-15T08:42:59+00:00","dateModified":"2013-05-15T08:56:20+00:00","breadcrumb":{"@id":"https:\/\/www.komedija.hr\/www\/arhiva-predstava\/janica-i-jean\/#breadcrumb"},"inLanguage":"hr","potentialAction":[{"@type":"ReadAction","target":["https:\/\/www.komedija.hr\/www\/arhiva-predstava\/janica-i-jean\/"]}]},{"@type":"BreadcrumbList","@id":"https:\/\/www.komedija.hr\/www\/arhiva-predstava\/janica-i-jean\/#breadcrumb","itemListElement":[{"@type":"ListItem","position":1,"name":"Po\u010detna stranica","item":"http:\/\/www.komedija.hr\/www\/"},{"@type":"ListItem","position":2,"name":"Arhiva predstava","item":"https:\/\/www.komedija.hr\/www\/arhiva-predstava\/"},{"@type":"ListItem","position":3,"name":"Janica i Jean"}]},{"@type":"WebSite","@id":"http:\/\/www.komedija.hr\/www\/#website","url":"http:\/\/www.komedija.hr\/www\/","name":"Kazali\u0161te Komedija","description":"","publisher":{"@id":"http:\/\/www.komedija.hr\/www\/#organization"},"potentialAction":[{"@type":"SearchAction","target":{"@type":"EntryPoint","urlTemplate":"http:\/\/www.komedija.hr\/www\/?s={search_term_string}"},"query-input":{"@type":"PropertyValueSpecification","valueRequired":true,"valueName":"search_term_string"}}],"inLanguage":"hr"},{"@type":"Organization","@id":"http:\/\/www.komedija.hr\/www\/#organization","name":"Zagreba\u010dko gradsko Kazali\u0161ta Komedija","url":"http:\/\/www.komedija.hr\/www\/","logo":{"@type":"ImageObject","inLanguage":"hr","@id":"http:\/\/www.komedija.hr\/www\/#\/schema\/logo\/image\/","url":"https:\/\/www.komedija.hr\/www\/wp-content\/uploads\/2020\/02\/cropped-Kazaliste_Komedija_logo_2.png","contentUrl":"https:\/\/www.komedija.hr\/www\/wp-content\/uploads\/2020\/02\/cropped-Kazaliste_Komedija_logo_2.png","width":512,"height":512,"caption":"Zagreba\u010dko gradsko Kazali\u0161ta Komedija"},"image":{"@id":"http:\/\/www.komedija.hr\/www\/#\/schema\/logo\/image\/"},"sameAs":["https:\/\/www.facebook.com\/kazaliste.komedija\/","https:\/\/x.com\/KKomedija","https:\/\/www.instagram.com\/kazaliste_komedija\/","https:\/\/www.youtube.com\/channel\/UC1NcapMYUXJW3miW_oPxT5w\/videos"]}]}},"_links":{"self":[{"href":"https:\/\/www.komedija.hr\/www\/wp-json\/wp\/v2\/pages\/3974","targetHints":{"allow":["GET"]}}],"collection":[{"href":"https:\/\/www.komedija.hr\/www\/wp-json\/wp\/v2\/pages"}],"about":[{"href":"https:\/\/www.komedija.hr\/www\/wp-json\/wp\/v2\/types\/page"}],"author":[{"embeddable":true,"href":"https:\/\/www.komedija.hr\/www\/wp-json\/wp\/v2\/users\/4"}],"replies":[{"embeddable":true,"href":"https:\/\/www.komedija.hr\/www\/wp-json\/wp\/v2\/comments?post=3974"}],"version-history":[{"count":0,"href":"https:\/\/www.komedija.hr\/www\/wp-json\/wp\/v2\/pages\/3974\/revisions"}],"up":[{"embeddable":true,"href":"https:\/\/www.komedija.hr\/www\/wp-json\/wp\/v2\/pages\/1659"}],"wp:attachment":[{"href":"https:\/\/www.komedija.hr\/www\/wp-json\/wp\/v2\/media?parent=3974"}],"curies":[{"name":"wp","href":"https:\/\/api.w.org\/{rel}","templated":true}]}}