{"id":6895,"date":"2016-08-09T15:37:44","date_gmt":"2016-08-09T13:37:44","guid":{"rendered":"http:\/\/www.komedija.hr\/www\/?page_id=6895"},"modified":"2020-09-17T12:57:42","modified_gmt":"2020-09-17T10:57:42","slug":"kneginja-cardasa-2","status":"publish","type":"page","link":"https:\/\/www.komedija.hr\/www\/arhiva-predstava\/kneginja-cardasa-2\/","title":{"rendered":"KNEGINJA \u010cARDA\u0160A"},"content":{"rendered":"<p><em><a href=\"http:\/\/www.ulaznice.hr\/web\/ctl_evt.jsp?act=priredbe&amp;p=t&amp;t=8\"><img decoding=\"async\" src=\"http:\/\/www.komedija.hr\/www\/images\/button_kupi.gif\" \/><\/a><\/em><\/p>\n<p><em>Emerich Kalman: <strong>KNEGINJA \u010cARDA\u0160A<\/strong> (Die Csardasfurstin), opereta u tri \u010dina<\/em><\/p>\n<p>Libreto: Leo Stein &amp; Bela Jenbach<\/p>\n<p>Prijevod: <strong>Aleksandar Aca Bini\u010dki<\/strong><br \/>\nAdaptacija teksta: <strong>Ivan Leo Lemo<\/strong><\/p>\n<p>Dirigent: <strong><a href=\"http:\/\/www.komedija.hr\/www\/umirovljeni-i-bivsi-clanovi-ansambla\/veseljko-baresic\/\">Veseljko Bare\u0161i\u0107<\/a><\/strong><br \/>\nRedatelj: <strong><a href=\"#cmp-8115\">Ivan Leo Lemo<\/a><\/strong><br \/>\nKoreograf: <a href=\"#cmp-8124\"><strong>Leo Muji\u0107<\/strong><\/a><br \/>\nScenografkinja: <a href=\"#cmp-8120\"><strong>Vesna Re\u017ei\u0107<\/strong><\/a><br \/>\nKostimograf: <a href=\"#cmp-8122\"><strong>Marko Marosiuk<\/strong><\/a><br \/>\nOblikovatelj svjetla: <a href=\"#cmp-8126\"><strong>Miljenko Bengez<\/strong><\/a><\/p>\n<p>Korepetitor: <a href=\"http:\/\/www.komedija.hr\/www\/ansambl-2\/dirigenti\/kresimir-batinic\/\"><strong>Kre\u0161imir Batini\u0107<\/strong><\/a><br \/>\nZborovo\u0111a: <strong>Branko Starc<\/strong><br \/>\nBaleta voditeljica &#8211; pedagoginja, asistentica: <strong>Tina Vrtar Stipi\u0107<\/strong><br \/>\nBalet majstor, asistent: <strong>Mladen Mordej-Vu\u010dkovi\u0107<\/strong><br \/>\nBaletni korepetitor: <strong>Tomislav Parma\u0107<\/strong><br \/>\nKoncert majstor: <strong>Melita \u0160afran<\/strong><\/p>\n<p>Osobe:<br \/>\n<strong>Sylva Varescu:<\/strong> <a href=\"http:\/\/www.komedija.hr\/www\/ansambl-2\/pjevaci\/bagaric-sandra\/\">Sandra Bagari\u0107<\/a>, <a href=\"http:\/\/www.komedija.hr\/www\/ansambl-2\/pjevaci\/antonic-zorica\/\">Zorica Antoni\u0107<\/a><br \/>\n<strong>Leopold Maria, knez Lippert Weylershein:<\/strong> <a href=\"http:\/\/www.komedija.hr\/www\/umirovljeni-i-bivsi-clanovi-ansambla\/prohic-nedim\/\">Nedim Prohi\u0107<\/a><br \/>\n<strong>Anhilta, njegova \u017eena:<\/strong> <a href=\"http:\/\/www.komedija.hr\/www\/ansambl-2\/glumci\/ostojic-dubravka\/\">Dubravka Ostoji\u0107<\/a><br \/>\n<strong>Edwin Ronald, njihov sin:<\/strong> <a href=\"http:\/\/www.komedija.hr\/www\/ansambl-2\/pjevaci\/stipanicev-dani\/\">\u0110ani Stipani\u010dev<\/a>, <a href=\"#cmp-8128\">Damir Kla\u010dar<\/a><br \/>\n<strong>Grof Boni Kancsianu:<\/strong> <a href=\"http:\/\/www.komedija.hr\/www\/ansambl-2\/glumci\/drazen-bratulic\/\">Dra\u017een Bratuli\u0107<\/a>, <a href=\"http:\/\/www.komedija.hr\/www\/ansambl-2\/glumci\/goran-malus\/\">Goran Malus<\/a><br \/>\n<strong>Kontesa Stasi, kne\u017eeva ne\u0107akinja:<\/strong> <a href=\"http:\/\/www.komedija.hr\/www\/ansambl-2\/pjevaci\/buric-vlatka\/\">Vlatka Buri\u0107<\/a>, <a href=\"#cmp-8130\">Josipa Lon\u010dar<\/a><br \/>\n<strong>Feri pl. Kerekes:<\/strong> <a href=\"http:\/\/www.komedija.hr\/www\/ansambl-2\/pjevaci\/adalbert-turner\/\">Adalbert Turner<\/a>, <a href=\"http:\/\/www.komedija.hr\/www\/ansambl-2\/pjevaci\/ervin-baucic\/\">Ervin Bau\u010di\u0107<\/a><br \/>\n<strong>Poru\u010dnik Rohnsdorf:<\/strong> <a href=\"http:\/\/www.komedija.hr\/www\/ansambl-2\/glumci\/ivan-magud\/\">Ivan Magud<\/a>, <a href=\"http:\/\/www.komedija.hr\/www\/ansambl-2\/glumci\/adnan-prohic\/\">Adnan Prohi\u0107<\/a> (od srpnja 2017.)<br \/>\n<strong>Poslanik MacGrave:<\/strong> <a href=\"http:\/\/www.komedija.hr\/www\/ansambl-2\/glumci\/davor-svedruzic\/\">Davor Svedru\u017ei\u0107<\/a>, <a href=\"http:\/\/www.komedija.hr\/www\/ansambl-2\/glumci\/ozbolt-zlatko\/\">Zlatko O\u017ebolt<\/a><br \/>\n<strong>Kiss, bilje\u017enik:<\/strong> Dario Do\u0161li\u0107<br \/>\n<strong>Grofica Tscheppe:<\/strong> <a href=\"http:\/\/www.komedija.hr\/www\/ansambl-2\/pjevaci\/blazenka-blazinic\/\">Bla\u017eenka Bla\u017eini\u0107<br \/>\n<\/a><strong>Recepcioner:<\/strong> Bo\u017eidar Peri\u010di\u0107<br \/>\n<strong>Lakaj:<\/strong> Matija \u0160kvorc<br \/>\n<strong>No\u0107na dama:<\/strong> Ana Hru\u0161kovec<strong><br \/>\nCigo:<\/strong> Dean Melki<\/p>\n<p>[supsystic-gallery id=11 position=center]<\/p>\n<p>Baletni ansambl Kazali\u0161ta Komedija:<br \/>\nStela Gajski, Ana Hani\u0107, Mateja Ivankovi\u0107, Tamara Masnjak, Ivana Mesec, Morana Pa\u0161kievi\u0107, Petra Rado\u0161evi\u0107, Kristina \u0160kori\u0107, Marko Herceg, Dejan Jakovljevi\u0107, Mario Juki\u0107, Emil Kuzminski, Zoran Simiki\u0107, Bojan Valenti\u0107<\/p>\n<p>Zbor Kazali\u0161ta Komedija:<\/p>\n<p>Lana Bla\u0107e, Jelena Buri\u0107, Ivana Fili\u0107, Ljerka Glowatzky, Jadranka Gospodneti\u0107, Rajka Grabar, Kristina Habu\u0161, Ana Hru\u0161kovec, Franciska Kri\u017enjak, Sandra Kulier, Gordana Major Sofija \u0160iroka<br \/>\nBoris Barberi\u0107, Dario Do\u0161li\u0107 Do\u0161li\u0107, Gordan Grnovi\u0107, Anto Jankovi\u0107, Stjepan Lach, Dragec Marka\u010d, Dragan Peka, Bo\u017eidar Peri\u010di\u0107, Davor Schopf, Stjepan \u0160krinjari\u0107, Matija \u0160kvorc, Dario \u0160tuli\u0107<\/p>\n<p>Orkestar Kazali\u0161ta \u201cKomedija\u201d<\/p>\n<p>Jedno od najomiljenijih djela zagreba\u010dke i svjetske operetne pozornice vra\u0107a se na Komedijin repertoar u nadolaze\u0107oj sezoni. Zabranjena ljubav izme\u0111u slavne pjeva\u010dice Sylve i mladoga plemi\u0107a Edwina za\u010dinjena strastvenim tonovima \u010darda\u0161a i mnogim glasovitim arijama i duetima koji se na zagreba\u010dkim ulicama pjevu\u0161e jo\u0161 od davne 1951. kada je Kneginja praizvedena te, uz obnovu tri godine kasnije, do\u017eivjela vi\u0161e od 240 izvedaba, sa sli\u010dnim odjekom i u novoj ina\u010dici premijerno uprizorenoj 1992., u novoj \u0107e sezoni iznova podsjetiti za\u0161to ku\u0107a na Kaptolu tradicionalno njeguje ovaj iznimni glazbeno-scenski \u017eanr.<\/p>\n<p>Sve\u010dana premijera: 14. listopada 2016.<\/p>\n<p>Trajanje: oko 2 sata i 30 minuta; predstava ima dvije stanke<\/p>\n<p><code> <\/code><\/p>\n","protected":false},"excerpt":{"rendered":"<p>Emerich Kalman: KNEGINJA \u010cARDA\u0160A (Die Csardasfurstin), opereta u tri \u010dina Libreto: Leo Stein &amp; Bela Jenbach Prijevod: Aleksandar Aca Bini\u010dki Adaptacija teksta: Ivan Leo Lemo Dirigent: Veseljko Bare\u0161i\u0107 Redatelj: Ivan Leo Lemo Koreograf: Leo Muji\u0107 Scenografkinja: Vesna Re\u017ei\u0107 Kostimograf: Marko Marosiuk Oblikovatelj svjetla: Miljenko Bengez Korepetitor: Kre\u0161imir Batini\u0107 Zborovo\u0111a: Branko Starc Baleta voditeljica &#8211; pedagoginja, [&hellip;]<\/p>\n","protected":false},"author":4,"featured_media":8585,"parent":1659,"menu_order":0,"comment_status":"closed","ping_status":"closed","template":"","meta":{"ngg_post_thumbnail":0,"footnotes":""},"class_list":["post-6895","page","type-page","status-publish","has-post-thumbnail","hentry"],"yoast_head":"<!-- This site is optimized with the Yoast SEO plugin v27.5 - https:\/\/yoast.com\/product\/yoast-seo-wordpress\/ -->\n<title>KNEGINJA \u010cARDA\u0160A - Kazali\u0161te Komedija<\/title>\n<meta name=\"robots\" content=\"index, follow, max-snippet:-1, max-image-preview:large, max-video-preview:-1\" \/>\n<link rel=\"canonical\" href=\"https:\/\/www.komedija.hr\/www\/arhiva-predstava\/kneginja-cardasa-2\/\" \/>\n<meta property=\"og:locale\" content=\"hr_HR\" \/>\n<meta property=\"og:type\" content=\"article\" \/>\n<meta property=\"og:title\" content=\"KNEGINJA \u010cARDA\u0160A - Kazali\u0161te Komedija\" \/>\n<meta property=\"og:description\" content=\"Emerich Kalman: KNEGINJA \u010cARDA\u0160A (Die Csardasfurstin), opereta u tri \u010dina Libreto: Leo Stein &amp; Bela Jenbach Prijevod: Aleksandar Aca Bini\u010dki Adaptacija teksta: Ivan Leo Lemo Dirigent: Veseljko Bare\u0161i\u0107 Redatelj: Ivan Leo Lemo Koreograf: Leo Muji\u0107 Scenografkinja: Vesna Re\u017ei\u0107 Kostimograf: Marko Marosiuk Oblikovatelj svjetla: Miljenko Bengez Korepetitor: Kre\u0161imir Batini\u0107 Zborovo\u0111a: Branko Starc Baleta voditeljica &#8211; pedagoginja, [&hellip;]\" \/>\n<meta property=\"og:url\" content=\"https:\/\/www.komedija.hr\/www\/arhiva-predstava\/kneginja-cardasa-2\/\" \/>\n<meta property=\"og:site_name\" content=\"Kazali\u0161te Komedija\" \/>\n<meta property=\"article:publisher\" content=\"https:\/\/www.facebook.com\/kazaliste.komedija\/\" \/>\n<meta property=\"article:modified_time\" content=\"2020-09-17T10:57:42+00:00\" \/>\n<meta property=\"og:image\" content=\"https:\/\/www.komedija.hr\/www\/wp-content\/uploads\/2016\/08\/knjeginja.jpg\" \/>\n\t<meta property=\"og:image:width\" content=\"331\" \/>\n\t<meta property=\"og:image:height\" content=\"450\" \/>\n\t<meta property=\"og:image:type\" content=\"image\/jpeg\" \/>\n<meta name=\"twitter:card\" content=\"summary_large_image\" \/>\n<meta name=\"twitter:site\" content=\"@KKomedija\" \/>\n<meta name=\"twitter:label1\" content=\"Procijenjeno vrijeme \u010ditanja\" \/>\n\t<meta name=\"twitter:data1\" content=\"2 minute\" \/>\n<script type=\"application\/ld+json\" class=\"yoast-schema-graph\">{\"@context\":\"https:\\\/\\\/schema.org\",\"@graph\":[{\"@type\":\"WebPage\",\"@id\":\"https:\\\/\\\/www.komedija.hr\\\/www\\\/arhiva-predstava\\\/kneginja-cardasa-2\\\/\",\"url\":\"https:\\\/\\\/www.komedija.hr\\\/www\\\/arhiva-predstava\\\/kneginja-cardasa-2\\\/\",\"name\":\"KNEGINJA \u010cARDA\u0160A - Kazali\u0161te Komedija\",\"isPartOf\":{\"@id\":\"http:\\\/\\\/www.komedija.hr\\\/www\\\/#website\"},\"primaryImageOfPage\":{\"@id\":\"https:\\\/\\\/www.komedija.hr\\\/www\\\/arhiva-predstava\\\/kneginja-cardasa-2\\\/#primaryimage\"},\"image\":{\"@id\":\"https:\\\/\\\/www.komedija.hr\\\/www\\\/arhiva-predstava\\\/kneginja-cardasa-2\\\/#primaryimage\"},\"thumbnailUrl\":\"https:\\\/\\\/www.komedija.hr\\\/www\\\/wp-content\\\/uploads\\\/2016\\\/08\\\/knjeginja.jpg\",\"datePublished\":\"2016-08-09T13:37:44+00:00\",\"dateModified\":\"2020-09-17T10:57:42+00:00\",\"breadcrumb\":{\"@id\":\"https:\\\/\\\/www.komedija.hr\\\/www\\\/arhiva-predstava\\\/kneginja-cardasa-2\\\/#breadcrumb\"},\"inLanguage\":\"hr\",\"potentialAction\":[{\"@type\":\"ReadAction\",\"target\":[\"https:\\\/\\\/www.komedija.hr\\\/www\\\/arhiva-predstava\\\/kneginja-cardasa-2\\\/\"]}]},{\"@type\":\"ImageObject\",\"inLanguage\":\"hr\",\"@id\":\"https:\\\/\\\/www.komedija.hr\\\/www\\\/arhiva-predstava\\\/kneginja-cardasa-2\\\/#primaryimage\",\"url\":\"https:\\\/\\\/www.komedija.hr\\\/www\\\/wp-content\\\/uploads\\\/2016\\\/08\\\/knjeginja.jpg\",\"contentUrl\":\"https:\\\/\\\/www.komedija.hr\\\/www\\\/wp-content\\\/uploads\\\/2016\\\/08\\\/knjeginja.jpg\",\"width\":331,\"height\":450},{\"@type\":\"BreadcrumbList\",\"@id\":\"https:\\\/\\\/www.komedija.hr\\\/www\\\/arhiva-predstava\\\/kneginja-cardasa-2\\\/#breadcrumb\",\"itemListElement\":[{\"@type\":\"ListItem\",\"position\":1,\"name\":\"Po\u010detna stranica\",\"item\":\"http:\\\/\\\/www.komedija.hr\\\/www\\\/\"},{\"@type\":\"ListItem\",\"position\":2,\"name\":\"Arhiva predstava\",\"item\":\"https:\\\/\\\/www.komedija.hr\\\/www\\\/arhiva-predstava\\\/\"},{\"@type\":\"ListItem\",\"position\":3,\"name\":\"KNEGINJA \u010cARDA\u0160A\"}]},{\"@type\":\"WebSite\",\"@id\":\"http:\\\/\\\/www.komedija.hr\\\/www\\\/#website\",\"url\":\"http:\\\/\\\/www.komedija.hr\\\/www\\\/\",\"name\":\"Kazali\u0161te Komedija\",\"description\":\"\",\"publisher\":{\"@id\":\"http:\\\/\\\/www.komedija.hr\\\/www\\\/#organization\"},\"potentialAction\":[{\"@type\":\"SearchAction\",\"target\":{\"@type\":\"EntryPoint\",\"urlTemplate\":\"http:\\\/\\\/www.komedija.hr\\\/www\\\/?s={search_term_string}\"},\"query-input\":{\"@type\":\"PropertyValueSpecification\",\"valueRequired\":true,\"valueName\":\"search_term_string\"}}],\"inLanguage\":\"hr\"},{\"@type\":\"Organization\",\"@id\":\"http:\\\/\\\/www.komedija.hr\\\/www\\\/#organization\",\"name\":\"Zagreba\u010dko gradsko Kazali\u0161ta Komedija\",\"url\":\"http:\\\/\\\/www.komedija.hr\\\/www\\\/\",\"logo\":{\"@type\":\"ImageObject\",\"inLanguage\":\"hr\",\"@id\":\"http:\\\/\\\/www.komedija.hr\\\/www\\\/#\\\/schema\\\/logo\\\/image\\\/\",\"url\":\"https:\\\/\\\/www.komedija.hr\\\/www\\\/wp-content\\\/uploads\\\/2020\\\/02\\\/cropped-Kazaliste_Komedija_logo_2.png\",\"contentUrl\":\"https:\\\/\\\/www.komedija.hr\\\/www\\\/wp-content\\\/uploads\\\/2020\\\/02\\\/cropped-Kazaliste_Komedija_logo_2.png\",\"width\":512,\"height\":512,\"caption\":\"Zagreba\u010dko gradsko Kazali\u0161ta Komedija\"},\"image\":{\"@id\":\"http:\\\/\\\/www.komedija.hr\\\/www\\\/#\\\/schema\\\/logo\\\/image\\\/\"},\"sameAs\":[\"https:\\\/\\\/www.facebook.com\\\/kazaliste.komedija\\\/\",\"https:\\\/\\\/x.com\\\/KKomedija\",\"https:\\\/\\\/www.instagram.com\\\/kazaliste_komedija\\\/\",\"https:\\\/\\\/www.youtube.com\\\/channel\\\/UC1NcapMYUXJW3miW_oPxT5w\\\/videos\"]}]}<\/script>\n<!-- \/ Yoast SEO plugin. -->","yoast_head_json":{"title":"KNEGINJA \u010cARDA\u0160A - Kazali\u0161te Komedija","robots":{"index":"index","follow":"follow","max-snippet":"max-snippet:-1","max-image-preview":"max-image-preview:large","max-video-preview":"max-video-preview:-1"},"canonical":"https:\/\/www.komedija.hr\/www\/arhiva-predstava\/kneginja-cardasa-2\/","og_locale":"hr_HR","og_type":"article","og_title":"KNEGINJA \u010cARDA\u0160A - Kazali\u0161te Komedija","og_description":"Emerich Kalman: KNEGINJA \u010cARDA\u0160A (Die Csardasfurstin), opereta u tri \u010dina Libreto: Leo Stein &amp; Bela Jenbach Prijevod: Aleksandar Aca Bini\u010dki Adaptacija teksta: Ivan Leo Lemo Dirigent: Veseljko Bare\u0161i\u0107 Redatelj: Ivan Leo Lemo Koreograf: Leo Muji\u0107 Scenografkinja: Vesna Re\u017ei\u0107 Kostimograf: Marko Marosiuk Oblikovatelj svjetla: Miljenko Bengez Korepetitor: Kre\u0161imir Batini\u0107 Zborovo\u0111a: Branko Starc Baleta voditeljica &#8211; pedagoginja, [&hellip;]","og_url":"https:\/\/www.komedija.hr\/www\/arhiva-predstava\/kneginja-cardasa-2\/","og_site_name":"Kazali\u0161te Komedija","article_publisher":"https:\/\/www.facebook.com\/kazaliste.komedija\/","article_modified_time":"2020-09-17T10:57:42+00:00","og_image":[{"width":331,"height":450,"url":"https:\/\/www.komedija.hr\/www\/wp-content\/uploads\/2016\/08\/knjeginja.jpg","type":"image\/jpeg"}],"twitter_card":"summary_large_image","twitter_site":"@KKomedija","twitter_misc":{"Procijenjeno vrijeme \u010ditanja":"2 minute"},"schema":{"@context":"https:\/\/schema.org","@graph":[{"@type":"WebPage","@id":"https:\/\/www.komedija.hr\/www\/arhiva-predstava\/kneginja-cardasa-2\/","url":"https:\/\/www.komedija.hr\/www\/arhiva-predstava\/kneginja-cardasa-2\/","name":"KNEGINJA \u010cARDA\u0160A - Kazali\u0161te Komedija","isPartOf":{"@id":"http:\/\/www.komedija.hr\/www\/#website"},"primaryImageOfPage":{"@id":"https:\/\/www.komedija.hr\/www\/arhiva-predstava\/kneginja-cardasa-2\/#primaryimage"},"image":{"@id":"https:\/\/www.komedija.hr\/www\/arhiva-predstava\/kneginja-cardasa-2\/#primaryimage"},"thumbnailUrl":"https:\/\/www.komedija.hr\/www\/wp-content\/uploads\/2016\/08\/knjeginja.jpg","datePublished":"2016-08-09T13:37:44+00:00","dateModified":"2020-09-17T10:57:42+00:00","breadcrumb":{"@id":"https:\/\/www.komedija.hr\/www\/arhiva-predstava\/kneginja-cardasa-2\/#breadcrumb"},"inLanguage":"hr","potentialAction":[{"@type":"ReadAction","target":["https:\/\/www.komedija.hr\/www\/arhiva-predstava\/kneginja-cardasa-2\/"]}]},{"@type":"ImageObject","inLanguage":"hr","@id":"https:\/\/www.komedija.hr\/www\/arhiva-predstava\/kneginja-cardasa-2\/#primaryimage","url":"https:\/\/www.komedija.hr\/www\/wp-content\/uploads\/2016\/08\/knjeginja.jpg","contentUrl":"https:\/\/www.komedija.hr\/www\/wp-content\/uploads\/2016\/08\/knjeginja.jpg","width":331,"height":450},{"@type":"BreadcrumbList","@id":"https:\/\/www.komedija.hr\/www\/arhiva-predstava\/kneginja-cardasa-2\/#breadcrumb","itemListElement":[{"@type":"ListItem","position":1,"name":"Po\u010detna stranica","item":"http:\/\/www.komedija.hr\/www\/"},{"@type":"ListItem","position":2,"name":"Arhiva predstava","item":"https:\/\/www.komedija.hr\/www\/arhiva-predstava\/"},{"@type":"ListItem","position":3,"name":"KNEGINJA \u010cARDA\u0160A"}]},{"@type":"WebSite","@id":"http:\/\/www.komedija.hr\/www\/#website","url":"http:\/\/www.komedija.hr\/www\/","name":"Kazali\u0161te Komedija","description":"","publisher":{"@id":"http:\/\/www.komedija.hr\/www\/#organization"},"potentialAction":[{"@type":"SearchAction","target":{"@type":"EntryPoint","urlTemplate":"http:\/\/www.komedija.hr\/www\/?s={search_term_string}"},"query-input":{"@type":"PropertyValueSpecification","valueRequired":true,"valueName":"search_term_string"}}],"inLanguage":"hr"},{"@type":"Organization","@id":"http:\/\/www.komedija.hr\/www\/#organization","name":"Zagreba\u010dko gradsko Kazali\u0161ta Komedija","url":"http:\/\/www.komedija.hr\/www\/","logo":{"@type":"ImageObject","inLanguage":"hr","@id":"http:\/\/www.komedija.hr\/www\/#\/schema\/logo\/image\/","url":"https:\/\/www.komedija.hr\/www\/wp-content\/uploads\/2020\/02\/cropped-Kazaliste_Komedija_logo_2.png","contentUrl":"https:\/\/www.komedija.hr\/www\/wp-content\/uploads\/2020\/02\/cropped-Kazaliste_Komedija_logo_2.png","width":512,"height":512,"caption":"Zagreba\u010dko gradsko Kazali\u0161ta Komedija"},"image":{"@id":"http:\/\/www.komedija.hr\/www\/#\/schema\/logo\/image\/"},"sameAs":["https:\/\/www.facebook.com\/kazaliste.komedija\/","https:\/\/x.com\/KKomedija","https:\/\/www.instagram.com\/kazaliste_komedija\/","https:\/\/www.youtube.com\/channel\/UC1NcapMYUXJW3miW_oPxT5w\/videos"]}]}},"_links":{"self":[{"href":"https:\/\/www.komedija.hr\/www\/wp-json\/wp\/v2\/pages\/6895","targetHints":{"allow":["GET"]}}],"collection":[{"href":"https:\/\/www.komedija.hr\/www\/wp-json\/wp\/v2\/pages"}],"about":[{"href":"https:\/\/www.komedija.hr\/www\/wp-json\/wp\/v2\/types\/page"}],"author":[{"embeddable":true,"href":"https:\/\/www.komedija.hr\/www\/wp-json\/wp\/v2\/users\/4"}],"replies":[{"embeddable":true,"href":"https:\/\/www.komedija.hr\/www\/wp-json\/wp\/v2\/comments?post=6895"}],"version-history":[{"count":0,"href":"https:\/\/www.komedija.hr\/www\/wp-json\/wp\/v2\/pages\/6895\/revisions"}],"up":[{"embeddable":true,"href":"https:\/\/www.komedija.hr\/www\/wp-json\/wp\/v2\/pages\/1659"}],"wp:featuredmedia":[{"embeddable":true,"href":"https:\/\/www.komedija.hr\/www\/wp-json\/wp\/v2\/media\/8585"}],"wp:attachment":[{"href":"https:\/\/www.komedija.hr\/www\/wp-json\/wp\/v2\/media?parent=6895"}],"curies":[{"name":"wp","href":"https:\/\/api.w.org\/{rel}","templated":true}]}}