{"id":8396,"date":"2017-04-05T11:53:03","date_gmt":"2017-04-05T09:53:03","guid":{"rendered":"http:\/\/www.komedija.hr\/www\/?page_id=8396"},"modified":"2025-06-11T12:30:46","modified_gmt":"2025-06-11T10:30:46","slug":"nera-stipicevic","status":"publish","type":"page","link":"https:\/\/www.komedija.hr\/www\/ansambl-2\/glumci\/nera-stipicevic\/","title":{"rendered":"Nera Stipi\u010devi\u0107"},"content":{"rendered":"<table border=\"0\" width=\"100%\">\n<tbody>\n<tr>\n<td><a href=\"http:\/\/www.komedija.hr\/www\/wp-content\/uploads\/2018\/07\/Nera-Stipicevic1.jpg\"><img decoding=\"async\" class=\"alignnone size-medium wp-image-10777\" src=\"http:\/\/www.komedija.hr\/www\/wp-content\/uploads\/2018\/07\/Nera-Stipicevic1-203x300.jpg\" alt=\"\" width=\"203\" height=\"300\" srcset=\"https:\/\/www.komedija.hr\/www\/wp-content\/uploads\/2018\/07\/Nera-Stipicevic1-203x300.jpg 203w, https:\/\/www.komedija.hr\/www\/wp-content\/uploads\/2018\/07\/Nera-Stipicevic1.jpg 542w\" sizes=\"(max-width: 203px) 100vw, 203px\" \/><\/a><\/td>\n<td>Glumica-pjeva\u010dica<\/td>\n<\/tr>\n<tr>\n<td valign=\"top\" width=\"18%\" height=\"25\"><strong>DATUM I MJESTO RO\u0110ENJA <\/strong><\/td>\n<td valign=\"top\" width=\"82%\" height=\"25\">\n<div align=\"left\">21. sije\u010dnja 1983. Makarska<\/div>\n<\/td>\n<\/tr>\n<tr>\n<td valign=\"top\" width=\"18%\" height=\"55\"><strong>kontakt<\/strong><\/td>\n<td valign=\"top\" width=\"82%\" height=\"55\"><a href=\"mailto:propaganda@komedija.hr\">propaganda@komedija.hr<\/a><\/td>\n<\/tr>\n<tr>\n<td valign=\"top\" width=\"18%\" height=\"25\"><strong>OBRAZOVANJE<\/strong><\/td>\n<td valign=\"top\" width=\"82%\" height=\"25\">2010. Sveu\u010dili\u0161na magistrica glume, ADU Zagreb<\/p>\n<p>2008. Sveu\u010dili\u0161na prvostupnica glume, ADU Zagreb<\/p>\n<p>2007. Diplomirana ekonomistica \/ Marketing, EF Zagreb<\/p>\n<p>1998. Osnovna glazbena \u0161kola \u00bbM. Pavlinovi\u0107\u00ab\/ klavir, Makarska<\/td>\n<\/tr>\n<tr>\n<td colspan=\"2\" valign=\"top\">&nbsp;<\/td>\n<\/tr>\n<tr>\n<td valign=\"top\" width=\"18%\" height=\"18\">\n<p lang=\"hr-HR\"><strong>SEMINARI, TE\u010cAJEVI<\/strong><\/p>\n<\/td>\n<td valign=\"top\" width=\"82%\" height=\"18\">\n<ul>\n<li><b>Ecole des Maitres<\/b> \/ S.Ricci, G.Forte, (2014.), Udine, Coimbra, Zagreb, Rim, Bruxelles, Reims; <b>Clowns<\/b> \/Lee Delong (2014.); <b>Residence International aux Recollets &#8211; Paris<\/b>, (2013.); <b>Patsy Rodenburg&#8217;s class <\/b>&#8211; Level I,II,III, New York (2011.); <b>Atelje 212, \u00abMucijevi dani\u00bb, Master Class E.Had\u017eihafizbegovi\u0107a,<\/b> Beograd (2011.); <b>The Michael Chekhov Technique in Practice \u2013 Module 4, <\/b>Gro\u017enjan (2011.); <b>Sarajevo Talent Campus <\/b>(2010.)<b> <\/b><\/li>\n<li>Solo pjevanje \u2013 S.Ameli Goji\u0107; B.Bla\u0107e<\/li>\n<li>Dru\u0161tveni standardni i latino plesovi \u2013 D. Horvatin\u010di\u0107; Step, trbu\u0161ni ples<\/li>\n<\/ul>\n<\/td>\n<\/tr>\n<tr>\n<td valign=\"top\" width=\"18%\" height=\"18\">\n<p lang=\"hr-HR\"><strong>GLAS, KLASA<\/strong><\/p>\n<\/td>\n<td valign=\"top\" width=\"82%\" height=\"18\">Alt<\/td>\n<\/tr>\n<tr>\n<td valign=\"top\" width=\"18%\" height=\"18\"><strong>KAZALI\u0160TE<\/strong><\/td>\n<td valign=\"top\" width=\"82%\" height=\"18\"><span lang=\"hr-HR\"><b>GK Komedija<\/b><\/span><span lang=\"hr-HR\">: Kosa, Bljesak zlatnog zuba, Gospo\u0111ica iz Maksima (od rujna 2016.), Talijanski slamnati \u0161e\u0161ir, Revizor, Faraon iz Ilice je mrtav, Opet on, Najstariji zanat, Cvit samo\u0107e (i ko-autorica), Cabaret Zagrep\u010danke i stati\u010dar, Mnogo vike niza\u0161to, Velo misto; Moma\u010dka ve\u010der, Juha bra\u0107e Marx, Ponos i predrasude<br \/>\n<\/span><span lang=\"hr-HR\"><b>HNK Zagreb<\/b><\/span><span lang=\"hr-HR\">: Opera za tri gro\u0161a, I konje ubijaju, zar ne?, Bjesovi, Rat i mir, Zagorka <\/span><span lang=\"hr-HR\"><b>SOBA2<\/b><\/span><span lang=\"hr-HR\">: Monodrama \u00abFreeDA\u00bb, Koncertna predstava Cvit samo\u0107e (i ko-autorica);&nbsp;<\/span><span lang=\"hr-HR\"><b>GK Tre\u0161nja<\/b><\/span><span lang=\"hr-HR\">: Postolar i vrag, Princeza i \u017eabac, Miffy, I opet&#8230;Miffy, Snjeguljica, Cvr\u010dak i mrav, Princeza Louise i bra\u0107a Grimm, Eko Eko<\/span><\/p>\n<p><span lang=\"hr-HR\"><b>HNK Osijek<\/b><\/span><span lang=\"hr-HR\">: Moje pjesme, moji snovi<\/span><\/p>\n<p><span lang=\"hr-HR\"><b>HNK \u0160ibenik<\/b><\/span><span lang=\"hr-HR\">: Fantazija<\/span><\/p>\n<p><span lang=\"hr-HR\"><b>GK Kerempuh<\/b><\/span><span lang=\"hr-HR\">: O medvjedima i ljudima<\/span><\/p>\n<p><span lang=\"hr-HR\"><b>Teatar Exit<\/b><\/span><span lang=\"hr-HR\">: Nemirne noge<\/span><\/p>\n<p><span lang=\"hr-HR\"><b>Mala scena<\/b><\/span><span lang=\"hr-HR\">: Krava Ru\u017eica<\/span><\/p>\n<p><span lang=\"hr-HR\"><b>Dubrova\u010dke ljetne igre<\/b><\/span><span lang=\"hr-HR\">: Euridi\u010de, Dum Marinu u pohode, Otelo<\/span><\/td>\n<\/tr>\n<tr>\n<td valign=\"top\" width=\"18%\" height=\"14\"><strong>FILM<\/strong><\/td>\n<td valign=\"top\" width=\"82%\" height=\"14\">\n<p lang=\"hr-HR\">DIANA, O.Hirschbigel<\/p>\n<p><span lang=\"hr-HR\">NEKE DRUGE PRI\u010cE\/POGLED IZ BUNARA I.Juka<\/span><\/p>\n<p lang=\"hr-HR\">NICK, Fow Pyng Hu<\/p>\n<p><span lang=\"hr-HR\">SVINJARI; PRLJAVI MALI MJEHURI\u0106I I. Livakovi\u0107,<\/span><\/p>\n<p lang=\"hr-HR\">NEW FOLDER, S.Hribar<\/p>\n<\/td>\n<\/tr>\n<tr>\n<td valign=\"top\" width=\"18%\" height=\"14\"><strong>TELEVIZIJA<\/strong><\/td>\n<td valign=\"top\" width=\"82%\" height=\"14\"><span lang=\"hr-HR\">Ples sa zvijezdama (2010. \/Pobjednica, 2013. PSZ Specijal\/Pobjednica)<\/span><\/p>\n<p><span lang=\"hr-HR\">Dramska serija &#8211; Po\u010divali u miru, Crno bijeli svijet; Borgia &#8211; III. (Atlantique productions)<\/span><\/p>\n<p><span lang=\"hr-HR\">Story Super Nov@ Music Talent Show (2003.\/Finalistica)<\/span><\/td>\n<\/tr>\n<tr>\n<td valign=\"top\" width=\"18%\" height=\"15\"><strong>RADIO<\/strong><\/td>\n<td valign=\"top\" width=\"82%\" height=\"15\">2008. Sooton\/Vilica tre\u0107a<\/td>\n<\/tr>\n<tr>\n<td valign=\"top\" width=\"18%\"><strong>OSTALO<\/strong><\/td>\n<td valign=\"top\" width=\"82%\"><span lang=\"hr-HR\">2015. Multiartisti\u010dki projekt \u00abFreeDA\u00bb (Producentica \/Autorica glazbe\/Koautorica teksta i koncepta) &#8211; Umjetni\u010dka neprofitna organizacija SOBA2<\/span><\/p>\n<p><span lang=\"hr-HR\">2008. Koautorica glazbe &#8211; mjuzikl \u00abFantazija\u00bb, HNK \u0160ibenik<\/span><\/p>\n<p><span lang=\"hr-HR\">2004. Nosa\u010d zvuka \u00abNera\u00bb, Aquarius Records<\/span><\/p>\n<p>Sinkronizacija (<i> <\/i>Dr Proctor, Saba &#8211; Mali ratnik velikog srca, Chugginton)<\/td>\n<\/tr>\n<tr>\n<td colspan=\"2\" valign=\"top\">&nbsp;<\/td>\n<\/tr>\n<tr>\n<td valign=\"top\" width=\"18%\"><strong>NAGRADE I PRIZNANJA<\/strong><\/td>\n<td valign=\"top\" width=\"82%\">\n<ul>\n<li><b>American International Film Festival, May 2011. \/<\/b>Best supporting actress for role Sonia from the View from the well <span style=\"color: #0000ff;\"><u><a href=\"http:\/\/www.nekedrugeprice.com\/\">www.nekedrugeprice.com<\/a><\/u><\/span><\/li>\n<\/ul>\n<ul>\n<li>\n<p align=\"JUSTIFY\"><b>Nominacije:<\/b> <b>Nagrada hrvatskog glumi\u0161ta <\/b>(2009.)<b> \/ <\/b>Najbolja mlada glumica do 28 godina (Lilian Beacon; I konje ubijaju, zar ne?); <b>Nagrada &#8220;Ivo Fici&#8221; <\/b>(2009.)\/ Najbolje gluma\u010dko<b> <\/b>ostvarenje mladog\/e glumca\/ce do 28 godina \u2014 Festival glumca, Vinkovci; <b>Nagrada hrvatskog<\/b> <b>glumi\u0161ta<\/b> (2008.) \u201cIzuzetno<b> <\/b>ostvarenje mladih umjetnika do 30 godina &#8211; OPERETA\/MJUZIKL, \u017eenska ili mu\u0161ka uloga\u201d (Anka Prpalo; Fantazija) <b>Posebna<\/b><b> <\/b><b>rektorova<\/b><b> <\/b><b>nagrada<\/b><span lang=\"hr-HR\"> (2007.) <\/span>za izvedbu tragikomedije<span lang=\"hr-HR\"> Euridi\u010de\/<\/span>P<span lang=\"hr-HR\">.<\/span>Primovi<span lang=\"hr-HR\">\u0107<\/span>a<span lang=\"hr-HR\"> 2006. <\/span>na DLJI<\/p>\n<\/li>\n<\/ul>\n<\/td>\n<\/tr>\n<tr>\n<td colspan=\"2\" valign=\"top\">&nbsp;<\/td>\n<\/tr>\n<tr>\n<td valign=\"top\" width=\"18%\"><strong>STATUSI U &#8220;KOMEDIJI&#8221;<\/strong><\/td>\n<td valign=\"top\" width=\"82%\"><span lang=\"hr-HR\">Kosa, 11. srpanj 2003.- prva premijera<\/span><\/p>\n<p lang=\"hr-HR\">1.listopad 2016. &#8211; datum zaposlenja<\/p>\n<\/td>\n<\/tr>\n<tr>\n<td valign=\"top\" width=\"18%\">\n<p lang=\"hr-HR\"><strong>TRENUTA\u010cNI ANGA\u017dMANI IZVAN KOMEDIJE<\/strong><\/p>\n<\/td>\n<td valign=\"top\" width=\"82%\"><span style=\"color: #0000ff;\"><u><a href=\"http:\/\/www.kazaliste-tresnja.hr\/\"><span lang=\"hr-HR\">www.kazaliste-tresnja.hr<\/span><\/a><\/u><\/span><span lang=\"hr-HR\"> ( Postolar i vrag; Princeza Louise i bra\u0107a Grimm, Eko Eko)<\/span><\/p>\n<p><span style=\"color: #0000ff;\"><u><a href=\"http:\/\/www.freedaproject.com\/\"><span lang=\"hr-HR\">www.freedaproject.com<\/span><\/a><\/u><\/span><span lang=\"hr-HR\"> (FreeDA)<\/span><\/td>\n<\/tr>\n<tr>\n<td valign=\"top\" width=\"18%\"><strong>WEB<\/strong><\/td>\n<td valign=\"top\" width=\"82%\"><span style=\"color: #0000ff;\"><u><a href=\"http:\/\/www.freedaproject.com\/\"><span lang=\"hr-HR\">www.freedaproject.com<\/span><\/a><\/u><\/span><\/td>\n<\/tr>\n<tr>\n<td valign=\"top\" width=\"18%\">&nbsp;<\/td>\n<td valign=\"top\" width=\"82%\">&nbsp;<\/td>\n<\/tr>\n<\/tbody>\n<\/table>\n","protected":false},"excerpt":{"rendered":"<p>Glumica-pjeva\u010dica DATUM I MJESTO RO\u0110ENJA 21. sije\u010dnja 1983. Makarska kontakt propaganda@komedija.hr OBRAZOVANJE 2010. Sveu\u010dili\u0161na magistrica glume, ADU Zagreb 2008. Sveu\u010dili\u0161na prvostupnica glume, ADU Zagreb 2007. Diplomirana ekonomistica \/ Marketing, EF Zagreb 1998. Osnovna glazbena \u0161kola \u00bbM. Pavlinovi\u0107\u00ab\/ klavir, Makarska &nbsp; SEMINARI, TE\u010cAJEVI Ecole des Maitres \/ S.Ricci, G.Forte, (2014.), Udine, Coimbra, Zagreb, Rim, Bruxelles, Reims; [&hellip;]<\/p>\n","protected":false},"author":4,"featured_media":0,"parent":6992,"menu_order":0,"comment_status":"closed","ping_status":"closed","template":"","meta":{"ngg_post_thumbnail":0,"footnotes":""},"class_list":["post-8396","page","type-page","status-publish","hentry"],"yoast_head":"<!-- This site is optimized with the Yoast SEO plugin v27.5 - https:\/\/yoast.com\/product\/yoast-seo-wordpress\/ -->\n<title>Nera Stipi\u010devi\u0107 - Kazali\u0161te Komedija<\/title>\n<meta name=\"robots\" content=\"index, follow, max-snippet:-1, max-image-preview:large, max-video-preview:-1\" \/>\n<link rel=\"canonical\" href=\"https:\/\/www.komedija.hr\/www\/ansambl-2\/glumci\/nera-stipicevic\/\" \/>\n<meta property=\"og:locale\" content=\"hr_HR\" \/>\n<meta property=\"og:type\" content=\"article\" \/>\n<meta property=\"og:title\" content=\"Nera Stipi\u010devi\u0107 - Kazali\u0161te Komedija\" \/>\n<meta property=\"og:description\" content=\"Glumica-pjeva\u010dica DATUM I MJESTO RO\u0110ENJA 21. sije\u010dnja 1983. Makarska kontakt propaganda@komedija.hr OBRAZOVANJE 2010. Sveu\u010dili\u0161na magistrica glume, ADU Zagreb 2008. Sveu\u010dili\u0161na prvostupnica glume, ADU Zagreb 2007. Diplomirana ekonomistica \/ Marketing, EF Zagreb 1998. Osnovna glazbena \u0161kola \u00bbM. Pavlinovi\u0107\u00ab\/ klavir, Makarska &nbsp; SEMINARI, TE\u010cAJEVI Ecole des Maitres \/ S.Ricci, G.Forte, (2014.), Udine, Coimbra, Zagreb, Rim, Bruxelles, Reims; [&hellip;]\" \/>\n<meta property=\"og:url\" content=\"https:\/\/www.komedija.hr\/www\/ansambl-2\/glumci\/nera-stipicevic\/\" \/>\n<meta property=\"og:site_name\" content=\"Kazali\u0161te Komedija\" \/>\n<meta property=\"article:publisher\" content=\"https:\/\/www.facebook.com\/kazaliste.komedija\/\" \/>\n<meta property=\"article:modified_time\" content=\"2025-06-11T10:30:46+00:00\" \/>\n<meta property=\"og:image\" content=\"https:\/\/www.komedija.hr\/www\/wp-content\/uploads\/2018\/07\/Nera-Stipicevic1.jpg\" \/>\n\t<meta property=\"og:image:width\" content=\"542\" \/>\n\t<meta property=\"og:image:height\" content=\"800\" \/>\n\t<meta property=\"og:image:type\" content=\"image\/jpeg\" \/>\n<meta name=\"twitter:card\" content=\"summary_large_image\" \/>\n<meta name=\"twitter:site\" content=\"@KKomedija\" \/>\n<meta name=\"twitter:label1\" content=\"Procijenjeno vrijeme \u010ditanja\" \/>\n\t<meta name=\"twitter:data1\" content=\"3 minute\" \/>\n<script type=\"application\/ld+json\" class=\"yoast-schema-graph\">{\"@context\":\"https:\\\/\\\/schema.org\",\"@graph\":[{\"@type\":\"WebPage\",\"@id\":\"https:\\\/\\\/www.komedija.hr\\\/www\\\/ansambl-2\\\/glumci\\\/nera-stipicevic\\\/\",\"url\":\"https:\\\/\\\/www.komedija.hr\\\/www\\\/ansambl-2\\\/glumci\\\/nera-stipicevic\\\/\",\"name\":\"Nera Stipi\u010devi\u0107 - Kazali\u0161te Komedija\",\"isPartOf\":{\"@id\":\"http:\\\/\\\/www.komedija.hr\\\/www\\\/#website\"},\"primaryImageOfPage\":{\"@id\":\"https:\\\/\\\/www.komedija.hr\\\/www\\\/ansambl-2\\\/glumci\\\/nera-stipicevic\\\/#primaryimage\"},\"image\":{\"@id\":\"https:\\\/\\\/www.komedija.hr\\\/www\\\/ansambl-2\\\/glumci\\\/nera-stipicevic\\\/#primaryimage\"},\"thumbnailUrl\":\"http:\\\/\\\/www.komedija.hr\\\/www\\\/wp-content\\\/uploads\\\/2018\\\/07\\\/Nera-Stipicevic1-203x300.jpg\",\"datePublished\":\"2017-04-05T09:53:03+00:00\",\"dateModified\":\"2025-06-11T10:30:46+00:00\",\"breadcrumb\":{\"@id\":\"https:\\\/\\\/www.komedija.hr\\\/www\\\/ansambl-2\\\/glumci\\\/nera-stipicevic\\\/#breadcrumb\"},\"inLanguage\":\"hr\",\"potentialAction\":[{\"@type\":\"ReadAction\",\"target\":[\"https:\\\/\\\/www.komedija.hr\\\/www\\\/ansambl-2\\\/glumci\\\/nera-stipicevic\\\/\"]}]},{\"@type\":\"ImageObject\",\"inLanguage\":\"hr\",\"@id\":\"https:\\\/\\\/www.komedija.hr\\\/www\\\/ansambl-2\\\/glumci\\\/nera-stipicevic\\\/#primaryimage\",\"url\":\"https:\\\/\\\/www.komedija.hr\\\/www\\\/wp-content\\\/uploads\\\/2018\\\/07\\\/Nera-Stipicevic1.jpg\",\"contentUrl\":\"https:\\\/\\\/www.komedija.hr\\\/www\\\/wp-content\\\/uploads\\\/2018\\\/07\\\/Nera-Stipicevic1.jpg\",\"width\":542,\"height\":800},{\"@type\":\"BreadcrumbList\",\"@id\":\"https:\\\/\\\/www.komedija.hr\\\/www\\\/ansambl-2\\\/glumci\\\/nera-stipicevic\\\/#breadcrumb\",\"itemListElement\":[{\"@type\":\"ListItem\",\"position\":1,\"name\":\"Po\u010detna stranica\",\"item\":\"http:\\\/\\\/www.komedija.hr\\\/www\\\/\"},{\"@type\":\"ListItem\",\"position\":2,\"name\":\"Ansambl\",\"item\":\"https:\\\/\\\/www.komedija.hr\\\/www\\\/ansambl-2\\\/\"},{\"@type\":\"ListItem\",\"position\":3,\"name\":\"Glumci\",\"item\":\"https:\\\/\\\/www.komedija.hr\\\/www\\\/ansambl-2\\\/glumci\\\/\"},{\"@type\":\"ListItem\",\"position\":4,\"name\":\"Nera Stipi\u010devi\u0107\"}]},{\"@type\":\"WebSite\",\"@id\":\"http:\\\/\\\/www.komedija.hr\\\/www\\\/#website\",\"url\":\"http:\\\/\\\/www.komedija.hr\\\/www\\\/\",\"name\":\"Kazali\u0161te Komedija\",\"description\":\"\",\"publisher\":{\"@id\":\"http:\\\/\\\/www.komedija.hr\\\/www\\\/#organization\"},\"potentialAction\":[{\"@type\":\"SearchAction\",\"target\":{\"@type\":\"EntryPoint\",\"urlTemplate\":\"http:\\\/\\\/www.komedija.hr\\\/www\\\/?s={search_term_string}\"},\"query-input\":{\"@type\":\"PropertyValueSpecification\",\"valueRequired\":true,\"valueName\":\"search_term_string\"}}],\"inLanguage\":\"hr\"},{\"@type\":\"Organization\",\"@id\":\"http:\\\/\\\/www.komedija.hr\\\/www\\\/#organization\",\"name\":\"Zagreba\u010dko gradsko Kazali\u0161ta Komedija\",\"url\":\"http:\\\/\\\/www.komedija.hr\\\/www\\\/\",\"logo\":{\"@type\":\"ImageObject\",\"inLanguage\":\"hr\",\"@id\":\"http:\\\/\\\/www.komedija.hr\\\/www\\\/#\\\/schema\\\/logo\\\/image\\\/\",\"url\":\"https:\\\/\\\/www.komedija.hr\\\/www\\\/wp-content\\\/uploads\\\/2020\\\/02\\\/cropped-Kazaliste_Komedija_logo_2.png\",\"contentUrl\":\"https:\\\/\\\/www.komedija.hr\\\/www\\\/wp-content\\\/uploads\\\/2020\\\/02\\\/cropped-Kazaliste_Komedija_logo_2.png\",\"width\":512,\"height\":512,\"caption\":\"Zagreba\u010dko gradsko Kazali\u0161ta Komedija\"},\"image\":{\"@id\":\"http:\\\/\\\/www.komedija.hr\\\/www\\\/#\\\/schema\\\/logo\\\/image\\\/\"},\"sameAs\":[\"https:\\\/\\\/www.facebook.com\\\/kazaliste.komedija\\\/\",\"https:\\\/\\\/x.com\\\/KKomedija\",\"https:\\\/\\\/www.instagram.com\\\/kazaliste_komedija\\\/\",\"https:\\\/\\\/www.youtube.com\\\/channel\\\/UC1NcapMYUXJW3miW_oPxT5w\\\/videos\"]}]}<\/script>\n<!-- \/ Yoast SEO plugin. -->","yoast_head_json":{"title":"Nera Stipi\u010devi\u0107 - Kazali\u0161te Komedija","robots":{"index":"index","follow":"follow","max-snippet":"max-snippet:-1","max-image-preview":"max-image-preview:large","max-video-preview":"max-video-preview:-1"},"canonical":"https:\/\/www.komedija.hr\/www\/ansambl-2\/glumci\/nera-stipicevic\/","og_locale":"hr_HR","og_type":"article","og_title":"Nera Stipi\u010devi\u0107 - Kazali\u0161te Komedija","og_description":"Glumica-pjeva\u010dica DATUM I MJESTO RO\u0110ENJA 21. sije\u010dnja 1983. Makarska kontakt propaganda@komedija.hr OBRAZOVANJE 2010. Sveu\u010dili\u0161na magistrica glume, ADU Zagreb 2008. Sveu\u010dili\u0161na prvostupnica glume, ADU Zagreb 2007. Diplomirana ekonomistica \/ Marketing, EF Zagreb 1998. Osnovna glazbena \u0161kola \u00bbM. Pavlinovi\u0107\u00ab\/ klavir, Makarska &nbsp; SEMINARI, TE\u010cAJEVI Ecole des Maitres \/ S.Ricci, G.Forte, (2014.), Udine, Coimbra, Zagreb, Rim, Bruxelles, Reims; [&hellip;]","og_url":"https:\/\/www.komedija.hr\/www\/ansambl-2\/glumci\/nera-stipicevic\/","og_site_name":"Kazali\u0161te Komedija","article_publisher":"https:\/\/www.facebook.com\/kazaliste.komedija\/","article_modified_time":"2025-06-11T10:30:46+00:00","og_image":[{"width":542,"height":800,"url":"https:\/\/www.komedija.hr\/www\/wp-content\/uploads\/2018\/07\/Nera-Stipicevic1.jpg","type":"image\/jpeg"}],"twitter_card":"summary_large_image","twitter_site":"@KKomedija","twitter_misc":{"Procijenjeno vrijeme \u010ditanja":"3 minute"},"schema":{"@context":"https:\/\/schema.org","@graph":[{"@type":"WebPage","@id":"https:\/\/www.komedija.hr\/www\/ansambl-2\/glumci\/nera-stipicevic\/","url":"https:\/\/www.komedija.hr\/www\/ansambl-2\/glumci\/nera-stipicevic\/","name":"Nera Stipi\u010devi\u0107 - Kazali\u0161te Komedija","isPartOf":{"@id":"http:\/\/www.komedija.hr\/www\/#website"},"primaryImageOfPage":{"@id":"https:\/\/www.komedija.hr\/www\/ansambl-2\/glumci\/nera-stipicevic\/#primaryimage"},"image":{"@id":"https:\/\/www.komedija.hr\/www\/ansambl-2\/glumci\/nera-stipicevic\/#primaryimage"},"thumbnailUrl":"http:\/\/www.komedija.hr\/www\/wp-content\/uploads\/2018\/07\/Nera-Stipicevic1-203x300.jpg","datePublished":"2017-04-05T09:53:03+00:00","dateModified":"2025-06-11T10:30:46+00:00","breadcrumb":{"@id":"https:\/\/www.komedija.hr\/www\/ansambl-2\/glumci\/nera-stipicevic\/#breadcrumb"},"inLanguage":"hr","potentialAction":[{"@type":"ReadAction","target":["https:\/\/www.komedija.hr\/www\/ansambl-2\/glumci\/nera-stipicevic\/"]}]},{"@type":"ImageObject","inLanguage":"hr","@id":"https:\/\/www.komedija.hr\/www\/ansambl-2\/glumci\/nera-stipicevic\/#primaryimage","url":"https:\/\/www.komedija.hr\/www\/wp-content\/uploads\/2018\/07\/Nera-Stipicevic1.jpg","contentUrl":"https:\/\/www.komedija.hr\/www\/wp-content\/uploads\/2018\/07\/Nera-Stipicevic1.jpg","width":542,"height":800},{"@type":"BreadcrumbList","@id":"https:\/\/www.komedija.hr\/www\/ansambl-2\/glumci\/nera-stipicevic\/#breadcrumb","itemListElement":[{"@type":"ListItem","position":1,"name":"Po\u010detna stranica","item":"http:\/\/www.komedija.hr\/www\/"},{"@type":"ListItem","position":2,"name":"Ansambl","item":"https:\/\/www.komedija.hr\/www\/ansambl-2\/"},{"@type":"ListItem","position":3,"name":"Glumci","item":"https:\/\/www.komedija.hr\/www\/ansambl-2\/glumci\/"},{"@type":"ListItem","position":4,"name":"Nera Stipi\u010devi\u0107"}]},{"@type":"WebSite","@id":"http:\/\/www.komedija.hr\/www\/#website","url":"http:\/\/www.komedija.hr\/www\/","name":"Kazali\u0161te Komedija","description":"","publisher":{"@id":"http:\/\/www.komedija.hr\/www\/#organization"},"potentialAction":[{"@type":"SearchAction","target":{"@type":"EntryPoint","urlTemplate":"http:\/\/www.komedija.hr\/www\/?s={search_term_string}"},"query-input":{"@type":"PropertyValueSpecification","valueRequired":true,"valueName":"search_term_string"}}],"inLanguage":"hr"},{"@type":"Organization","@id":"http:\/\/www.komedija.hr\/www\/#organization","name":"Zagreba\u010dko gradsko Kazali\u0161ta Komedija","url":"http:\/\/www.komedija.hr\/www\/","logo":{"@type":"ImageObject","inLanguage":"hr","@id":"http:\/\/www.komedija.hr\/www\/#\/schema\/logo\/image\/","url":"https:\/\/www.komedija.hr\/www\/wp-content\/uploads\/2020\/02\/cropped-Kazaliste_Komedija_logo_2.png","contentUrl":"https:\/\/www.komedija.hr\/www\/wp-content\/uploads\/2020\/02\/cropped-Kazaliste_Komedija_logo_2.png","width":512,"height":512,"caption":"Zagreba\u010dko gradsko Kazali\u0161ta Komedija"},"image":{"@id":"http:\/\/www.komedija.hr\/www\/#\/schema\/logo\/image\/"},"sameAs":["https:\/\/www.facebook.com\/kazaliste.komedija\/","https:\/\/x.com\/KKomedija","https:\/\/www.instagram.com\/kazaliste_komedija\/","https:\/\/www.youtube.com\/channel\/UC1NcapMYUXJW3miW_oPxT5w\/videos"]}]}},"_links":{"self":[{"href":"https:\/\/www.komedija.hr\/www\/wp-json\/wp\/v2\/pages\/8396","targetHints":{"allow":["GET"]}}],"collection":[{"href":"https:\/\/www.komedija.hr\/www\/wp-json\/wp\/v2\/pages"}],"about":[{"href":"https:\/\/www.komedija.hr\/www\/wp-json\/wp\/v2\/types\/page"}],"author":[{"embeddable":true,"href":"https:\/\/www.komedija.hr\/www\/wp-json\/wp\/v2\/users\/4"}],"replies":[{"embeddable":true,"href":"https:\/\/www.komedija.hr\/www\/wp-json\/wp\/v2\/comments?post=8396"}],"version-history":[{"count":4,"href":"https:\/\/www.komedija.hr\/www\/wp-json\/wp\/v2\/pages\/8396\/revisions"}],"predecessor-version":[{"id":20888,"href":"https:\/\/www.komedija.hr\/www\/wp-json\/wp\/v2\/pages\/8396\/revisions\/20888"}],"up":[{"embeddable":true,"href":"https:\/\/www.komedija.hr\/www\/wp-json\/wp\/v2\/pages\/6992"}],"wp:attachment":[{"href":"https:\/\/www.komedija.hr\/www\/wp-json\/wp\/v2\/media?parent=8396"}],"curies":[{"name":"wp","href":"https:\/\/api.w.org\/{rel}","templated":true}]}}