{"id":919,"date":"2011-08-02T19:59:13","date_gmt":"2011-08-02T17:59:13","guid":{"rendered":"http:\/\/www.komedija.hr\/web\/?page_id=919"},"modified":"2025-06-11T12:27:55","modified_gmt":"2025-06-11T10:27:55","slug":"bilusic-jasna","status":"publish","type":"page","link":"https:\/\/www.komedija.hr\/www\/ansambl-2\/glumci\/bilusic-jasna\/","title":{"rendered":"Jasna Bilu\u0161i\u0107"},"content":{"rendered":"<table border=\"0\" width=\"100%\">\n<tbody>\n<tr>\n<td><a href=\"http:\/\/www.komedija.hr\/www\/wp-content\/uploads\/2011\/08\/jasna_bilusic-1.jpg\" target=\"_blank\" rel=\"noopener noreferrer\"><img decoding=\"async\" class=\"alignnone wp-image-7252 size-medium\" src=\"http:\/\/www.komedija.hr\/www\/wp-content\/uploads\/2011\/08\/jasna_bilusic-1-200x300.jpg\" alt=\"jasna_bilusic\" width=\"200\" height=\"300\" srcset=\"https:\/\/www.komedija.hr\/www\/wp-content\/uploads\/2011\/08\/jasna_bilusic-1-200x300.jpg 200w, https:\/\/www.komedija.hr\/www\/wp-content\/uploads\/2011\/08\/jasna_bilusic-1.jpg 533w\" sizes=\"(max-width: 200px) 100vw, 200px\" \/><\/a><\/td>\n<td>Glumica-pjeva\u010dica<\/td>\n<\/tr>\n<tr valign=\"top\">\n<td colspan=\"2\" height=\"20\">&nbsp;<\/td>\n<\/tr>\n<tr>\n<td valign=\"top\" width=\"18%\" height=\"25\"><strong>DATUM I MJESTO RO\u0110ENJA <\/strong><\/td>\n<td valign=\"top\" width=\"82%\" height=\"25\">\n<div align=\"left\">31. svibnja 1967., Zagreb<\/div>\n<\/td>\n<\/tr>\n<tr>\n<td valign=\"top\" width=\"18%\"><strong>Kontakt<\/strong><\/td>\n<td valign=\"top\" width=\"82%\">Kazali\u0161te &#8220;Komedija&#8221;, p.p. 428, Zagreb<br \/>\nGSM: +385(0)91 66 70 540<br \/>\ne-mail: jazzbilusic@gmail.com<\/td>\n<\/tr>\n<tr>\n<td colspan=\"2\" valign=\"top\">&nbsp;<\/td>\n<\/tr>\n<tr>\n<td valign=\"top\" width=\"18%\" height=\"25\"><strong>OBRAZOVANJE<\/strong><\/td>\n<td valign=\"top\" width=\"82%\" height=\"25\"><strong>Akademija dramske umjetnosti Sveu\u010dili\u0161ta u Zagrebu<\/strong> (diplomirani glumac i dramaturg)<\/td>\n<\/tr>\n<tr>\n<td valign=\"top\" width=\"18%\"><strong>SEMINARI, TE\u010cAJEVI&#8230; <\/strong><\/td>\n<td valign=\"top\" width=\"82%\"><strong>\u010cetverogodi\u0161nje poha\u0111anje Imaginarne filmske akademije Gro\u017enjan<\/strong> (scenaristi\u010dka i producentska radionica; dvotjedni te\u010daj fimskog scenarija na <strong>University of Ohio<\/strong> (USA) i NYC (USA)<\/td>\n<\/tr>\n<tr>\n<td colspan=\"2\" valign=\"top\">&nbsp;<\/td>\n<\/tr>\n<tr>\n<td valign=\"top\" width=\"18%\" height=\"118\"><strong>KAZALI\u0160TE<\/strong><\/td>\n<td valign=\"top\" width=\"82%\" height=\"118\">ZGK &#8220;Komedija&#8221;: <strong>Cosi fan tutte,<\/strong> <strong>Max&amp;Engel private,<\/strong> <strong>kako vam drago, Veliki manevri u tijesnim ulicama, Gusla\u010d na krovu,<\/strong> <strong>Muka i uskrsnu\u0107e spasitelja na\u0161ega, Komedija zabuna, Kralj je gol, Crna kraljica, Jalta Jalta, Isus sin \u010dovje\u010dji, Veliki manevri u tijesnim ulicama, Majka Hrabrost i njezina djeca, Piaf, Chicago, Svoga tela gospodar, Mali du\u0107an strave, Skidajte se do kraja, Cigle svete Elizabete<\/strong>, <strong>Zeleni kakadu, Odlazak, \u0110erdan, Opasne veze, Cabaret, Broadway u Komediji &#8211; Inventura, Spli&#8217;ski akvarel, Dobra du\u0161a iz Se\u010duana, Gospo\u0111ica iz Maksima, Byron, Opet on, Zaljubljeni Shakespeare, Najstariji zanat; Korak po korak <\/strong>(koprodukcija s Kazali\u0161tem Planet Art)<strong>; Alfi Kabiljo: Moji mjuzikli #2; Ljepotica i Zvijer, Juha bra\u0107e Marx; Ponos i predrasude<\/strong><br \/>\nDK &#8220;Gavella&#8221;: <strong>Talisman,<\/strong> <strong>Hrvatski slavuj<\/strong>;<br \/>\nTeatar u gostima: U isto vrijeme, na starom mjestu;<br \/>\nHNK Zagreb: <strong>Don Juan ili ljubav prema geometriji, Ve\u010deras improviziramo, I konje ubijaju, zar ne?, Zagorka<\/strong><br \/>\nGD &#8220;Histrion&#8221;: <strong>Hvalisavi vojnik<\/strong>;<br \/>\n&amp;TD: <strong>An Hour For Magic<\/strong>;<br \/>\nHNK Split: <strong>Kad se mi mrtvi pokoljemo<\/strong><br \/>\nTeatar &#8220;Ulysses&#8221;: <strong>Marat-Sade, Hamlet<\/strong><br \/>\nTeatar Exit: <strong>Ona, on i vi<\/strong><br \/>\nDubrova\u010dke ljetne igre\/Majstorska radionica ADU: <strong>\u010cetvrta sestra<\/strong>;<br \/>\nMala scena (ve\u010dernja scena): <strong>Prava stvar<\/strong>, <strong>Leticija i Ljublist<\/strong><br \/>\nslobodni kazali\u0161ni projekti i performansi<\/td>\n<\/tr>\n<tr>\n<td valign=\"top\" width=\"18%\"><strong>FILM<\/strong><\/td>\n<td valign=\"top\" width=\"82%\">ostvarila uloge&nbsp;u filmovima Petra Krelje, Ivana Livakovi\u0107a, Zrinka Ogreste, Snje\u017eane Tribuson&#8230;; sura\u0111ivala na scenarijima sa Z. Ogrestom, B. \u017dmega\u010dom, B. \u0160mitom;<\/td>\n<\/tr>\n<tr>\n<td valign=\"top\" width=\"18%\"><strong>TELEVIZIJA<\/strong><\/td>\n<td valign=\"top\" width=\"82%\">nekoliko TV serija (HTV), <strong>U dobrom dru\u0161tvu<\/strong> (HTV), <strong>Cro-session<\/strong> (HTV), zabavni i glazbeni show-program (HTV), sinkronizacije animiranih filmova (HTV)<br \/>\nigrene serije Dobri ljudi, Zakon, Mamutica, Nemoj nikome re\u0107i, 1 &amp; 2 (HRT), Tajne, Prava \u017eena (RTL)<\/td>\n<\/tr>\n<tr>\n<td valign=\"top\" width=\"18%\"><strong>RADIO <\/strong><\/td>\n<td valign=\"top\" width=\"82%\">nastupi u brojnim radio dramama (Dramski program HR)<\/td>\n<\/tr>\n<tr>\n<td valign=\"top\" width=\"18%\"><strong>OSTALO<\/strong><\/td>\n<td valign=\"top\" width=\"82%\">predava\u010dica na odsjeku glume Akademije dramske umjetnosti Sveu\u010dili\u0161ta u Zagrebu (tehnika songa, jazz pjevanje); pjeva\u010dica (osobito jazz &#8211; skupina &#8220;Cool Date&#8221;, suradnja sa J. Passom, G. Fameom, B. Moverom, G. Bassom, M. Limom, Big Bandom HRT-a; nastupi: Jazz Fair, Springtime Jazz Fever, Inglestadt Jazz Festival, Berlin Jazz Days, Montreal Jazz Festival i dr.), skupina Naturalna mistika, mnogobrojni nosa\u010di zvuka<\/td>\n<\/tr>\n<tr>\n<td colspan=\"2\" valign=\"top\" height=\"33\">&nbsp;<\/td>\n<\/tr>\n<tr>\n<td valign=\"top\" width=\"18%\" height=\"33\"><strong>STATUSI U &#8220;KOMEDIJI&#8221;<\/strong><\/td>\n<td valign=\"top\" width=\"82%\" height=\"33\">prva premijera 15. sije\u010dnja 1989. (Cosi fan tutte), stipendistica &#8220;Komedije&#8221;, zaposlena od 1. rujna 1990.<\/td>\n<\/tr>\n<tr>\n<td colspan=\"2\" valign=\"top\" height=\"33\">&nbsp;<\/td>\n<\/tr>\n<tr>\n<td valign=\"top\" width=\"18%\" height=\"33\"><strong>NAGRADE I PRIZNANJA<\/strong><\/td>\n<td valign=\"top\" width=\"82%\" height=\"33\"><strong>Nagrada &#8220;Zlatni smijeh&#8221;<\/strong> za najbolju glumicu na &#8220;Danima satire&#8221; 2002. godine za ulogu Vjere (&#8220;\u010cetvrta sestra&#8221;, Dubrova\u010dke ljetne igre\/Majstorska radionica ADU),<br \/>\n<strong>Nagrada hrvatskog glumi\u0161ta <\/strong>za ulogu Edith Piaf (Piaf) godine 2002.<br \/>\n<strong>Specijalno priznanje<\/strong> na prvim Gumbekovim danima 2008. za najbolju samostalnu izvedbu<\/td>\n<\/tr>\n<\/tbody>\n<\/table>\n","protected":false},"excerpt":{"rendered":"<p>Glumica-pjeva\u010dica &nbsp; DATUM I MJESTO RO\u0110ENJA 31. svibnja 1967., Zagreb Kontakt Kazali\u0161te &#8220;Komedija&#8221;, p.p. 428, Zagreb GSM: +385(0)91 66 70 540 e-mail: jazzbilusic@gmail.com &nbsp; OBRAZOVANJE Akademija dramske umjetnosti Sveu\u010dili\u0161ta u Zagrebu (diplomirani glumac i dramaturg) SEMINARI, TE\u010cAJEVI&#8230; \u010cetverogodi\u0161nje poha\u0111anje Imaginarne filmske akademije Gro\u017enjan (scenaristi\u010dka i producentska radionica; dvotjedni te\u010daj fimskog scenarija na University of Ohio [&hellip;]<\/p>\n","protected":false},"author":4,"featured_media":0,"parent":6992,"menu_order":0,"comment_status":"closed","ping_status":"closed","template":"","meta":{"ngg_post_thumbnail":0,"footnotes":""},"class_list":["post-919","page","type-page","status-publish","hentry"],"yoast_head":"<!-- This site is optimized with the Yoast SEO plugin v27.5 - https:\/\/yoast.com\/product\/yoast-seo-wordpress\/ -->\n<title>Jasna Bilu\u0161i\u0107 - Kazali\u0161te Komedija<\/title>\n<meta name=\"robots\" content=\"index, follow, max-snippet:-1, max-image-preview:large, max-video-preview:-1\" \/>\n<link rel=\"canonical\" href=\"https:\/\/www.komedija.hr\/www\/ansambl-2\/glumci\/bilusic-jasna\/\" \/>\n<meta property=\"og:locale\" content=\"hr_HR\" \/>\n<meta property=\"og:type\" content=\"article\" \/>\n<meta property=\"og:title\" content=\"Jasna Bilu\u0161i\u0107 - Kazali\u0161te Komedija\" \/>\n<meta property=\"og:description\" content=\"Glumica-pjeva\u010dica &nbsp; DATUM I MJESTO RO\u0110ENJA 31. svibnja 1967., Zagreb Kontakt Kazali\u0161te &#8220;Komedija&#8221;, p.p. 428, Zagreb GSM: +385(0)91 66 70 540 e-mail: jazzbilusic@gmail.com &nbsp; OBRAZOVANJE Akademija dramske umjetnosti Sveu\u010dili\u0161ta u Zagrebu (diplomirani glumac i dramaturg) SEMINARI, TE\u010cAJEVI&#8230; \u010cetverogodi\u0161nje poha\u0111anje Imaginarne filmske akademije Gro\u017enjan (scenaristi\u010dka i producentska radionica; dvotjedni te\u010daj fimskog scenarija na University of Ohio [&hellip;]\" \/>\n<meta property=\"og:url\" content=\"https:\/\/www.komedija.hr\/www\/ansambl-2\/glumci\/bilusic-jasna\/\" \/>\n<meta property=\"og:site_name\" content=\"Kazali\u0161te Komedija\" \/>\n<meta property=\"article:publisher\" content=\"https:\/\/www.facebook.com\/kazaliste.komedija\/\" \/>\n<meta property=\"article:modified_time\" content=\"2025-06-11T10:27:55+00:00\" \/>\n<meta property=\"og:image\" content=\"https:\/\/www.komedija.hr\/www\/wp-content\/uploads\/2011\/08\/jasna_bilusic-1.jpg\" \/>\n\t<meta property=\"og:image:width\" content=\"533\" \/>\n\t<meta property=\"og:image:height\" content=\"800\" \/>\n\t<meta property=\"og:image:type\" content=\"image\/jpeg\" \/>\n<meta name=\"twitter:card\" content=\"summary_large_image\" \/>\n<meta name=\"twitter:site\" content=\"@KKomedija\" \/>\n<meta name=\"twitter:label1\" content=\"Procijenjeno vrijeme \u010ditanja\" \/>\n\t<meta name=\"twitter:data1\" content=\"3 minute\" \/>\n<script type=\"application\/ld+json\" class=\"yoast-schema-graph\">{\"@context\":\"https:\\\/\\\/schema.org\",\"@graph\":[{\"@type\":\"WebPage\",\"@id\":\"https:\\\/\\\/www.komedija.hr\\\/www\\\/ansambl-2\\\/glumci\\\/bilusic-jasna\\\/\",\"url\":\"https:\\\/\\\/www.komedija.hr\\\/www\\\/ansambl-2\\\/glumci\\\/bilusic-jasna\\\/\",\"name\":\"Jasna Bilu\u0161i\u0107 - Kazali\u0161te Komedija\",\"isPartOf\":{\"@id\":\"http:\\\/\\\/www.komedija.hr\\\/www\\\/#website\"},\"primaryImageOfPage\":{\"@id\":\"https:\\\/\\\/www.komedija.hr\\\/www\\\/ansambl-2\\\/glumci\\\/bilusic-jasna\\\/#primaryimage\"},\"image\":{\"@id\":\"https:\\\/\\\/www.komedija.hr\\\/www\\\/ansambl-2\\\/glumci\\\/bilusic-jasna\\\/#primaryimage\"},\"thumbnailUrl\":\"http:\\\/\\\/www.komedija.hr\\\/www\\\/wp-content\\\/uploads\\\/2011\\\/08\\\/jasna_bilusic-1-200x300.jpg\",\"datePublished\":\"2011-08-02T17:59:13+00:00\",\"dateModified\":\"2025-06-11T10:27:55+00:00\",\"breadcrumb\":{\"@id\":\"https:\\\/\\\/www.komedija.hr\\\/www\\\/ansambl-2\\\/glumci\\\/bilusic-jasna\\\/#breadcrumb\"},\"inLanguage\":\"hr\",\"potentialAction\":[{\"@type\":\"ReadAction\",\"target\":[\"https:\\\/\\\/www.komedija.hr\\\/www\\\/ansambl-2\\\/glumci\\\/bilusic-jasna\\\/\"]}]},{\"@type\":\"ImageObject\",\"inLanguage\":\"hr\",\"@id\":\"https:\\\/\\\/www.komedija.hr\\\/www\\\/ansambl-2\\\/glumci\\\/bilusic-jasna\\\/#primaryimage\",\"url\":\"https:\\\/\\\/www.komedija.hr\\\/www\\\/wp-content\\\/uploads\\\/2011\\\/08\\\/jasna_bilusic-1.jpg\",\"contentUrl\":\"https:\\\/\\\/www.komedija.hr\\\/www\\\/wp-content\\\/uploads\\\/2011\\\/08\\\/jasna_bilusic-1.jpg\",\"width\":533,\"height\":800},{\"@type\":\"BreadcrumbList\",\"@id\":\"https:\\\/\\\/www.komedija.hr\\\/www\\\/ansambl-2\\\/glumci\\\/bilusic-jasna\\\/#breadcrumb\",\"itemListElement\":[{\"@type\":\"ListItem\",\"position\":1,\"name\":\"Po\u010detna stranica\",\"item\":\"http:\\\/\\\/www.komedija.hr\\\/www\\\/\"},{\"@type\":\"ListItem\",\"position\":2,\"name\":\"Ansambl\",\"item\":\"https:\\\/\\\/www.komedija.hr\\\/www\\\/ansambl-2\\\/\"},{\"@type\":\"ListItem\",\"position\":3,\"name\":\"Glumci\",\"item\":\"https:\\\/\\\/www.komedija.hr\\\/www\\\/ansambl-2\\\/glumci\\\/\"},{\"@type\":\"ListItem\",\"position\":4,\"name\":\"Jasna Bilu\u0161i\u0107\"}]},{\"@type\":\"WebSite\",\"@id\":\"http:\\\/\\\/www.komedija.hr\\\/www\\\/#website\",\"url\":\"http:\\\/\\\/www.komedija.hr\\\/www\\\/\",\"name\":\"Kazali\u0161te Komedija\",\"description\":\"\",\"publisher\":{\"@id\":\"http:\\\/\\\/www.komedija.hr\\\/www\\\/#organization\"},\"potentialAction\":[{\"@type\":\"SearchAction\",\"target\":{\"@type\":\"EntryPoint\",\"urlTemplate\":\"http:\\\/\\\/www.komedija.hr\\\/www\\\/?s={search_term_string}\"},\"query-input\":{\"@type\":\"PropertyValueSpecification\",\"valueRequired\":true,\"valueName\":\"search_term_string\"}}],\"inLanguage\":\"hr\"},{\"@type\":\"Organization\",\"@id\":\"http:\\\/\\\/www.komedija.hr\\\/www\\\/#organization\",\"name\":\"Zagreba\u010dko gradsko Kazali\u0161ta Komedija\",\"url\":\"http:\\\/\\\/www.komedija.hr\\\/www\\\/\",\"logo\":{\"@type\":\"ImageObject\",\"inLanguage\":\"hr\",\"@id\":\"http:\\\/\\\/www.komedija.hr\\\/www\\\/#\\\/schema\\\/logo\\\/image\\\/\",\"url\":\"https:\\\/\\\/www.komedija.hr\\\/www\\\/wp-content\\\/uploads\\\/2020\\\/02\\\/cropped-Kazaliste_Komedija_logo_2.png\",\"contentUrl\":\"https:\\\/\\\/www.komedija.hr\\\/www\\\/wp-content\\\/uploads\\\/2020\\\/02\\\/cropped-Kazaliste_Komedija_logo_2.png\",\"width\":512,\"height\":512,\"caption\":\"Zagreba\u010dko gradsko Kazali\u0161ta Komedija\"},\"image\":{\"@id\":\"http:\\\/\\\/www.komedija.hr\\\/www\\\/#\\\/schema\\\/logo\\\/image\\\/\"},\"sameAs\":[\"https:\\\/\\\/www.facebook.com\\\/kazaliste.komedija\\\/\",\"https:\\\/\\\/x.com\\\/KKomedija\",\"https:\\\/\\\/www.instagram.com\\\/kazaliste_komedija\\\/\",\"https:\\\/\\\/www.youtube.com\\\/channel\\\/UC1NcapMYUXJW3miW_oPxT5w\\\/videos\"]}]}<\/script>\n<!-- \/ Yoast SEO plugin. -->","yoast_head_json":{"title":"Jasna Bilu\u0161i\u0107 - Kazali\u0161te Komedija","robots":{"index":"index","follow":"follow","max-snippet":"max-snippet:-1","max-image-preview":"max-image-preview:large","max-video-preview":"max-video-preview:-1"},"canonical":"https:\/\/www.komedija.hr\/www\/ansambl-2\/glumci\/bilusic-jasna\/","og_locale":"hr_HR","og_type":"article","og_title":"Jasna Bilu\u0161i\u0107 - Kazali\u0161te Komedija","og_description":"Glumica-pjeva\u010dica &nbsp; DATUM I MJESTO RO\u0110ENJA 31. svibnja 1967., Zagreb Kontakt Kazali\u0161te &#8220;Komedija&#8221;, p.p. 428, Zagreb GSM: +385(0)91 66 70 540 e-mail: jazzbilusic@gmail.com &nbsp; OBRAZOVANJE Akademija dramske umjetnosti Sveu\u010dili\u0161ta u Zagrebu (diplomirani glumac i dramaturg) SEMINARI, TE\u010cAJEVI&#8230; \u010cetverogodi\u0161nje poha\u0111anje Imaginarne filmske akademije Gro\u017enjan (scenaristi\u010dka i producentska radionica; dvotjedni te\u010daj fimskog scenarija na University of Ohio [&hellip;]","og_url":"https:\/\/www.komedija.hr\/www\/ansambl-2\/glumci\/bilusic-jasna\/","og_site_name":"Kazali\u0161te Komedija","article_publisher":"https:\/\/www.facebook.com\/kazaliste.komedija\/","article_modified_time":"2025-06-11T10:27:55+00:00","og_image":[{"width":533,"height":800,"url":"https:\/\/www.komedija.hr\/www\/wp-content\/uploads\/2011\/08\/jasna_bilusic-1.jpg","type":"image\/jpeg"}],"twitter_card":"summary_large_image","twitter_site":"@KKomedija","twitter_misc":{"Procijenjeno vrijeme \u010ditanja":"3 minute"},"schema":{"@context":"https:\/\/schema.org","@graph":[{"@type":"WebPage","@id":"https:\/\/www.komedija.hr\/www\/ansambl-2\/glumci\/bilusic-jasna\/","url":"https:\/\/www.komedija.hr\/www\/ansambl-2\/glumci\/bilusic-jasna\/","name":"Jasna Bilu\u0161i\u0107 - Kazali\u0161te Komedija","isPartOf":{"@id":"http:\/\/www.komedija.hr\/www\/#website"},"primaryImageOfPage":{"@id":"https:\/\/www.komedija.hr\/www\/ansambl-2\/glumci\/bilusic-jasna\/#primaryimage"},"image":{"@id":"https:\/\/www.komedija.hr\/www\/ansambl-2\/glumci\/bilusic-jasna\/#primaryimage"},"thumbnailUrl":"http:\/\/www.komedija.hr\/www\/wp-content\/uploads\/2011\/08\/jasna_bilusic-1-200x300.jpg","datePublished":"2011-08-02T17:59:13+00:00","dateModified":"2025-06-11T10:27:55+00:00","breadcrumb":{"@id":"https:\/\/www.komedija.hr\/www\/ansambl-2\/glumci\/bilusic-jasna\/#breadcrumb"},"inLanguage":"hr","potentialAction":[{"@type":"ReadAction","target":["https:\/\/www.komedija.hr\/www\/ansambl-2\/glumci\/bilusic-jasna\/"]}]},{"@type":"ImageObject","inLanguage":"hr","@id":"https:\/\/www.komedija.hr\/www\/ansambl-2\/glumci\/bilusic-jasna\/#primaryimage","url":"https:\/\/www.komedija.hr\/www\/wp-content\/uploads\/2011\/08\/jasna_bilusic-1.jpg","contentUrl":"https:\/\/www.komedija.hr\/www\/wp-content\/uploads\/2011\/08\/jasna_bilusic-1.jpg","width":533,"height":800},{"@type":"BreadcrumbList","@id":"https:\/\/www.komedija.hr\/www\/ansambl-2\/glumci\/bilusic-jasna\/#breadcrumb","itemListElement":[{"@type":"ListItem","position":1,"name":"Po\u010detna stranica","item":"http:\/\/www.komedija.hr\/www\/"},{"@type":"ListItem","position":2,"name":"Ansambl","item":"https:\/\/www.komedija.hr\/www\/ansambl-2\/"},{"@type":"ListItem","position":3,"name":"Glumci","item":"https:\/\/www.komedija.hr\/www\/ansambl-2\/glumci\/"},{"@type":"ListItem","position":4,"name":"Jasna Bilu\u0161i\u0107"}]},{"@type":"WebSite","@id":"http:\/\/www.komedija.hr\/www\/#website","url":"http:\/\/www.komedija.hr\/www\/","name":"Kazali\u0161te Komedija","description":"","publisher":{"@id":"http:\/\/www.komedija.hr\/www\/#organization"},"potentialAction":[{"@type":"SearchAction","target":{"@type":"EntryPoint","urlTemplate":"http:\/\/www.komedija.hr\/www\/?s={search_term_string}"},"query-input":{"@type":"PropertyValueSpecification","valueRequired":true,"valueName":"search_term_string"}}],"inLanguage":"hr"},{"@type":"Organization","@id":"http:\/\/www.komedija.hr\/www\/#organization","name":"Zagreba\u010dko gradsko Kazali\u0161ta Komedija","url":"http:\/\/www.komedija.hr\/www\/","logo":{"@type":"ImageObject","inLanguage":"hr","@id":"http:\/\/www.komedija.hr\/www\/#\/schema\/logo\/image\/","url":"https:\/\/www.komedija.hr\/www\/wp-content\/uploads\/2020\/02\/cropped-Kazaliste_Komedija_logo_2.png","contentUrl":"https:\/\/www.komedija.hr\/www\/wp-content\/uploads\/2020\/02\/cropped-Kazaliste_Komedija_logo_2.png","width":512,"height":512,"caption":"Zagreba\u010dko gradsko Kazali\u0161ta Komedija"},"image":{"@id":"http:\/\/www.komedija.hr\/www\/#\/schema\/logo\/image\/"},"sameAs":["https:\/\/www.facebook.com\/kazaliste.komedija\/","https:\/\/x.com\/KKomedija","https:\/\/www.instagram.com\/kazaliste_komedija\/","https:\/\/www.youtube.com\/channel\/UC1NcapMYUXJW3miW_oPxT5w\/videos"]}]}},"_links":{"self":[{"href":"https:\/\/www.komedija.hr\/www\/wp-json\/wp\/v2\/pages\/919","targetHints":{"allow":["GET"]}}],"collection":[{"href":"https:\/\/www.komedija.hr\/www\/wp-json\/wp\/v2\/pages"}],"about":[{"href":"https:\/\/www.komedija.hr\/www\/wp-json\/wp\/v2\/types\/page"}],"author":[{"embeddable":true,"href":"https:\/\/www.komedija.hr\/www\/wp-json\/wp\/v2\/users\/4"}],"replies":[{"embeddable":true,"href":"https:\/\/www.komedija.hr\/www\/wp-json\/wp\/v2\/comments?post=919"}],"version-history":[{"count":1,"href":"https:\/\/www.komedija.hr\/www\/wp-json\/wp\/v2\/pages\/919\/revisions"}],"predecessor-version":[{"id":20885,"href":"https:\/\/www.komedija.hr\/www\/wp-json\/wp\/v2\/pages\/919\/revisions\/20885"}],"up":[{"embeddable":true,"href":"https:\/\/www.komedija.hr\/www\/wp-json\/wp\/v2\/pages\/6992"}],"wp:attachment":[{"href":"https:\/\/www.komedija.hr\/www\/wp-json\/wp\/v2\/media?parent=919"}],"curies":[{"name":"wp","href":"https:\/\/api.w.org\/{rel}","templated":true}]}}