{"id":923,"date":"2011-08-02T20:02:46","date_gmt":"2011-08-02T18:02:46","guid":{"rendered":"http:\/\/www.komedija.hr\/web\/?page_id=923"},"modified":"2021-09-22T09:32:07","modified_gmt":"2021-09-22T07:32:07","slug":"brekalo-popovic-mirela","status":"publish","type":"page","link":"https:\/\/www.komedija.hr\/www\/umirovljeni-i-bivsi-clanovi-ansambla\/brekalo-popovic-mirela\/","title":{"rendered":"Mirela Brekalo Popovi\u0107"},"content":{"rendered":"<table border=\"0\" width=\"100%\">\n<tbody>\n<tr>\n<td><a href=\"http:\/\/www.komedija.hr\/www\/wp-content\/uploads\/2011\/08\/mirela_bpopovic.jpg\" target=\"_blank\" rel=\"noopener\"><img decoding=\"async\" class=\"alignnone wp-image-7259 size-medium\" src=\"http:\/\/www.komedija.hr\/www\/wp-content\/uploads\/2011\/08\/mirela_bpopovic-200x300.jpg\" alt=\"mirela_bpopovic\" width=\"200\" height=\"300\" srcset=\"https:\/\/www.komedija.hr\/www\/wp-content\/uploads\/2011\/08\/mirela_bpopovic-200x300.jpg 200w, https:\/\/www.komedija.hr\/www\/wp-content\/uploads\/2011\/08\/mirela_bpopovic.jpg 533w\" sizes=\"(max-width: 200px) 100vw, 200px\" \/><\/a><\/td>\n<td>Glumica<\/td>\n<\/tr>\n<tr valign=\"top\">\n<td colspan=\"2\" height=\"20\"><\/td>\n<\/tr>\n<tr>\n<td valign=\"top\" width=\"18%\" height=\"25\"><strong>DATUM I MJESTO RO\u0110ENJA <\/strong><\/td>\n<td valign=\"top\" width=\"82%\" height=\"25\">\n<div align=\"left\">6. velja\u010de 1956., Zagreb<\/div>\n<\/td>\n<\/tr>\n<tr>\n<td valign=\"top\" width=\"18%\" height=\"55\"><strong>ansambl<\/strong><\/td>\n<td valign=\"top\" width=\"82%\" height=\"55\">Kazali\u0161te &#8220;Komedija&#8221;, p.p. 428, Zagreb<br \/>\ntel.: +385 (0)1 48 13 200; fax: +385 (0)1 48 12 179<br \/>\ne-mail: <a href=\"mailto:komedija@komedija.hr\">komedija@komedija.hr<\/a><\/td>\n<\/tr>\n<tr>\n<td colspan=\"2\" valign=\"top\" height=\"21\"><\/td>\n<\/tr>\n<tr>\n<td valign=\"top\" width=\"18%\" height=\"25\"><strong>OBRAZOVANJE<\/strong><\/td>\n<td valign=\"top\" width=\"82%\" height=\"25\"><strong>Akademija dramske umjetnosti Sveu\u010dili\u0161ta u Zagrebu<\/strong><\/td>\n<\/tr>\n<tr>\n<td valign=\"top\" width=\"18%\" height=\"25\"><strong>SEMINARI, TE\u010cAJEVI&#8230; <\/strong><\/td>\n<td valign=\"top\" width=\"82%\" height=\"25\">Kazali\u0161na radionica u Motovunu<\/td>\n<\/tr>\n<tr>\n<td colspan=\"2\" valign=\"top\"><\/td>\n<\/tr>\n<tr>\n<td valign=\"top\" width=\"18%\"><strong>KAZALI\u0160TE<\/strong><\/td>\n<td valign=\"top\" width=\"82%\">ZGK &#8220;Komedija: <strong>Mati\u010dek se \u017eeni, Leonce i Lena, Zemlja smije\u0161ka, Dundo Maroje &#8217;72., Sastanak u Senlisu, Lulin, Sve je dobro \u0161to se dobro svr\u0161i, Sloboda u Sra\u010dincima, Opera za tri pare, \u010cini barona Tamburlana, Moj tata socijalisti\u010dki kulak, Aplauz, Lova\u010dko dru\u0161tvo, Dubravka, Kidaj od svoje \u017eene, Muka i uskrsnu\u0107e spasitelja na\u0161ega, Komedija zabuna, Luda no\u0107 u hotelu President, \u0160trudl od tre\u0161anja, Voza\u010di za sva vremena, Grubijani, Klupko, Legalist, Mjuzikl Dundo Maroje 008, Jalta, Jalta, \u0110erdan, Opet on, Najstariji zanat<br \/>\n<\/strong>; DK &#8220;Gavella&#8221;: <strong>Chocking, Sablasna sonata, Ivanov, Vu\u010djak, Surove kazali\u0161ne pri\u010de, Kruh, Ma\u0161karate ispod kuplja<\/strong>; Dubrova\u010dke ljetne igre: <strong>Dudno Maroje, Kako je Odisej susreo Kiklopa<\/strong>; AKFU scena: <strong>Tko se boji Virginije Wolf, Vje\u0161tice iz Salema<\/strong>; &amp;TD: <strong>Umjetnik u gladovanju, Kralj Gordogan, Mahnitanje u dvoje, Recimo da nije tako <\/strong>(koncertna izvedba); KDVL: <strong>Kanconijer, Dubravka, Vrijeme darivanja<\/strong>; MKT\/Kazali\u0161te &#8220;Tre\u0161nja&#8221;: <strong>Grad bez ljubavi, U carstvu sanja, Bakonja fra Brne, Bra\u0107a Karamazovi, Razbojnik Rumcajs, Trnoru\u017eica i Crna kraljica<\/strong>; Splitsko ljeto: <strong>Bakonja fra Brne, Kristalna kocka vedrine<\/strong>, Teatar &#8220;\u017dar ptica&#8221;: <strong>Nu\u0161i\u0107ijada, Obrnuta bajka, Velika doktorska bajka, Mi\u0161evi i ma\u010dke naglava\u010dke<\/strong>, Kazali\u0161te &#8220;Mala scena&#8221;: <strong>Dje\u010dak s albumom porodi\u010dnih slika, Bar\u0161unasti ze\u010di\u0107<\/strong>, INK Pula: <strong>Regnum novum, Poruka s Asterona, Tanac od mrtvih<\/strong>,<strong> \u010cast<\/strong>; GD &#8220;Histrion&#8221;: <strong>Histrijada, Oluja, Vitez slavonske ravni, Tajna krvavog mosta<\/strong>; sakralni prostori diljem Hrvatske: <strong>Majka Terezija<\/strong><\/td>\n<\/tr>\n<tr>\n<td valign=\"top\" width=\"18%\" height=\"14\"><strong>FILM<\/strong><\/td>\n<td valign=\"top\" width=\"82%\" height=\"14\"><strong>\u017divi bili pa vidjeli <\/strong>(Puhlovski\/Gamulin), <strong>Duga mra\u010dna no\u0107 <\/strong>(Vrdoljak), <strong>Kotlovina<\/strong> (Radi\u0107)<\/td>\n<\/tr>\n<tr>\n<td valign=\"top\" width=\"18%\" height=\"14\"><strong>TELEVIZIJA<\/strong><\/td>\n<td valign=\"top\" width=\"82%\" height=\"14\">brojne uloge u TV dramama i TV filmovima (HTV), me\u0111u ostalima <strong>Pisma mornaru, Ivanjska no\u0107, Duga, Prepoznavanje, Olovna pri\u010dest, \u0160okica<\/strong>; TV serije <strong>Pozitivna nula<\/strong> i <strong>Na\u0161i i va\u0161i <\/strong>(HTV), brojne sinkornizacije animiranih filmova<\/td>\n<\/tr>\n<tr>\n<td valign=\"top\" width=\"18%\" height=\"15\"><strong>RADIO<\/strong><\/td>\n<td valign=\"top\" width=\"82%\" height=\"15\">uloge u radio dramama (Dramski program HR)<\/td>\n<\/tr>\n<tr>\n<td valign=\"top\" width=\"18%\" height=\"19\"><strong>OSTALO<\/strong><\/td>\n<td valign=\"top\" width=\"82%\" height=\"19\">mnogobrojni nosa\u010di zvuka, me\u0111u ostalima <strong>Kolajna <\/strong>(Ujevi\u0107), <strong>Dubravka <\/strong>(Gunduli\u0107), <strong>Sjena sna <\/strong>(Ki\u0161evi\u0107), <strong>Ilirski preporod, No\u0107 na Uni<\/strong>; gluma\u010dki pedagog u dramskim studijima u Rovinju i Puli; predavala scenski govor na Akademiji dramske umjetnosti Sveu\u010dili\u0161ta u Zagrebu<\/td>\n<\/tr>\n<tr>\n<td colspan=\"2\" valign=\"top\" height=\"33\"><\/td>\n<\/tr>\n<tr>\n<td valign=\"top\" width=\"18%\" height=\"33\"><strong>NAGRADE I PRIZNANJA<\/strong><\/td>\n<td valign=\"top\" width=\"82%\" height=\"33\"><strong>Posebno priznanje Udru\u017eenja dramskih umjetnika Hrvatske <\/strong>godine 1983. za ulogu Margerite (Lulin); <strong>&#8220;Zlatna Arena&#8221;<\/strong> za glavnu glumicu na Pula film festivalu 2011.<\/td>\n<\/tr>\n<tr>\n<td colspan=\"2\" valign=\"top\" height=\"33\"><\/td>\n<\/tr>\n<tr>\n<td valign=\"top\" width=\"18%\" height=\"33\"><strong>STATUSI U &#8220;KOMEDIJI&#8221;<\/strong><\/td>\n<td valign=\"top\" width=\"82%\" height=\"33\">prva premijera 28. prosinca 1978. (Mati\u010dek se \u017eeni), zaposlena od 1. rujna 1979.<\/td>\n<\/tr>\n<\/tbody>\n<\/table>\n","protected":false},"excerpt":{"rendered":"<p>Glumica DATUM I MJESTO RO\u0110ENJA 6. velja\u010de 1956., Zagreb ansambl Kazali\u0161te &#8220;Komedija&#8221;, p.p. 428, Zagreb tel.: +385 (0)1 48 13 200; fax: +385 (0)1 48 12 179 e-mail: komedija@komedija.hr OBRAZOVANJE Akademija dramske umjetnosti Sveu\u010dili\u0161ta u Zagrebu SEMINARI, TE\u010cAJEVI&#8230; Kazali\u0161na radionica u Motovunu KAZALI\u0160TE ZGK &#8220;Komedija: Mati\u010dek se \u017eeni, Leonce i Lena, Zemlja smije\u0161ka, Dundo Maroje [&hellip;]<\/p>\n","protected":false},"author":4,"featured_media":0,"parent":8592,"menu_order":0,"comment_status":"closed","ping_status":"closed","template":"","meta":{"ngg_post_thumbnail":0,"footnotes":""},"class_list":["post-923","page","type-page","status-publish","hentry"],"yoast_head":"<!-- This site is optimized with the Yoast SEO plugin v27.5 - https:\/\/yoast.com\/product\/yoast-seo-wordpress\/ -->\n<title>Mirela Brekalo Popovi\u0107 - Kazali\u0161te Komedija<\/title>\n<meta name=\"robots\" content=\"index, follow, max-snippet:-1, max-image-preview:large, max-video-preview:-1\" \/>\n<link rel=\"canonical\" href=\"https:\/\/www.komedija.hr\/www\/umirovljeni-i-bivsi-clanovi-ansambla\/brekalo-popovic-mirela\/\" \/>\n<meta property=\"og:locale\" content=\"hr_HR\" \/>\n<meta property=\"og:type\" content=\"article\" \/>\n<meta property=\"og:title\" content=\"Mirela Brekalo Popovi\u0107 - Kazali\u0161te Komedija\" \/>\n<meta property=\"og:description\" content=\"Glumica DATUM I MJESTO RO\u0110ENJA 6. velja\u010de 1956., Zagreb ansambl Kazali\u0161te &#8220;Komedija&#8221;, p.p. 428, Zagreb tel.: +385 (0)1 48 13 200; fax: +385 (0)1 48 12 179 e-mail: komedija@komedija.hr OBRAZOVANJE Akademija dramske umjetnosti Sveu\u010dili\u0161ta u Zagrebu SEMINARI, TE\u010cAJEVI&#8230; Kazali\u0161na radionica u Motovunu KAZALI\u0160TE ZGK &#8220;Komedija: Mati\u010dek se \u017eeni, Leonce i Lena, Zemlja smije\u0161ka, Dundo Maroje [&hellip;]\" \/>\n<meta property=\"og:url\" content=\"https:\/\/www.komedija.hr\/www\/umirovljeni-i-bivsi-clanovi-ansambla\/brekalo-popovic-mirela\/\" \/>\n<meta property=\"og:site_name\" content=\"Kazali\u0161te Komedija\" \/>\n<meta property=\"article:publisher\" content=\"https:\/\/www.facebook.com\/kazaliste.komedija\/\" \/>\n<meta property=\"article:modified_time\" content=\"2021-09-22T07:32:07+00:00\" \/>\n<meta property=\"og:image\" content=\"http:\/\/www.komedija.hr\/www\/wp-content\/uploads\/2011\/08\/mirela_bpopovic-200x300.jpg\" \/>\n<meta name=\"twitter:card\" content=\"summary_large_image\" \/>\n<meta name=\"twitter:site\" content=\"@KKomedija\" \/>\n<meta name=\"twitter:label1\" content=\"Procijenjeno vrijeme \u010ditanja\" \/>\n\t<meta name=\"twitter:data1\" content=\"2 minute\" \/>\n<script type=\"application\/ld+json\" class=\"yoast-schema-graph\">{\"@context\":\"https:\\\/\\\/schema.org\",\"@graph\":[{\"@type\":\"WebPage\",\"@id\":\"https:\\\/\\\/www.komedija.hr\\\/www\\\/umirovljeni-i-bivsi-clanovi-ansambla\\\/brekalo-popovic-mirela\\\/\",\"url\":\"https:\\\/\\\/www.komedija.hr\\\/www\\\/umirovljeni-i-bivsi-clanovi-ansambla\\\/brekalo-popovic-mirela\\\/\",\"name\":\"Mirela Brekalo Popovi\u0107 - Kazali\u0161te Komedija\",\"isPartOf\":{\"@id\":\"http:\\\/\\\/www.komedija.hr\\\/www\\\/#website\"},\"primaryImageOfPage\":{\"@id\":\"https:\\\/\\\/www.komedija.hr\\\/www\\\/umirovljeni-i-bivsi-clanovi-ansambla\\\/brekalo-popovic-mirela\\\/#primaryimage\"},\"image\":{\"@id\":\"https:\\\/\\\/www.komedija.hr\\\/www\\\/umirovljeni-i-bivsi-clanovi-ansambla\\\/brekalo-popovic-mirela\\\/#primaryimage\"},\"thumbnailUrl\":\"http:\\\/\\\/www.komedija.hr\\\/www\\\/wp-content\\\/uploads\\\/2011\\\/08\\\/mirela_bpopovic-200x300.jpg\",\"datePublished\":\"2011-08-02T18:02:46+00:00\",\"dateModified\":\"2021-09-22T07:32:07+00:00\",\"breadcrumb\":{\"@id\":\"https:\\\/\\\/www.komedija.hr\\\/www\\\/umirovljeni-i-bivsi-clanovi-ansambla\\\/brekalo-popovic-mirela\\\/#breadcrumb\"},\"inLanguage\":\"hr\",\"potentialAction\":[{\"@type\":\"ReadAction\",\"target\":[\"https:\\\/\\\/www.komedija.hr\\\/www\\\/umirovljeni-i-bivsi-clanovi-ansambla\\\/brekalo-popovic-mirela\\\/\"]}]},{\"@type\":\"ImageObject\",\"inLanguage\":\"hr\",\"@id\":\"https:\\\/\\\/www.komedija.hr\\\/www\\\/umirovljeni-i-bivsi-clanovi-ansambla\\\/brekalo-popovic-mirela\\\/#primaryimage\",\"url\":\"https:\\\/\\\/www.komedija.hr\\\/www\\\/wp-content\\\/uploads\\\/2011\\\/08\\\/mirela_bpopovic.jpg\",\"contentUrl\":\"https:\\\/\\\/www.komedija.hr\\\/www\\\/wp-content\\\/uploads\\\/2011\\\/08\\\/mirela_bpopovic.jpg\",\"width\":533,\"height\":800},{\"@type\":\"BreadcrumbList\",\"@id\":\"https:\\\/\\\/www.komedija.hr\\\/www\\\/umirovljeni-i-bivsi-clanovi-ansambla\\\/brekalo-popovic-mirela\\\/#breadcrumb\",\"itemListElement\":[{\"@type\":\"ListItem\",\"position\":1,\"name\":\"Po\u010detna stranica\",\"item\":\"http:\\\/\\\/www.komedija.hr\\\/www\\\/\"},{\"@type\":\"ListItem\",\"position\":2,\"name\":\"Umirovljeni i biv\u0161i \u010dlanovi ansambla\",\"item\":\"https:\\\/\\\/www.komedija.hr\\\/www\\\/umirovljeni-i-bivsi-clanovi-ansambla\\\/\"},{\"@type\":\"ListItem\",\"position\":3,\"name\":\"Mirela Brekalo Popovi\u0107\"}]},{\"@type\":\"WebSite\",\"@id\":\"http:\\\/\\\/www.komedija.hr\\\/www\\\/#website\",\"url\":\"http:\\\/\\\/www.komedija.hr\\\/www\\\/\",\"name\":\"Kazali\u0161te Komedija\",\"description\":\"\",\"publisher\":{\"@id\":\"http:\\\/\\\/www.komedija.hr\\\/www\\\/#organization\"},\"potentialAction\":[{\"@type\":\"SearchAction\",\"target\":{\"@type\":\"EntryPoint\",\"urlTemplate\":\"http:\\\/\\\/www.komedija.hr\\\/www\\\/?s={search_term_string}\"},\"query-input\":{\"@type\":\"PropertyValueSpecification\",\"valueRequired\":true,\"valueName\":\"search_term_string\"}}],\"inLanguage\":\"hr\"},{\"@type\":\"Organization\",\"@id\":\"http:\\\/\\\/www.komedija.hr\\\/www\\\/#organization\",\"name\":\"Zagreba\u010dko gradsko Kazali\u0161ta Komedija\",\"url\":\"http:\\\/\\\/www.komedija.hr\\\/www\\\/\",\"logo\":{\"@type\":\"ImageObject\",\"inLanguage\":\"hr\",\"@id\":\"http:\\\/\\\/www.komedija.hr\\\/www\\\/#\\\/schema\\\/logo\\\/image\\\/\",\"url\":\"https:\\\/\\\/www.komedija.hr\\\/www\\\/wp-content\\\/uploads\\\/2020\\\/02\\\/cropped-Kazaliste_Komedija_logo_2.png\",\"contentUrl\":\"https:\\\/\\\/www.komedija.hr\\\/www\\\/wp-content\\\/uploads\\\/2020\\\/02\\\/cropped-Kazaliste_Komedija_logo_2.png\",\"width\":512,\"height\":512,\"caption\":\"Zagreba\u010dko gradsko Kazali\u0161ta Komedija\"},\"image\":{\"@id\":\"http:\\\/\\\/www.komedija.hr\\\/www\\\/#\\\/schema\\\/logo\\\/image\\\/\"},\"sameAs\":[\"https:\\\/\\\/www.facebook.com\\\/kazaliste.komedija\\\/\",\"https:\\\/\\\/x.com\\\/KKomedija\",\"https:\\\/\\\/www.instagram.com\\\/kazaliste_komedija\\\/\",\"https:\\\/\\\/www.youtube.com\\\/channel\\\/UC1NcapMYUXJW3miW_oPxT5w\\\/videos\"]}]}<\/script>\n<!-- \/ Yoast SEO plugin. -->","yoast_head_json":{"title":"Mirela Brekalo Popovi\u0107 - Kazali\u0161te Komedija","robots":{"index":"index","follow":"follow","max-snippet":"max-snippet:-1","max-image-preview":"max-image-preview:large","max-video-preview":"max-video-preview:-1"},"canonical":"https:\/\/www.komedija.hr\/www\/umirovljeni-i-bivsi-clanovi-ansambla\/brekalo-popovic-mirela\/","og_locale":"hr_HR","og_type":"article","og_title":"Mirela Brekalo Popovi\u0107 - Kazali\u0161te Komedija","og_description":"Glumica DATUM I MJESTO RO\u0110ENJA 6. velja\u010de 1956., Zagreb ansambl Kazali\u0161te &#8220;Komedija&#8221;, p.p. 428, Zagreb tel.: +385 (0)1 48 13 200; fax: +385 (0)1 48 12 179 e-mail: komedija@komedija.hr OBRAZOVANJE Akademija dramske umjetnosti Sveu\u010dili\u0161ta u Zagrebu SEMINARI, TE\u010cAJEVI&#8230; Kazali\u0161na radionica u Motovunu KAZALI\u0160TE ZGK &#8220;Komedija: Mati\u010dek se \u017eeni, Leonce i Lena, Zemlja smije\u0161ka, Dundo Maroje [&hellip;]","og_url":"https:\/\/www.komedija.hr\/www\/umirovljeni-i-bivsi-clanovi-ansambla\/brekalo-popovic-mirela\/","og_site_name":"Kazali\u0161te Komedija","article_publisher":"https:\/\/www.facebook.com\/kazaliste.komedija\/","article_modified_time":"2021-09-22T07:32:07+00:00","og_image":[{"url":"http:\/\/www.komedija.hr\/www\/wp-content\/uploads\/2011\/08\/mirela_bpopovic-200x300.jpg","type":"","width":"","height":""}],"twitter_card":"summary_large_image","twitter_site":"@KKomedija","twitter_misc":{"Procijenjeno vrijeme \u010ditanja":"2 minute"},"schema":{"@context":"https:\/\/schema.org","@graph":[{"@type":"WebPage","@id":"https:\/\/www.komedija.hr\/www\/umirovljeni-i-bivsi-clanovi-ansambla\/brekalo-popovic-mirela\/","url":"https:\/\/www.komedija.hr\/www\/umirovljeni-i-bivsi-clanovi-ansambla\/brekalo-popovic-mirela\/","name":"Mirela Brekalo Popovi\u0107 - Kazali\u0161te Komedija","isPartOf":{"@id":"http:\/\/www.komedija.hr\/www\/#website"},"primaryImageOfPage":{"@id":"https:\/\/www.komedija.hr\/www\/umirovljeni-i-bivsi-clanovi-ansambla\/brekalo-popovic-mirela\/#primaryimage"},"image":{"@id":"https:\/\/www.komedija.hr\/www\/umirovljeni-i-bivsi-clanovi-ansambla\/brekalo-popovic-mirela\/#primaryimage"},"thumbnailUrl":"http:\/\/www.komedija.hr\/www\/wp-content\/uploads\/2011\/08\/mirela_bpopovic-200x300.jpg","datePublished":"2011-08-02T18:02:46+00:00","dateModified":"2021-09-22T07:32:07+00:00","breadcrumb":{"@id":"https:\/\/www.komedija.hr\/www\/umirovljeni-i-bivsi-clanovi-ansambla\/brekalo-popovic-mirela\/#breadcrumb"},"inLanguage":"hr","potentialAction":[{"@type":"ReadAction","target":["https:\/\/www.komedija.hr\/www\/umirovljeni-i-bivsi-clanovi-ansambla\/brekalo-popovic-mirela\/"]}]},{"@type":"ImageObject","inLanguage":"hr","@id":"https:\/\/www.komedija.hr\/www\/umirovljeni-i-bivsi-clanovi-ansambla\/brekalo-popovic-mirela\/#primaryimage","url":"https:\/\/www.komedija.hr\/www\/wp-content\/uploads\/2011\/08\/mirela_bpopovic.jpg","contentUrl":"https:\/\/www.komedija.hr\/www\/wp-content\/uploads\/2011\/08\/mirela_bpopovic.jpg","width":533,"height":800},{"@type":"BreadcrumbList","@id":"https:\/\/www.komedija.hr\/www\/umirovljeni-i-bivsi-clanovi-ansambla\/brekalo-popovic-mirela\/#breadcrumb","itemListElement":[{"@type":"ListItem","position":1,"name":"Po\u010detna stranica","item":"http:\/\/www.komedija.hr\/www\/"},{"@type":"ListItem","position":2,"name":"Umirovljeni i biv\u0161i \u010dlanovi ansambla","item":"https:\/\/www.komedija.hr\/www\/umirovljeni-i-bivsi-clanovi-ansambla\/"},{"@type":"ListItem","position":3,"name":"Mirela Brekalo Popovi\u0107"}]},{"@type":"WebSite","@id":"http:\/\/www.komedija.hr\/www\/#website","url":"http:\/\/www.komedija.hr\/www\/","name":"Kazali\u0161te Komedija","description":"","publisher":{"@id":"http:\/\/www.komedija.hr\/www\/#organization"},"potentialAction":[{"@type":"SearchAction","target":{"@type":"EntryPoint","urlTemplate":"http:\/\/www.komedija.hr\/www\/?s={search_term_string}"},"query-input":{"@type":"PropertyValueSpecification","valueRequired":true,"valueName":"search_term_string"}}],"inLanguage":"hr"},{"@type":"Organization","@id":"http:\/\/www.komedija.hr\/www\/#organization","name":"Zagreba\u010dko gradsko Kazali\u0161ta Komedija","url":"http:\/\/www.komedija.hr\/www\/","logo":{"@type":"ImageObject","inLanguage":"hr","@id":"http:\/\/www.komedija.hr\/www\/#\/schema\/logo\/image\/","url":"https:\/\/www.komedija.hr\/www\/wp-content\/uploads\/2020\/02\/cropped-Kazaliste_Komedija_logo_2.png","contentUrl":"https:\/\/www.komedija.hr\/www\/wp-content\/uploads\/2020\/02\/cropped-Kazaliste_Komedija_logo_2.png","width":512,"height":512,"caption":"Zagreba\u010dko gradsko Kazali\u0161ta Komedija"},"image":{"@id":"http:\/\/www.komedija.hr\/www\/#\/schema\/logo\/image\/"},"sameAs":["https:\/\/www.facebook.com\/kazaliste.komedija\/","https:\/\/x.com\/KKomedija","https:\/\/www.instagram.com\/kazaliste_komedija\/","https:\/\/www.youtube.com\/channel\/UC1NcapMYUXJW3miW_oPxT5w\/videos"]}]}},"_links":{"self":[{"href":"https:\/\/www.komedija.hr\/www\/wp-json\/wp\/v2\/pages\/923","targetHints":{"allow":["GET"]}}],"collection":[{"href":"https:\/\/www.komedija.hr\/www\/wp-json\/wp\/v2\/pages"}],"about":[{"href":"https:\/\/www.komedija.hr\/www\/wp-json\/wp\/v2\/types\/page"}],"author":[{"embeddable":true,"href":"https:\/\/www.komedija.hr\/www\/wp-json\/wp\/v2\/users\/4"}],"replies":[{"embeddable":true,"href":"https:\/\/www.komedija.hr\/www\/wp-json\/wp\/v2\/comments?post=923"}],"version-history":[{"count":0,"href":"https:\/\/www.komedija.hr\/www\/wp-json\/wp\/v2\/pages\/923\/revisions"}],"up":[{"embeddable":true,"href":"https:\/\/www.komedija.hr\/www\/wp-json\/wp\/v2\/pages\/8592"}],"wp:attachment":[{"href":"https:\/\/www.komedija.hr\/www\/wp-json\/wp\/v2\/media?parent=923"}],"curies":[{"name":"wp","href":"https:\/\/api.w.org\/{rel}","templated":true}]}}