{"id":958,"date":"2011-08-02T20:24:51","date_gmt":"2011-08-02T18:24:51","guid":{"rendered":"http:\/\/www.komedija.hr\/web\/?page_id=958"},"modified":"2025-01-21T12:21:41","modified_gmt":"2025-01-21T11:21:41","slug":"koncic-adam","status":"publish","type":"page","link":"https:\/\/www.komedija.hr\/www\/ansambl-2\/glumci\/koncic-adam\/","title":{"rendered":"Adam Kon\u010di\u0107"},"content":{"rendered":"<table border=\"0\" width=\"100%\">\n<tbody>\n<tr>\n<td><a href=\"http:\/\/www.komedija.hr\/www\/wp-content\/uploads\/2011\/08\/adam_koncic-1.jpg\" target=\"_blank\" rel=\"noopener noreferrer\"><img decoding=\"async\" class=\"alignnone wp-image-7295 size-medium\" src=\"http:\/\/www.komedija.hr\/www\/wp-content\/uploads\/2011\/08\/adam_koncic-1-200x300.jpg\" alt=\"adam_koncic\" width=\"200\" height=\"300\" srcset=\"https:\/\/www.komedija.hr\/www\/wp-content\/uploads\/2011\/08\/adam_koncic-1-200x300.jpg 200w, https:\/\/www.komedija.hr\/www\/wp-content\/uploads\/2011\/08\/adam_koncic-1.jpg 533w\" sizes=\"(max-width: 200px) 100vw, 200px\" \/><\/a><\/td>\n<td>Glumac<\/td>\n<\/tr>\n<tr>\n<td valign=\"top\" width=\"18%\" height=\"25\"><strong>DATUM I MJESTO RO\u0110ENJA <\/strong><\/td>\n<td valign=\"top\" width=\"82%\" height=\"25\">\n<div align=\"left\">28. velja\u010de 1977., Zabok<\/div>\n<\/td>\n<\/tr>\n<tr>\n<td valign=\"top\" width=\"18%\" height=\"55\"><strong>ansambl<\/strong><\/td>\n<td valign=\"top\" width=\"82%\" height=\"55\">Kazali\u0161te &#8220;Komedija&#8221;, p.p. 428, Zagreb<br \/>\ntel.: +385 (0)1 48 13 200; fax: +385 (0)1 48 12 179<br \/>\ne-mail: <a href=\"mailto:propaganda@komedija.hr\">propaganda@komedija.hr<\/a><\/td>\n<\/tr>\n<tr>\n<td valign=\"top\" width=\"18%\" height=\"25\"><strong>OBRAZOVANJE<\/strong><\/td>\n<td valign=\"top\" width=\"82%\" height=\"25\">Akademija dramske umjetnosti Sveu\u010dili\u0161ta u Zagrebu<\/td>\n<\/tr>\n<tr>\n<td colspan=\"2\" valign=\"top\">&nbsp;<\/td>\n<\/tr>\n<tr>\n<td valign=\"top\" width=\"18%\" height=\"18\"><strong>KAZALI\u0160TE<\/strong><\/td>\n<td valign=\"top\" width=\"82%\" height=\"18\">HNK Zagreb: <strong>Skup, Nihilist iz Velike Mlake, Kako vam se svi\u0111a, Kralj Lear, Dobri, Mizantrop, Ve\u010deras se improvizira<\/strong>; GK Virovitica: <strong>Ukro\u0107ena goropadnica<\/strong>; GD Histrion: <strong>Hrvatski Diogenes, Gri\u010dka vje\u0161tica, Tajna krvavog mosta, Zagreb kak Zagreb<\/strong>, ZGK &#8220;Komedija&#8221;: <strong>Zemlja smije\u0161ka, Janica i Jean, \u010caruga, Mali du\u0107an strave, Jesus Christ Superstar, Narodil se mladi kralj, Majka Hrabrost i njezina djeca, Jalta, Jalta, Gospo\u0111ica iz Maksima,<\/strong> <strong>Zaljubljeni Shakespeare, Ljepotica i Zvijer, Mnogo vike niza\u0161to, Kaj je ljubav, Peripetije sa psihijatrije<\/strong><br \/>\nTeatar Pinklec: <strong>No\u0107as \u0107u&#8230;<\/strong>;<br \/>\nTeatar &amp;TD: <strong>Cabaret &amp;TD<\/strong><\/td>\n<\/tr>\n<tr>\n<td valign=\"top\" width=\"18%\" height=\"14\"><strong>FILM<\/strong><\/td>\n<td valign=\"top\" width=\"82%\" height=\"14\"><strong>Duga mra\u010dna no\u0107 <\/strong>(Vrdoljak)<\/td>\n<\/tr>\n<tr>\n<td valign=\"top\" width=\"18%\" height=\"14\"><strong>TELEVIZIJA<\/strong><\/td>\n<td valign=\"top\" width=\"82%\" height=\"14\">sudjelovanje u emisijama <strong>Dok vrijeme prolazi <\/strong>(HTV), <strong>Klub seniora <\/strong>(HTV), <strong>Moderato cantabile <\/strong>(HTV)<\/td>\n<\/tr>\n<tr>\n<td valign=\"top\" width=\"18%\" height=\"15\"><strong>RADIO<\/strong><\/td>\n<td valign=\"top\" width=\"82%\" height=\"15\">Radio igre za djecu (Obrazovni program HR) i radio drame (Dramski program HR). Recitator u &#8220;Kajkavijani&#8221; (Radio Sljeme)<\/td>\n<\/tr>\n<tr>\n<td valign=\"top\" width=\"18%\"><strong>OSTALO<\/strong><\/td>\n<td valign=\"top\" width=\"82%\">solist na <strong>Festivalu kajkavske popevke <\/strong>2002. godine (pjesma &#8220;Strele ljubavne&#8221;)<\/td>\n<\/tr>\n<tr>\n<td colspan=\"2\" valign=\"top\">&nbsp;<\/td>\n<\/tr>\n<tr>\n<td valign=\"top\" width=\"18%\"><strong>NAGRADE I PRIZNANJA<\/strong><\/td>\n<td valign=\"top\" width=\"82%\"><strong>Zlatni smijeh<\/strong> na Danima satire godine 2000. za ulogu Augusta \u0160enoe (&#8220;Cabaret &amp;TD&#8221;, Teatar &amp;TD). <strong>Nominacije za Nagradu hrvatskog glumi\u0161ta<\/strong> mladom dramskom umjetniku godine 2000. (za ulogu Augusta \u0160enoe u &#8220;Cabaret &amp;TD&#8221; Teatra &amp;TD) i 2001. (za ulogu oficira Hoessa, &#8220;Dobri&#8221;, HNK Zagreb), <strong>Zlatni Histrion <\/strong>za ulogu Rudija (&#8220;La\u017ena barunica&#8221;, GD &#8220;Histrion&#8221;, 2003.)<br \/>\n<strong>Nagradu 16. Gumbekovih dana<\/strong> (2023.) za izuzetan doprinos i razvoj cabareta<\/td>\n<\/tr>\n<tr>\n<td colspan=\"2\" valign=\"top\">&nbsp;<\/td>\n<\/tr>\n<tr>\n<td valign=\"top\" width=\"18%\"><strong>STATUSI U &#8220;KOMEDIJI&#8221;<\/strong><\/td>\n<td valign=\"top\" width=\"82%\">Prva premijera: 5. travnja 2000. (Jesus Christ Superstar); Zaposlen od 16. prosinca 2002.<\/td>\n<\/tr>\n<\/tbody>\n<\/table>\n","protected":false},"excerpt":{"rendered":"<p>Glumac DATUM I MJESTO RO\u0110ENJA 28. velja\u010de 1977., Zabok ansambl Kazali\u0161te &#8220;Komedija&#8221;, p.p. 428, Zagreb tel.: +385 (0)1 48 13 200; fax: +385 (0)1 48 12 179 e-mail: propaganda@komedija.hr OBRAZOVANJE Akademija dramske umjetnosti Sveu\u010dili\u0161ta u Zagrebu &nbsp; KAZALI\u0160TE HNK Zagreb: Skup, Nihilist iz Velike Mlake, Kako vam se svi\u0111a, Kralj Lear, Dobri, Mizantrop, Ve\u010deras se [&hellip;]<\/p>\n","protected":false},"author":4,"featured_media":7295,"parent":6992,"menu_order":0,"comment_status":"closed","ping_status":"closed","template":"","meta":{"ngg_post_thumbnail":0,"footnotes":""},"class_list":["post-958","page","type-page","status-publish","has-post-thumbnail","hentry"],"yoast_head":"<!-- This site is optimized with the Yoast SEO plugin v27.5 - https:\/\/yoast.com\/product\/yoast-seo-wordpress\/ -->\n<title>Adam Kon\u010di\u0107 - Kazali\u0161te Komedija<\/title>\n<meta name=\"robots\" content=\"index, follow, max-snippet:-1, max-image-preview:large, max-video-preview:-1\" \/>\n<link rel=\"canonical\" href=\"https:\/\/www.komedija.hr\/www\/ansambl-2\/glumci\/koncic-adam\/\" \/>\n<meta property=\"og:locale\" content=\"hr_HR\" \/>\n<meta property=\"og:type\" content=\"article\" \/>\n<meta property=\"og:title\" content=\"Adam Kon\u010di\u0107 - Kazali\u0161te Komedija\" \/>\n<meta property=\"og:description\" content=\"Glumac DATUM I MJESTO RO\u0110ENJA 28. velja\u010de 1977., Zabok ansambl Kazali\u0161te &#8220;Komedija&#8221;, p.p. 428, Zagreb tel.: +385 (0)1 48 13 200; fax: +385 (0)1 48 12 179 e-mail: propaganda@komedija.hr OBRAZOVANJE Akademija dramske umjetnosti Sveu\u010dili\u0161ta u Zagrebu &nbsp; KAZALI\u0160TE HNK Zagreb: Skup, Nihilist iz Velike Mlake, Kako vam se svi\u0111a, Kralj Lear, Dobri, Mizantrop, Ve\u010deras se [&hellip;]\" \/>\n<meta property=\"og:url\" content=\"https:\/\/www.komedija.hr\/www\/ansambl-2\/glumci\/koncic-adam\/\" \/>\n<meta property=\"og:site_name\" content=\"Kazali\u0161te Komedija\" \/>\n<meta property=\"article:publisher\" content=\"https:\/\/www.facebook.com\/kazaliste.komedija\/\" \/>\n<meta property=\"article:modified_time\" content=\"2025-01-21T11:21:41+00:00\" \/>\n<meta property=\"og:image\" content=\"https:\/\/www.komedija.hr\/www\/wp-content\/uploads\/2011\/08\/adam_koncic-1.jpg\" \/>\n\t<meta property=\"og:image:width\" content=\"533\" \/>\n\t<meta property=\"og:image:height\" content=\"800\" \/>\n\t<meta property=\"og:image:type\" content=\"image\/jpeg\" \/>\n<meta name=\"twitter:card\" content=\"summary_large_image\" \/>\n<meta name=\"twitter:site\" content=\"@KKomedija\" \/>\n<meta name=\"twitter:label1\" content=\"Procijenjeno vrijeme \u010ditanja\" \/>\n\t<meta name=\"twitter:data1\" content=\"2 minute\" \/>\n<script type=\"application\/ld+json\" class=\"yoast-schema-graph\">{\"@context\":\"https:\\\/\\\/schema.org\",\"@graph\":[{\"@type\":\"WebPage\",\"@id\":\"https:\\\/\\\/www.komedija.hr\\\/www\\\/ansambl-2\\\/glumci\\\/koncic-adam\\\/\",\"url\":\"https:\\\/\\\/www.komedija.hr\\\/www\\\/ansambl-2\\\/glumci\\\/koncic-adam\\\/\",\"name\":\"Adam Kon\u010di\u0107 - Kazali\u0161te Komedija\",\"isPartOf\":{\"@id\":\"http:\\\/\\\/www.komedija.hr\\\/www\\\/#website\"},\"primaryImageOfPage\":{\"@id\":\"https:\\\/\\\/www.komedija.hr\\\/www\\\/ansambl-2\\\/glumci\\\/koncic-adam\\\/#primaryimage\"},\"image\":{\"@id\":\"https:\\\/\\\/www.komedija.hr\\\/www\\\/ansambl-2\\\/glumci\\\/koncic-adam\\\/#primaryimage\"},\"thumbnailUrl\":\"https:\\\/\\\/www.komedija.hr\\\/www\\\/wp-content\\\/uploads\\\/2011\\\/08\\\/adam_koncic-1.jpg\",\"datePublished\":\"2011-08-02T18:24:51+00:00\",\"dateModified\":\"2025-01-21T11:21:41+00:00\",\"breadcrumb\":{\"@id\":\"https:\\\/\\\/www.komedija.hr\\\/www\\\/ansambl-2\\\/glumci\\\/koncic-adam\\\/#breadcrumb\"},\"inLanguage\":\"hr\",\"potentialAction\":[{\"@type\":\"ReadAction\",\"target\":[\"https:\\\/\\\/www.komedija.hr\\\/www\\\/ansambl-2\\\/glumci\\\/koncic-adam\\\/\"]}]},{\"@type\":\"ImageObject\",\"inLanguage\":\"hr\",\"@id\":\"https:\\\/\\\/www.komedija.hr\\\/www\\\/ansambl-2\\\/glumci\\\/koncic-adam\\\/#primaryimage\",\"url\":\"https:\\\/\\\/www.komedija.hr\\\/www\\\/wp-content\\\/uploads\\\/2011\\\/08\\\/adam_koncic-1.jpg\",\"contentUrl\":\"https:\\\/\\\/www.komedija.hr\\\/www\\\/wp-content\\\/uploads\\\/2011\\\/08\\\/adam_koncic-1.jpg\",\"width\":533,\"height\":800},{\"@type\":\"BreadcrumbList\",\"@id\":\"https:\\\/\\\/www.komedija.hr\\\/www\\\/ansambl-2\\\/glumci\\\/koncic-adam\\\/#breadcrumb\",\"itemListElement\":[{\"@type\":\"ListItem\",\"position\":1,\"name\":\"Po\u010detna stranica\",\"item\":\"http:\\\/\\\/www.komedija.hr\\\/www\\\/\"},{\"@type\":\"ListItem\",\"position\":2,\"name\":\"Ansambl\",\"item\":\"https:\\\/\\\/www.komedija.hr\\\/www\\\/ansambl-2\\\/\"},{\"@type\":\"ListItem\",\"position\":3,\"name\":\"Glumci\",\"item\":\"https:\\\/\\\/www.komedija.hr\\\/www\\\/ansambl-2\\\/glumci\\\/\"},{\"@type\":\"ListItem\",\"position\":4,\"name\":\"Adam Kon\u010di\u0107\"}]},{\"@type\":\"WebSite\",\"@id\":\"http:\\\/\\\/www.komedija.hr\\\/www\\\/#website\",\"url\":\"http:\\\/\\\/www.komedija.hr\\\/www\\\/\",\"name\":\"Kazali\u0161te Komedija\",\"description\":\"\",\"publisher\":{\"@id\":\"http:\\\/\\\/www.komedija.hr\\\/www\\\/#organization\"},\"potentialAction\":[{\"@type\":\"SearchAction\",\"target\":{\"@type\":\"EntryPoint\",\"urlTemplate\":\"http:\\\/\\\/www.komedija.hr\\\/www\\\/?s={search_term_string}\"},\"query-input\":{\"@type\":\"PropertyValueSpecification\",\"valueRequired\":true,\"valueName\":\"search_term_string\"}}],\"inLanguage\":\"hr\"},{\"@type\":\"Organization\",\"@id\":\"http:\\\/\\\/www.komedija.hr\\\/www\\\/#organization\",\"name\":\"Zagreba\u010dko gradsko Kazali\u0161ta Komedija\",\"url\":\"http:\\\/\\\/www.komedija.hr\\\/www\\\/\",\"logo\":{\"@type\":\"ImageObject\",\"inLanguage\":\"hr\",\"@id\":\"http:\\\/\\\/www.komedija.hr\\\/www\\\/#\\\/schema\\\/logo\\\/image\\\/\",\"url\":\"https:\\\/\\\/www.komedija.hr\\\/www\\\/wp-content\\\/uploads\\\/2020\\\/02\\\/cropped-Kazaliste_Komedija_logo_2.png\",\"contentUrl\":\"https:\\\/\\\/www.komedija.hr\\\/www\\\/wp-content\\\/uploads\\\/2020\\\/02\\\/cropped-Kazaliste_Komedija_logo_2.png\",\"width\":512,\"height\":512,\"caption\":\"Zagreba\u010dko gradsko Kazali\u0161ta Komedija\"},\"image\":{\"@id\":\"http:\\\/\\\/www.komedija.hr\\\/www\\\/#\\\/schema\\\/logo\\\/image\\\/\"},\"sameAs\":[\"https:\\\/\\\/www.facebook.com\\\/kazaliste.komedija\\\/\",\"https:\\\/\\\/x.com\\\/KKomedija\",\"https:\\\/\\\/www.instagram.com\\\/kazaliste_komedija\\\/\",\"https:\\\/\\\/www.youtube.com\\\/channel\\\/UC1NcapMYUXJW3miW_oPxT5w\\\/videos\"]}]}<\/script>\n<!-- \/ Yoast SEO plugin. -->","yoast_head_json":{"title":"Adam Kon\u010di\u0107 - Kazali\u0161te Komedija","robots":{"index":"index","follow":"follow","max-snippet":"max-snippet:-1","max-image-preview":"max-image-preview:large","max-video-preview":"max-video-preview:-1"},"canonical":"https:\/\/www.komedija.hr\/www\/ansambl-2\/glumci\/koncic-adam\/","og_locale":"hr_HR","og_type":"article","og_title":"Adam Kon\u010di\u0107 - Kazali\u0161te Komedija","og_description":"Glumac DATUM I MJESTO RO\u0110ENJA 28. velja\u010de 1977., Zabok ansambl Kazali\u0161te &#8220;Komedija&#8221;, p.p. 428, Zagreb tel.: +385 (0)1 48 13 200; fax: +385 (0)1 48 12 179 e-mail: propaganda@komedija.hr OBRAZOVANJE Akademija dramske umjetnosti Sveu\u010dili\u0161ta u Zagrebu &nbsp; KAZALI\u0160TE HNK Zagreb: Skup, Nihilist iz Velike Mlake, Kako vam se svi\u0111a, Kralj Lear, Dobri, Mizantrop, Ve\u010deras se [&hellip;]","og_url":"https:\/\/www.komedija.hr\/www\/ansambl-2\/glumci\/koncic-adam\/","og_site_name":"Kazali\u0161te Komedija","article_publisher":"https:\/\/www.facebook.com\/kazaliste.komedija\/","article_modified_time":"2025-01-21T11:21:41+00:00","og_image":[{"width":533,"height":800,"url":"https:\/\/www.komedija.hr\/www\/wp-content\/uploads\/2011\/08\/adam_koncic-1.jpg","type":"image\/jpeg"}],"twitter_card":"summary_large_image","twitter_site":"@KKomedija","twitter_misc":{"Procijenjeno vrijeme \u010ditanja":"2 minute"},"schema":{"@context":"https:\/\/schema.org","@graph":[{"@type":"WebPage","@id":"https:\/\/www.komedija.hr\/www\/ansambl-2\/glumci\/koncic-adam\/","url":"https:\/\/www.komedija.hr\/www\/ansambl-2\/glumci\/koncic-adam\/","name":"Adam Kon\u010di\u0107 - Kazali\u0161te Komedija","isPartOf":{"@id":"http:\/\/www.komedija.hr\/www\/#website"},"primaryImageOfPage":{"@id":"https:\/\/www.komedija.hr\/www\/ansambl-2\/glumci\/koncic-adam\/#primaryimage"},"image":{"@id":"https:\/\/www.komedija.hr\/www\/ansambl-2\/glumci\/koncic-adam\/#primaryimage"},"thumbnailUrl":"https:\/\/www.komedija.hr\/www\/wp-content\/uploads\/2011\/08\/adam_koncic-1.jpg","datePublished":"2011-08-02T18:24:51+00:00","dateModified":"2025-01-21T11:21:41+00:00","breadcrumb":{"@id":"https:\/\/www.komedija.hr\/www\/ansambl-2\/glumci\/koncic-adam\/#breadcrumb"},"inLanguage":"hr","potentialAction":[{"@type":"ReadAction","target":["https:\/\/www.komedija.hr\/www\/ansambl-2\/glumci\/koncic-adam\/"]}]},{"@type":"ImageObject","inLanguage":"hr","@id":"https:\/\/www.komedija.hr\/www\/ansambl-2\/glumci\/koncic-adam\/#primaryimage","url":"https:\/\/www.komedija.hr\/www\/wp-content\/uploads\/2011\/08\/adam_koncic-1.jpg","contentUrl":"https:\/\/www.komedija.hr\/www\/wp-content\/uploads\/2011\/08\/adam_koncic-1.jpg","width":533,"height":800},{"@type":"BreadcrumbList","@id":"https:\/\/www.komedija.hr\/www\/ansambl-2\/glumci\/koncic-adam\/#breadcrumb","itemListElement":[{"@type":"ListItem","position":1,"name":"Po\u010detna stranica","item":"http:\/\/www.komedija.hr\/www\/"},{"@type":"ListItem","position":2,"name":"Ansambl","item":"https:\/\/www.komedija.hr\/www\/ansambl-2\/"},{"@type":"ListItem","position":3,"name":"Glumci","item":"https:\/\/www.komedija.hr\/www\/ansambl-2\/glumci\/"},{"@type":"ListItem","position":4,"name":"Adam Kon\u010di\u0107"}]},{"@type":"WebSite","@id":"http:\/\/www.komedija.hr\/www\/#website","url":"http:\/\/www.komedija.hr\/www\/","name":"Kazali\u0161te Komedija","description":"","publisher":{"@id":"http:\/\/www.komedija.hr\/www\/#organization"},"potentialAction":[{"@type":"SearchAction","target":{"@type":"EntryPoint","urlTemplate":"http:\/\/www.komedija.hr\/www\/?s={search_term_string}"},"query-input":{"@type":"PropertyValueSpecification","valueRequired":true,"valueName":"search_term_string"}}],"inLanguage":"hr"},{"@type":"Organization","@id":"http:\/\/www.komedija.hr\/www\/#organization","name":"Zagreba\u010dko gradsko Kazali\u0161ta Komedija","url":"http:\/\/www.komedija.hr\/www\/","logo":{"@type":"ImageObject","inLanguage":"hr","@id":"http:\/\/www.komedija.hr\/www\/#\/schema\/logo\/image\/","url":"https:\/\/www.komedija.hr\/www\/wp-content\/uploads\/2020\/02\/cropped-Kazaliste_Komedija_logo_2.png","contentUrl":"https:\/\/www.komedija.hr\/www\/wp-content\/uploads\/2020\/02\/cropped-Kazaliste_Komedija_logo_2.png","width":512,"height":512,"caption":"Zagreba\u010dko gradsko Kazali\u0161ta Komedija"},"image":{"@id":"http:\/\/www.komedija.hr\/www\/#\/schema\/logo\/image\/"},"sameAs":["https:\/\/www.facebook.com\/kazaliste.komedija\/","https:\/\/x.com\/KKomedija","https:\/\/www.instagram.com\/kazaliste_komedija\/","https:\/\/www.youtube.com\/channel\/UC1NcapMYUXJW3miW_oPxT5w\/videos"]}]}},"_links":{"self":[{"href":"https:\/\/www.komedija.hr\/www\/wp-json\/wp\/v2\/pages\/958","targetHints":{"allow":["GET"]}}],"collection":[{"href":"https:\/\/www.komedija.hr\/www\/wp-json\/wp\/v2\/pages"}],"about":[{"href":"https:\/\/www.komedija.hr\/www\/wp-json\/wp\/v2\/types\/page"}],"author":[{"embeddable":true,"href":"https:\/\/www.komedija.hr\/www\/wp-json\/wp\/v2\/users\/4"}],"replies":[{"embeddable":true,"href":"https:\/\/www.komedija.hr\/www\/wp-json\/wp\/v2\/comments?post=958"}],"version-history":[{"count":2,"href":"https:\/\/www.komedija.hr\/www\/wp-json\/wp\/v2\/pages\/958\/revisions"}],"predecessor-version":[{"id":20080,"href":"https:\/\/www.komedija.hr\/www\/wp-json\/wp\/v2\/pages\/958\/revisions\/20080"}],"up":[{"embeddable":true,"href":"https:\/\/www.komedija.hr\/www\/wp-json\/wp\/v2\/pages\/6992"}],"wp:featuredmedia":[{"embeddable":true,"href":"https:\/\/www.komedija.hr\/www\/wp-json\/wp\/v2\/media\/7295"}],"wp:attachment":[{"href":"https:\/\/www.komedija.hr\/www\/wp-json\/wp\/v2\/media?parent=958"}],"curies":[{"name":"wp","href":"https:\/\/api.w.org\/{rel}","templated":true}]}}